{"id":153,"date":"2021-01-03T17:28:35","date_gmt":"2021-01-03T16:28:35","guid":{"rendered":"https:\/\/www.industriekultur-krefeld.org\/?page_id=153"},"modified":"2026-01-28T09:27:35","modified_gmt":"2026-01-28T08:27:35","slug":"verseidag","status":"publish","type":"page","link":"https:\/\/www.industriekultur-krefeld.org\/index.php\/verseidag\/","title":{"rendered":"Verseidag zentrale Betriebsst\u00e4tte"},"content":{"rendered":"\n<p>Die Vereinigte Seidenwebereien AG &#8220;Verseidag&#8221; war lange Zeit der gr\u00f6\u00dfte Seidenkonzern Europas. Die Verseidag verarbeitete <a href=\"https:\/\/www.industriekultur-krefeld.org\/index.php\/seide\/\" data-type=\"page\" data-id=\"155\">Seide<\/a> als Bekleidung, vielf\u00e4ltige Dekorationsstoffe, war Zulieferer der M\u00f6belindustrie, stellte aber auch  technische Textilien her. <\/p>\n\n\n\n<p>Die Planungen der Geb\u00e4ude sind durch Ludwig Mies van der Rohe erfolgt, einem der weltweit bekanntesten Architekten. Sie stellen einen architekturgeschichtlichen H\u00f6hepunkt in Krefeld dar.<\/p>\n\n\n\n<!--more-->\n\n\n<div class=\"leaflet-map WPLeafletMap\" style=\"height:400px; width:100%;\"><\/div><script>\nwindow.WPLeafletMapPlugin = window.WPLeafletMapPlugin || [];\nwindow.WPLeafletMapPlugin.push(function WPLeafletMapShortcode() {\/*<script>*\/\nvar baseUrl = atob('aHR0cHM6Ly97c30udGlsZS5vcGVuc3RyZWV0bWFwLm9yZy97en0ve3h9L3t5fS5wbmc=');\nvar base = (!baseUrl && window.MQ) ?\n    window.MQ.mapLayer() : L.tileLayer(baseUrl,\n        L.Util.extend({}, {\n            detectRetina: 1,\n        },\n        {\"subdomains\":\"abc\",\"noWrap\":false,\"maxZoom\":20}        )\n    );\n    var options = L.Util.extend({}, {\n        layers: [base],\n        attributionControl: false\n    },\n    {\"tap\":false,\"zoomControl\":true,\"scrollWheelZoom\":false,\"doubleClickZoom\":true,\"fitBounds\":false,\"minZoom\":1,\"maxZoom\":20,\"maxBounds\":null,\"attribution\":\"<a href=\\\"http:\\\/\\\/leafletjs.com\\\" title=\\\"Eine Javascript-Bibliothek f\\u00fcr interaktive Karten\\\">Leaflet<\\\/a>; \\u00a9 <a href=\\\"http:\\\/\\\/www.openstreetmap.org\\\/copyright\\\">OpenStreetMap<\\\/a> Mitwirkende\"},\n    {});\nwindow.WPLeafletMapPlugin.createMap(options).setView([51.3331205,6.5623343],13);window.WPLeafletMapPlugin.createScale({});});<\/script>\n<script>\nwindow.WPLeafletMapPlugin = window.WPLeafletMapPlugin || [];\nwindow.WPLeafletMapPlugin.push(function WPLeafletMarkerShortcode() {\/*<script>*\/\nvar map = window.WPLeafletMapPlugin.getCurrentMap();\nvar group = window.WPLeafletMapPlugin.getCurrentGroup();\nvar marker_options = window.WPLeafletMapPlugin.getIconOptions({\"title\":\"VERSEIDAG zentrale Betriebsst\\u00e4tte\",\"alt\":\"VERSEIDAG zentrale Betriebsst&auml;tte\",\"zIndexOffset\":1000,\"iconUrl\":\"https:\\\/\\\/www.industriekultur-krefeld.org\\\/wp-content\\\/uploads\\\/icon-selected.png\",\"shadowUrl\":\"https:\\\/\\\/unpkg.com\\\/leaflet@1.7.1\\\/dist\\\/images\\\/marker-shadow.png\",\"iconAnchor\":\"20,20\"});\nvar marker = L.marker(\n    [51.343824,6.547059],\n    marker_options\n);\nvar is_image = map.is_image_map;\nif (marker_options.draggable) {\n    marker.on('dragend', function () {\n        var latlng = this.getLatLng();\n        var lat = latlng.lat;\n        var lng = latlng.lng;\n        if (is_image) {\n            console.log('leaflet-marker y=' + lat + ' x=' + lng);\n        } else {\n            console.log('leaflet-marker lat=' + lat + ' lng=' + lng);\n        }\n    });\n}\nmarker.addTo( group );\nmarker.bindPopup(window.WPLeafletMapPlugin.unescape('&lt;a href=&quot;https:\/\/www.industriekultur-krefeld.org\/index.php\/verseidag\/&quot;&gt;VERSEIDAG zentrale Betriebsst\u00e4tte&lt;\/a&gt;')).openPopup();window.WPLeafletMapPlugin.markers.push( marker );\n        });<\/script>\n<script>\nwindow.WPLeafletMapPlugin = window.WPLeafletMapPlugin || [];\nwindow.WPLeafletMapPlugin.push(function WPLeafletjsonShortcode() {\/*<script>*\/\nvar src = 'https:\/\/www.industriekultur-krefeld.org\/geojson.php';\nvar default_style = {};\nvar rewrite_keys = {\n    stroke : 'color',\n    'stroke-width' : 'weight',\n    'stroke-opacity' : 'opacity',\n    fill : 'fillColor',\n    'fill-opacity' : 'fillOpacity',\n};\n\/\/ htmlspecialchars converts & to \"&amp;\"; maybe unnecessarily, and maybe 3x\nvar ampersandRegex = \/&(?:amp;){1,3}\/g\nvar layer = L.ajaxGeoJson(src.replace(ampersandRegex, '&'), {\n    type: 'json',\n    style : layerStyle,\n    onEachFeature : onEachFeature,\n    pointToLayer: pointToLayer\n});\nvar fitbounds = 0;\nvar circleMarker = 0;\nvar popup_text = window.WPLeafletMapPlugin.unescape(\"&lt;br&gt;&lt;p&gt;&lt;a href=&quot;https:\/\/www.industriekultur-krefeld.org\/index.php\/{name}&quot;&gt;{title}&lt;br \/&gt;&lt;button&gt;&lt;i class=&quot;material-icons&quot;&gt;account_balance&lt;\/i&gt;Ansehen&lt;\/button&gt;&lt;\/a&gt;&lt;a href=&quot;http:\/\/maps.google.com\/maps?q={lat},{lng}&amp;amp;navigate=yes&quot;&gt;&lt;button&gt;&lt;i class=&quot;material-icons&quot;&gt;explore&lt;\/i&gt;Navigation starten&lt;\/button&gt;&lt;\/a&gt;&lt;\/p&gt;&lt;br&gt;&lt;p&gt;\");\nvar popup_property = \"\";\nvar table_view = 0;\nvar group = window.WPLeafletMapPlugin.getCurrentGroup();\nvar markerOptions = window.WPLeafletMapPlugin.getIconOptions({});\nlayer.addTo( group );\nwindow.WPLeafletMapPlugin.geojsons.push( layer );\nif (fitbounds) {\n    layer.on('ready', function () {\n        this.map.fitBounds( this.getBounds() );\n    });\n}\nfunction layerStyle (feature) {\n    var props = feature.properties || {};\n    var style = {};\n    function camelFun (_, first_letter) {\n        return first_letter.toUpperCase();\n    };\n    for (var key in props) {\n        if (key.match('-')) {\n            var camelcase = key.replace(\/-(\\w)\/, camelFun);\n            style[ camelcase ] = props[ key ];\n        }\n        \/\/ rewrite style keys from geojson.io\n        if (rewrite_keys[ key ]) {\n            style[ rewrite_keys[ key ] ] = props[ key ];\n        }\n    }\n    return L.Util.extend(style, default_style);\n}\nfunction onEachFeature (feature, layer) {\n    var props = feature.properties || {};\n    var text;\n    if (table_view) {\n        text = window.WPLeafletMapPlugin.propsToTable(props);\n    } else {\n        text = popup_property\n            ? props[ popup_property ]\n            : window.WPLeafletMapPlugin.template(\n                popup_text, \n                feature.properties\n            );\n    }\n    if (text) {\n        layer.bindPopup( text );\n    }\n}\n    function pointToLayer (feature, latlng) {\n    if (circleMarker) {\n        return L.circleMarker(latlng);\n    }\n    return L.marker(latlng, markerOptions);\n}});<\/script>\n<script>\nwindow.WPLeafletMapPlugin = window.WPLeafletMapPlugin || [];\nwindow.WPLeafletMapPlugin.push(function WPLeafletScaleShortcode() {window.WPLeafletMapPlugin.createScale({\"imperial\":false,\"position\":\"topright\"});});<\/script><\/p>\n\n\n\n<h2 class=\"wp-block-heading has-vivid-red-color has-text-color\">Geschichte und Hintergrund<\/h2>\n\n\n\n<figure class=\"wp-block-image size-large\"><a href=\"https:\/\/www.industriekultur-krefeld.org\/wp-content\/uploads\/IMG_6358-scaled.jpeg\"><img decoding=\"async\" src=\"https:\/\/www.industriekultur-krefeld.org\/wp-content\/uploads\/IMG_6358-1024x576.jpeg\" alt=\"\" class=\"wp-image-282\"\/><\/a><figcaption class=\"wp-element-caption\">Verseidag HE-Geb\u00e4ude und Glockenturm. Foto: \u00a9 Christoph Becker<\/figcaption><\/figure>\n\n\n\n<p>Zum Ausgang des 1900 Jahrhunderts war f\u00fcr die meisten Seidenwebereien die Umstellung von der hand- zur mechanischen Weberei erfolgt. Auch im Ersten Weltkrieg war die Produktion erfolgreich weitergelaufen, bis 1917 die Versorgung mit Rohseide zusammenbrach, die Fabriken stillstanden. <\/p>\n\n\n\n<div class=\"wp-block-group\"><div class=\"wp-block-group__inner-container is-layout-flow wp-block-group-is-layout-flow\">\n<h2 class=\"wp-block-heading has-text-color\" style=\"color:#ba0c49\">Die Gr\u00fcnder der Verseidag<\/h2>\n\n\n\n<div class=\"wp-block-columns is-layout-flex wp-container-core-columns-is-layout-9d6595d7 wp-block-columns-is-layout-flex\">\n<div class=\"wp-block-column is-layout-flow wp-block-column-is-layout-flow\">\n<p>Seit 1919 hatte sich ein loser Zusammenschluss von Seidenfabrikanten gebildet, um durch die Zusammenarbeit beim Rohstoffeinkauf und durch Kooperation Synergien und Effizienzsteigerungen zu erzielen, der <strong>1920<\/strong> zur Gr\u00fcndung der Vereinigten Seidenwebereien AG, kurz &#8220;<strong>VerseidAG<\/strong>&#8221; f\u00fchrte.<\/p>\n<\/div>\n\n\n\n<div class=\"wp-block-column is-layout-flow wp-block-column-is-layout-flow\">\n<p>Gr\u00fcnder waren die Inhaber bisher mittelst\u00e4ndischer regional verteilter Seidenwebereien, Dr. <strong>Josef Esters<\/strong> (Seidenweberei Gebr. Esters, S\u00fcchteln), <strong>Hermann Lange<\/strong> (Seidenweberei Carl Lange, Krefeld) und als gr\u00f6\u00dfter Geldgeber die <strong>Familie Oetker<\/strong> (Mechanische Seidenweberei <strong>Deuss &amp; Oetker<\/strong>) mit mehreren Standorten am Niederrhein.<\/p>\n<\/div>\n<\/div>\n<\/div><\/div>\n\n\n<div class=\"wp-block-image\">\n<figure class=\"alignright size-large is-resized\"><a href=\"https:\/\/www.industriekultur-krefeld.org\/wp-content\/uploads\/image-139.png\"><img loading=\"lazy\" decoding=\"async\" width=\"764\" height=\"1024\" src=\"https:\/\/www.industriekultur-krefeld.org\/wp-content\/uploads\/image-139-764x1024.png\" alt=\"\" class=\"wp-image-4215\" style=\"width:200px;height:undefinedpx\" srcset=\"https:\/\/www.industriekultur-krefeld.org\/wp-content\/uploads\/image-139-764x1024.png 764w, https:\/\/www.industriekultur-krefeld.org\/wp-content\/uploads\/image-139-224x300.png 224w, https:\/\/www.industriekultur-krefeld.org\/wp-content\/uploads\/image-139-768x1029.png 768w, https:\/\/www.industriekultur-krefeld.org\/wp-content\/uploads\/image-139-1146x1536.png 1146w, https:\/\/www.industriekultur-krefeld.org\/wp-content\/uploads\/image-139.png 1158w\" sizes=\"auto, (max-width: 706px) 89vw, (max-width: 767px) 82vw, 740px\" \/><\/a><figcaption class=\"wp-element-caption\">Anzeige, 1922<\/figcaption><\/figure>\n<\/div>\n\n\n<p>Es entstanden nun in rascher Folge Verkaufsb\u00fcros in Berlin, Wien, London, Amsterdam, die Verseidag agierte schnell immer internationaler und wuchs im Inland durch weitere Fusionen mit anderen Seidenwebereien erheblich weiter. Das Unternehmen stieg 1926 an die Weltspitze der Krawattenstoff-Produzenten auf.<\/p>\n\n\n\n<h2 class=\"wp-block-heading has-vivid-red-color has-text-color\">Der neue zentrale Produktionsstandort<\/h2>\n\n\n\n<p>Zum Hauptstandort sollte das Gel\u00e4nde an der Girmesgath in Inrath, im Norden der Stadt Krefeld ausgebaut werden. Die Rationalisierung der Produktion spielte f\u00fcr die Verseidag nun eine gro\u00dfe Rolle, denn an den alten verteilten Standorten der Ursprungsunternehmen jeweils die erforderlichen Produktionsschritte vorzuhalten, oder die halbfertigen Waren immer wieder hin und her zu transportieren, erh\u00f6hte den Zeitaufwand und die Kosten.<\/p>\n\n\n\n<p>Von <strong>1931-38<\/strong> erbaute die Bau-Abteilung der Verseidag nach den Pl\u00e4nen von <strong>Mies van der Rohe<\/strong> das sogenannte <strong>HE-Geb\u00e4ude<\/strong> f\u00fcr die Pr\u00e4sentation f\u00fcr <strong>He<\/strong>rrenfutterstoffe sowie die anschliessenden <strong>Shedhallen<\/strong>. Diese stellen die einzigen Industriebauten von Mies van der Rohe weltweit dar.<\/p>\n\n\n\n<h2 class=\"wp-block-heading has-vivid-red-color has-text-color\" id=\"mies\">Mies van der Rohe<\/h2>\n\n\n\n<div class=\"wp-block-media-text alignwide is-stacked-on-mobile is-image-fill\"><figure class=\"wp-block-media-text__media\" style=\"background-image:url(https:\/\/www.industriekultur-krefeld.org\/wp-content\/uploads\/2021\/01\/Hugo_Erfurth_-_Portrait_Ludwig_Mies_van_der_Rohe_1934-739x1024.jpg);background-position:50% 50%\"><a href=\"https:\/\/www.industriekultur-krefeld.org\/wp-content\/uploads\/2021\/01\/Hugo_Erfurth_-_Portrait_Ludwig_Mies_van_der_Rohe_1934.jpg\"><img loading=\"lazy\" decoding=\"async\" width=\"739\" height=\"1024\" src=\"https:\/\/www.industriekultur-krefeld.org\/wp-content\/uploads\/2021\/01\/Hugo_Erfurth_-_Portrait_Ludwig_Mies_van_der_Rohe_1934-739x1024.jpg\" alt=\"\" class=\"wp-image-184 size-full\" srcset=\"https:\/\/www.industriekultur-krefeld.org\/wp-content\/uploads\/2021\/01\/Hugo_Erfurth_-_Portrait_Ludwig_Mies_van_der_Rohe_1934-739x1024.jpg 739w, https:\/\/www.industriekultur-krefeld.org\/wp-content\/uploads\/2021\/01\/Hugo_Erfurth_-_Portrait_Ludwig_Mies_van_der_Rohe_1934-217x300.jpg 217w, https:\/\/www.industriekultur-krefeld.org\/wp-content\/uploads\/2021\/01\/Hugo_Erfurth_-_Portrait_Ludwig_Mies_van_der_Rohe_1934-768x1064.jpg 768w, https:\/\/www.industriekultur-krefeld.org\/wp-content\/uploads\/2021\/01\/Hugo_Erfurth_-_Portrait_Ludwig_Mies_van_der_Rohe_1934.jpg 866w\" sizes=\"auto, (max-width: 739px) 100vw, 739px\" \/><\/a><\/figure><div class=\"wp-block-media-text__content\">\n<p>Der damals junge und in Aachen aufgewachsene und ausgebildete Maria Ludwig Michael Mies, bekannt geworden als Avantgarde-Architekt <strong>Ludwig Mies van der Rohe<\/strong>, war bereits 1927 von dem an Kunst interessierten <strong>Verseidag<\/strong> Vorstand  <strong>Herman Lange<\/strong> f\u00fcr den Bau zweier privater Wohnh\u00e4user der <strong>Lange- und Esters-Familien<\/strong> engagiert worden.<br><\/p>\n<\/div><\/div>\n\n\n\n<p class=\"has-small-font-size\">Mies van der Rohe fotografiert 1934 von <a href=\"https:\/\/en.wikipedia.org\/wiki\/de:Hugo_Erfurth\">Hugo Erfurth<\/a> &#8211; <a href=\"https:\/\/sammlungonline.mkg-hamburg.de\/de\/object\/Ludwig-Mies-van-der-Rohe\/P1991.5012\/mkg-e00131935\">MKG Sammlung Online<\/a>, Gemeinfrei, <a href=\"https:\/\/commons.wikimedia.org\/w\/index.php?curid=86431569\">Link<\/a><\/p>\n\n\n\n<h2 class=\"wp-block-heading has-vivid-red-color has-text-color\">Haus Esters &amp; Haus Lange<\/h2>\n\n\n\n<figure class=\"wp-block-image size-large\"><a href=\"https:\/\/www.industriekultur-krefeld.org\/wp-content\/uploads\/2021\/01\/IMG_4590-scaled.jpg\"><img decoding=\"async\" src=\"https:\/\/www.industriekultur-krefeld.org\/wp-content\/uploads\/2021\/01\/IMG_4590-1024x545.jpg\" alt=\"\" class=\"wp-image-162\"\/><\/a><figcaption class=\"wp-element-caption\">Haus Esters, Haus Lange Krefeld, 2019, Foto: \u00a9 Christoph Becker<\/figcaption><\/figure>\n\n\n\n<h2 class=\"wp-block-heading has-vivid-red-color has-text-color\">Barcelona Pavillon<\/h2>\n\n\n\n<div class=\"wp-block-columns is-layout-flex wp-container-core-columns-is-layout-9d6595d7 wp-block-columns-is-layout-flex\">\n<div class=\"wp-block-column is-vertically-aligned-top is-layout-flow wp-block-column-is-layout-flow\" style=\"flex-basis:100%\">\n<div class=\"wp-block-columns is-layout-flex wp-container-core-columns-is-layout-9d6595d7 wp-block-columns-is-layout-flex\">\n<div class=\"wp-block-column is-layout-flow wp-block-column-is-layout-flow\" style=\"flex-basis:45%\">\n<p>1929 hatte Mies van der Rohe den <strong>Ausstellungspavillon<\/strong> des Deutschen Reichs auf der Weltausstellung in Barcelona erschaffen. Dieser sollte die Selbstdarstellung der Weimarer Republik mit ihren Taten, F\u00e4higkeiten und Zielen sein. Mies van der Rohe ist dies wohl auf eine einzigartige Weise gelungen, denn er schuf ein Werk, das nicht nur das Ausstellungswahrzeichen wurde, sondern auch stilbildend f\u00fcr die moderne Architektur sein sollte:<\/p>\n<\/div>\n\n\n\n<div class=\"wp-block-column is-vertically-aligned-top is-layout-flow wp-block-column-is-layout-flow\"><\/div>\n<\/div>\n<\/div>\n<\/div>\n\n\n\n<figure class=\"wp-block-image size-large\"><a href=\"https:\/\/www.industriekultur-krefeld.org\/wp-content\/uploads\/2021\/01\/The_Barcelona_Pavilion_Barcelona_2010-scaled.jpg\"><img decoding=\"async\" src=\"https:\/\/www.industriekultur-krefeld.org\/wp-content\/uploads\/2021\/01\/The_Barcelona_Pavilion_Barcelona_2010-1024x685.jpg\" alt=\"\" class=\"wp-image-163\"\/><\/a><figcaption class=\"wp-element-caption\"><strong>Barcelona-Pavillon<\/strong><em> Mies van der Rohe 1929 (Rekonstruktion 1986). Foto: <\/em><a href=\"https:\/\/en.wikipedia.org\/wiki\/User:Ashley_Pomeroy\">Ashley Pomeroy<\/a><em> in der <\/em><a href=\"https:\/\/en.wikipedia.org\/wiki\/\">Wikipedia auf Englisch<\/a><em>, <\/em><a href=\"https:\/\/creativecommons.org\/licenses\/by\/3.0\">CC BY 3.0<\/a><em>, <\/em><a href=\"https:\/\/commons.wikimedia.org\/w\/index.php?curid=12138750\">Link<\/a><\/figcaption><\/figure>\n\n\n\n<h2 class=\"wp-block-heading has-vivid-red-color has-text-color\">HE-Geb\u00e4ude der Verseidag<\/h2>\n\n\n\n<p>Die Firmengeb\u00e4ude in Krefeld 1931 waren die letzten von Ludwig Mies van der Rohe realisierten Projekte in Deutschland vor seiner Auswanderung in die USA. <\/p>\n\n\n\n<figure class=\"wp-block-image size-large\"><a href=\"https:\/\/www.industriekultur-krefeld.org\/wp-content\/uploads\/2021\/01\/INNEN_VERSEIDAG.jpg\"><img loading=\"lazy\" decoding=\"async\" width=\"1024\" height=\"726\" src=\"https:\/\/www.industriekultur-krefeld.org\/wp-content\/uploads\/2021\/01\/INNEN_VERSEIDAG-1024x726.jpg\" alt=\"\" class=\"wp-image-195\" srcset=\"https:\/\/www.industriekultur-krefeld.org\/wp-content\/uploads\/2021\/01\/INNEN_VERSEIDAG-1024x726.jpg 1024w, https:\/\/www.industriekultur-krefeld.org\/wp-content\/uploads\/2021\/01\/INNEN_VERSEIDAG-300x213.jpg 300w, https:\/\/www.industriekultur-krefeld.org\/wp-content\/uploads\/2021\/01\/INNEN_VERSEIDAG-768x544.jpg 768w, https:\/\/www.industriekultur-krefeld.org\/wp-content\/uploads\/2021\/01\/INNEN_VERSEIDAG-1536x1089.jpg 1536w, https:\/\/www.industriekultur-krefeld.org\/wp-content\/uploads\/2021\/01\/INNEN_VERSEIDAG.jpg 1800w\" sizes=\"auto, (max-width: 767px) 89vw, (max-width: 1000px) 54vw, (max-width: 1071px) 543px, 580px\" \/><\/a><figcaption class=\"wp-element-caption\">Kantine der Arbeiter im Erdgeschoss, ca. 1936. Foto: \u00a9 <a href=\"https:\/\/web.archive.org\/web\/20251205235430\/https:\/\/www.krefeld.de\/de\/stadtarchiv\/stadtarchiv\/\">Stadtarchiv Krefeld<\/a><\/figcaption><\/figure>\n\n\n\n<p>Mies van der Rohe legte bei den Bauten der Verseidag grundlegende Prinzipien fest, die er als wesentlich f\u00fcr ein Industriegeb\u00e4ude ansah: <\/p>\n\n\n\n<ul class=\"wp-block-list\">\n<li>eine aussagekr\u00e4ftige Form, <\/li>\n\n\n\n<li>m\u00f6glichst wenige Trennw\u00e4nde <\/li>\n\n\n\n<li>und die Schaffung von lichtdurchfluteten <\/li>\n\n\n\n<li>und m\u00f6glichst s\u00e4ulenfreien R\u00e4umen.<\/li>\n<\/ul>\n\n\n\n<p> <\/p>\n\n\n\n<p>Diese <strong>Gestaltungspinzipien<\/strong> und die <strong>Notwendigkeiten der Funktionen <\/strong>ergaben das <strong>Erscheinungsbild der Geb\u00e4ude<\/strong>: <\/p>\n\n\n\n<figure class=\"wp-block-image size-large\"><a href=\"https:\/\/www.industriekultur-krefeld.org\/wp-content\/uploads\/2021\/01\/IMG_7371-scaled.jpeg\"><img decoding=\"async\" src=\"https:\/\/www.industriekultur-krefeld.org\/wp-content\/uploads\/2021\/01\/IMG_7371-1024x768.jpeg\" alt=\"\" class=\"wp-image-131\"\/><\/a><figcaption class=\"wp-element-caption\">Foto: 2020 \u00a9 Christoph Becker<\/figcaption><\/figure>\n\n\n\n<figure class=\"wp-block-image size-large\"><a href=\"https:\/\/www.industriekultur-krefeld.org\/wp-content\/uploads\/2021\/01\/verseidag.jpg\"><img decoding=\"async\" src=\"https:\/\/www.industriekultur-krefeld.org\/wp-content\/uploads\/2021\/01\/verseidag-1024x503.jpg\" alt=\"page12image33908480\" class=\"wp-image-193\"\/><\/a><figcaption class=\"wp-element-caption\">Verseidag, <em>ca. 193<\/em>6, Foto: \u00a9 <a href=\"https:\/\/web.archive.org\/web\/20251205235430\/https:\/\/www.krefeld.de\/de\/stadtarchiv\/stadtarchiv\/\">Stadtarchiv Krefeld<\/a>.<\/figcaption><\/figure>\n\n\n\n<p>Die Bauten der Verseidag brechen mit der bisherigen traditionellen Backsteinbauweise (im Bild oben an den Shedhallen rechts erkennbar, denn stattdessen sind HE-Geb\u00e4ude und die Sheds der F\u00e4rberei (auf dem bild ganz links) ornamentfreie, strahlende und wei\u00dfe Bauten. Urspr\u00fcnglich war das HE-Geb\u00e4ude  nur zweist\u00f6ckig ausgef\u00fchrt, Erich Holthoff als Sch\u00fcler Mies van der Rohes und Bauleiter der Verseidag betreute bis 1937 dessen Aufstockung zum heutigen 4st\u00f6ckigen Erscheinungsbild.   <\/p>\n\n\n\n<div style=\"height:30px\" aria-hidden=\"true\" class=\"wp-block-spacer\"><\/div>\n\n\n\n<h2 class=\"wp-block-heading has-vivid-red-color has-text-color\">Vom Bauhaus in die USA<\/h2>\n\n\n\n<p>Nachdem Mies van der Rohe 1930 die Berufung zum Direktor des Bauhauses in Dessau angenommen hatte, wurde dieses bereits  1932 von einem neu gew\u00e4hlten Stadtrat Dessaus mit seiner nationalsozialistischer Mehrheit aus politischen Gr\u00fcnden geschlossen. Mies van der Rohe richtete daraufhin das Bauhaus in Berlin als Privatinstitut ein, dieses Unterfangen musste aber Mitte 1933 aufgeben werden. 1938 emigrierte er in die Vereinigten Staaten von Amerika und wurde 1944 amerikanischer Staatsb\u00fcrger.<\/p>\n\n\n\n<p>Zuvor hatte er aber in der N\u00e4he von konservativen Industriellen, zu denen auch der Verseidag Unternehmer Hermann Lange geh\u00f6rte (siehe Verseidag im Nationalsozialismus unterhalb), durchaus versucht im Dritten Reich Fu\u00df zu fassen. Auch der Pavillon f\u00fcr Barcelona war vom Industriellen Georg von Schnitzler, der im Konzern <a href=\"https:\/\/www.industriekultur-krefeld.org\/index.php\/farbwerke-ter-meer\/chemiewerke-in-uerdingen-im-20-jahrhundert\/\">IG Farben<\/a> eine wichtige Rolle spielte, finanziert worden.<\/p>\n\n\n\n<p>R\u00fcckblickend ist Mies van de Rohe einer der au\u00dfergew\u00f6hnlichen Architekten, die pr\u00e4gend f\u00fcr das des 20. Jahrhundert waren und die Entwicklung der Architektur wesentlich beeinflusst haben. <\/p>\n\n\n\n<h2 class=\"wp-block-heading has-vivid-red-color has-text-color\">Weitere Werke von Mies van der Rohe   <\/h2>\n\n\n\n<figure class=\"wp-block-image size-full is-resized is-style-default\"><a href=\"https:\/\/www.industriekultur-krefeld.org\/wp-content\/uploads\/2021\/01\/Crown_Hall_south.jpg\"><img loading=\"lazy\" decoding=\"async\" width=\"572\" height=\"356\" src=\"https:\/\/www.industriekultur-krefeld.org\/wp-content\/uploads\/2021\/01\/Crown_Hall_south.jpg\" alt=\"\" class=\"wp-image-169\" style=\"width:672px;height:418px\" srcset=\"https:\/\/www.industriekultur-krefeld.org\/wp-content\/uploads\/2021\/01\/Crown_Hall_south.jpg 572w, https:\/\/www.industriekultur-krefeld.org\/wp-content\/uploads\/2021\/01\/Crown_Hall_south-300x187.jpg 300w\" sizes=\"auto, (max-width: 572px) 100vw, 572px\" \/><\/a><figcaption class=\"wp-element-caption\">1956 die S.R. Crown Hall, das Hauptgeb\u00e4ude des College of Architecture, Planning and Design des Illinois Institute of Technology (IIT) in Chicago, Foto: \u00a9 Jenn22356 <a href=\"https:\/\/creativecommons.org\/licenses\/by-sa\/3.0\">CC BY-SA 3.0<\/a> Link<\/figcaption><\/figure>\n\n\n\n<div class=\"wp-block-columns is-layout-flex wp-container-core-columns-is-layout-9d6595d7 wp-block-columns-is-layout-flex\">\n<div class=\"wp-block-column is-layout-flow wp-block-column-is-layout-flow\">\n<figure class=\"wp-block-image size-large\"><a href=\"https:\/\/www.industriekultur-krefeld.org\/wp-content\/uploads\/2021\/01\/DSCN9247_860\u2013880_Lake_Shore_Drive_Apartments-scaled.jpg\"><img decoding=\"async\" src=\"https:\/\/www.industriekultur-krefeld.org\/wp-content\/uploads\/2021\/01\/DSCN9247_860\u2013880_Lake_Shore_Drive_Apartments-768x1024.jpg\" alt=\"\" class=\"wp-image-171\"\/><\/a><figcaption class=\"wp-element-caption\">Die 860\u2013880 Lake Shore Drive Apartments 1951 in Chicago, Foto: <em>\u00a9<\/em> AlasdairW <a href=\"https:\/\/creativecommons.org\/licenses\/by-sa\/3.0\">CC BY-SA 3.0<\/a>, <a href=\"https:\/\/commons.wikimedia.org\/w\/index.php?curid=95971765\">Link<\/a><br><\/figcaption><\/figure>\n<\/div>\n\n\n\n<div class=\"wp-block-column is-layout-flow wp-block-column-is-layout-flow\">\n<figure class=\"wp-block-image size-large\"><a href=\"https:\/\/www.industriekultur-krefeld.org\/wp-content\/uploads\/2021\/01\/Seagram_Building-NewYork-1.jpg\"><img loading=\"lazy\" decoding=\"async\" width=\"768\" height=\"1024\" src=\"https:\/\/www.industriekultur-krefeld.org\/wp-content\/uploads\/2021\/01\/Seagram_Building-NewYork-1.jpg\" alt=\"\" class=\"wp-image-172\" srcset=\"https:\/\/www.industriekultur-krefeld.org\/wp-content\/uploads\/2021\/01\/Seagram_Building-NewYork-1.jpg 768w, https:\/\/www.industriekultur-krefeld.org\/wp-content\/uploads\/2021\/01\/Seagram_Building-NewYork-1-225x300.jpg 225w\" sizes=\"auto, (max-width: 767px) 89vw, (max-width: 1000px) 54vw, (max-width: 1071px) 543px, 580px\" \/><\/a><figcaption class=\"wp-element-caption\">Das Seagram Building, Wolkenkratzer in New York City 1958 Foto: <em>\u00a9 Tom Ravenscroft, CC BY 2.0,<\/em> <a href=\"https:\/\/commons.wikimedia.org\/w\/index.php?curid=10396724\">Link<\/a><\/figcaption><\/figure>\n<\/div>\n<\/div>\n\n\n\n<h2 class=\"wp-block-heading has-vivid-red-color has-text-color\">Verseidag im Nationalsozialismus<\/h2>\n\n\n\n<p>Die Verseidag Gesch\u00e4ftsleitung unter <strong>Herman Lange<\/strong> und <strong>Dr. Josef Esters<\/strong> investierte w\u00e4hrend des Nationalsozialismus in wehrwirtschaftlich wichtige Betriebe. Hermann Lange hatte in Berlin als Verbandsfunktion\u00e4r bereits im Ersten Weltkrieg Erfahrungen mit der Kriegsrohstoffproduktion gesammelt. So wurde 1937 auch die <strong>Rheinischen Kunstseide AG<\/strong> (Rheika) Fabrik in Linn am Rheinhafen errichtet, um dort chemisch erzeugte Kunstseide zu produzieren, verwendet in Fallschirmen f\u00fcr die deutsche Wehrmacht. Damit sollten Lieferschwierigkeiten der Rohseide w\u00e4hrend des sich anbahnenden Weltkriegs begegnet werden k\u00f6nnen. Aufsichtsratsvorsitz der Rheika \u00fcbernahm zuerst Hermann Lange, sp\u00e4ter Josef Esters.<\/p>\n\n\n\n<p>Nach Ausbruch des Zweiten Weltkriegs wurden in der<strong> <\/strong>Rheinischen Kunstseide AG (und auch in Betriebsteilen der Verseidag) sowohl Zwangsarbeiter als auch Kriegsgefangene aus West und Ost eingesetzt. <\/p>\n\n\n\n<p><strong>Agnes Humbert<\/strong>, eine Pariser Kunsthistoriker die im besetzten Frankreich in der Resistance aktiv war, wurde als Gefangene nach Krefeld-Anrath verschleppt und beschreibt in ihrem Buch \u201e<a href=\"https:\/\/www.worldcat.org\/search?qt=worldcat_org_all&amp;q=Notre+guerre.+Souvenirs+de+R\u00e9sistance%2C+Agn\u00e8s+Humbert\">Notre guerre. Souvenirs de R\u00e9sistance<\/a>&#8221; ihre Erfahrungen als Zwangsarbeiterin in der Fabrik.<\/p>\n\n\n\n<p>Die Verseidag Unternehmensleitung, aber auch Hermann Lange als Privatmann, waren an <strong><a href=\"https:\/\/www.industriekultur-krefeld.org\/index.php\/arisierung-in-krefeld\/\" data-type=\"page\" data-id=\"590\">Arisierungen<\/a><\/strong> Krefelder Unternehmen  beteiligt, siehe <a href=\"https:\/\/www.industriekultur-krefeld.org\/index.php\/arisierung-in-krefeld\/\" data-type=\"page\" data-id=\"590\">Arisierung in Krefeld<\/a>.<\/p>\n\n\n\n<p>Bei <a href=\"https:\/\/www.industriekultur-krefeld.org\/index.php\/bombardierung-krefelds\/\">Bombardierungen der Alliieren<\/a> am 22. Juni 1943 wurden gro\u00dfe Teile Krefelds zerst\u00f6rt, der zentrale Ausr\u00fcstungsbetrieb der Verseidag wurde dabei besch\u00e4digt.<\/p>\n\n\n\n<h2 class=\"wp-block-heading has-vivid-red-color has-text-color\">Nachkiegszeit &#8211; Wiederaufbau &#8211; Niedergang &#8211; Fortbestand <\/h2>\n\n\n\n<p>Die Verseidag war schnell wieder eines der gr\u00f6\u00dften Unternehmen Krefelds und es waren 1951 bereits  5.500 Mitarbeiter die besch\u00e4ftigt wurden, die Produktion war auf 90% der Vorkriegsleistung angewachsen. <\/p>\n\n\n\n<p>1956 wurde der <a href=\"https:\/\/www.industriekultur-krefeld.org\/index.php\/verseidag-hauptverwaltung\/\" data-type=\"page\" data-id=\"309\"><strong>Neubau der Verseidag Hauptverwaltung<\/strong><\/a> fertiggestellt. Dem Wirtschaftswunder folgte in rascher Folge in den 70ern die Textilkrise, immer mehr Teilbetriebe in Europa wurden geschlossen. <\/p>\n\n\n\n<p>Die Verseidag wandelte sich in den 90er Jahren vom Textilunternehmen zu einem Zulieferspezialisten im Kunststoffbereich der bis heute als <a href=\"https:\/\/www.verseidag.de\/\">Verseidag Indutex GmbH<\/a> fortbesteht. Am Standort der an der Industriestra\u00dfe gelegenen ehemaligen Verseidag Filmdruckerei wird heute u.A. PVC, PTFE, PU und Neopren beschichtet, lackiert oder gepr\u00e4gt. <\/p>\n\n\n\n<p>Am zentralen Produktionsstandort der Verseidag setzt der Unternehmer Wolf-Reinhard Leendertz die Textiltradition Krefelds mit der \u00dcbernahme des Standorts fort. Die  Unternehmen <a href=\"https:\/\/www.kragoart.de\">kragoART<\/a> und <a href=\"https:\/\/www.kragotec.de\">kragoTEC<\/a>, Nachfolger der 1854 in Krefeld gegr\u00fcndeten <a href=\"https:\/\/www.industriekultur-krefeld.org\/index.php\/seidenweberei-krahnen-gobbers\/\" data-type=\"page\" data-id=\"570\">Krahnen &amp; Gobbers Seidenweberei<\/a>, fertigen dekorative und trauerfloristische Artikel f\u00fcr den Floristengro\u00dfhandel: <\/p>\n\n\n\n<p>Im IHK Magazin, 07.2015 erinnert sich Leendertz: \u201e<em>Nach der Insolvenz des Textilveredlers Voss-Biermann- Lawaczeck im Jahr 2009, der hier ans\u00e4ssig war und zu dessen Kunden wir geh\u00f6rten, habe ich mich um die R\u00fcckabwicklung gek\u00fcmmert..\u201c<\/em> \u201e<em>Der Anblick, der sich mir damals bot, war niederschmetternd: Der Boden und die Fenster waren zerbrochen, die D\u00e4cher waren kaputt, und \u00fcberall sa\u00dfen Tauben, w\u00e4hrend alte Ventilatoren im Wind quietschten. Es war ein Bild der Verw\u00fcstung.<\/em>\u201c<\/p>\n\n\n\n<h2 class=\"wp-block-heading has-vivid-red-color has-text-color has-link-color wp-elements-870814a90e11a90da59d3f71bb412a99\">Kraftstation<\/h2>\n\n\n\n<p>Die Kraftstation (im Volksmund &#8220;Das Kesselhaus&#8221;) wartet noch immer auf seine Entdeckung. Auch wenn die technischen Anlagen und Maschinen versteigert und entfernt wurden. Der Geb\u00e4udek\u00f6rper k\u00f6nnte eine aufsehenerregende Veranstaltungshalle mit herausragender architektonischer Qualit\u00e4t ergeben.  Allerdings hat sich der Stadtrat 2023 f\u00fcr einen gro\u00dfvolumigen Neubau als Anbau hinter dem Kesselhaus entschieden. Ob das Endergebnis der Substanz und Ablesbarkeit zutr\u00e4glich sein wird, bleibt abzuwarten.<\/p>\n\n\n\n<p>Kraftstation f\u00fcr die Verseidag Krefeld. Ein vergessener Bau Mies van der Rohes?<\/p>\n\n\n\n<p>Daniel Lohmann<br>2021, INSITU &#8211; Zeitschrift f\u00fcr Architekturgeschichte<\/p>\n\n\n\n<p class=\"has-vivid-red-color has-text-color has-link-color wp-elements-b76922190c318cffd19a7bdaf8097cea\"><a href=\"https:\/\/www.academia.edu\/45576925\/Kraftstation_fu_r_die_Verseidag_Krefeld_Ein_vergessener_Bau_Mies_van_der_Rohes\">https:\/\/www.academia.edu\/45576925\/Kraftstation_fu_r_die_Verseidag_Krefeld_Ein_vergessener_Bau_Mies_van_der_Rohes<\/a> <\/p>\n\n\n\n<figure class=\"wp-block-image size-large is-resized\"><img decoding=\"async\" src=\"https:\/\/www.industriekultur-krefeld.org\/wp-content\/uploads\/2021\/01\/IMG_7370-1024x768.jpeg\" alt=\"\" class=\"wp-image-130\" style=\"width:674px;height:505px\"\/><figcaption class=\"wp-element-caption\"><a href=\"https:\/\/www.mies-van-der-rohe.com\">Mies van der Rohe Business Park, Kraftstation rechts im Bild<\/a>. Foto: \u00a9 Christoph Becker<\/figcaption><\/figure>\n\n\n\n<h2 class=\"wp-block-heading has-vivid-red-color has-text-color\">Erhalt<\/h2>\n\n\n\n<p>Das Gel\u00e4nde wird als <a href=\"https:\/\/www.mies-van-der-rohe.com\">Mies van der Rohe Business Park<\/a> erhalten und immer weiter zug\u00e4nglich und umnutzbar gemacht. Die Geb\u00e4ude sind von au\u00dfen im Park zug\u00e4nglich. Das HE-Geb\u00e4ude ist an private B\u00fcronutzer vermietet.\u00a0<\/p>\n\n\n\n<h2 class=\"wp-block-heading has-vivid-red-color has-text-color has-link-color wp-elements-9f7b4ea65f3094f1038a6c1cda5236f5\">Weiterf\u00fchrend<\/h2>\n\n\n\n<p>The Verseidag Silk Factory in Krefeld. Architectural History and Restoration of a much-neglected Mies van der Rohe Project<\/p>\n\n\n\n<p>Daniel Lohmann<br>2017, Docomomo Journal<\/p>\n\n\n\n<p class=\"has-vivid-red-color has-text-color has-link-color wp-elements-3e79b8a77fe78187ed67e5022a83a28a\"><a href=\"https:\/\/www.academia.edu\/98330407\/The_Verseidag_Silk_Factory_in_Krefeld_Architectural_History_and_Restoration_of_a_much_neglected_Mies_van_der_Rohe_Project\">https:\/\/www.academia.edu\/98330407\/The_Verseidag_Silk_Factory_in_Krefeld_Architectural_History_and_Restoration_of_a_much_neglected_Mies_van_der_Rohe_Project<\/a><\/p>\n\n\n\n<h2 class=\"wp-block-heading has-vivid-red-color has-text-color\">Mehr lesen:<\/h2>\n\n\n\n<p><a href=\"https:\/\/www.mies-van-der-rohe.com\">Mies van der Rohe Business Park<\/a><\/p>\n\n\n\n<div class=\"wp-block-columns is-layout-flex wp-container-core-columns-is-layout-9d6595d7 wp-block-columns-is-layout-flex\">\n<div class=\"wp-block-column is-vertically-aligned-top is-layout-flow wp-block-column-is-layout-flow\">\n<figure class=\"wp-block-image size-large\"><a href=\"https:\/\/www.industriekultur-krefeld.org\"><img loading=\"lazy\" decoding=\"async\" width=\"685\" height=\"425\" src=\"https:\/\/www.industriekultur-krefeld.org\/wp-content\/uploads\/Logo_IK-KREFELD_2020.png\" alt=\"\" class=\"wp-image-549\" srcset=\"https:\/\/www.industriekultur-krefeld.org\/wp-content\/uploads\/Logo_IK-KREFELD_2020.png 685w, https:\/\/www.industriekultur-krefeld.org\/wp-content\/uploads\/Logo_IK-KREFELD_2020-300x186.png 300w\" sizes=\"auto, (max-width: 685px) 100vw, 685px\" \/><\/a><\/figure>\n<\/div>\n\n\n\n<div class=\"wp-block-column is-vertically-aligned-top is-layout-flow wp-block-column-is-layout-flow\">\n<p><strong><strong>Vereinigte Seidenwebereien AG<\/strong><\/strong><br><a data-type=\"page\" data-id=\"309\" href=\"https:\/\/www.industriekultur-krefeld.org\/index.php\/verseidag-hauptverwaltung\/\">Hauptverwaltung<\/a> (benachbart)<\/p>\n<\/div>\n<\/div>\n\n\n\n<div class=\"wp-block-media-text alignwide is-vertically-aligned-top\" style=\"grid-template-columns:48% auto\"><figure class=\"wp-block-media-text__media\"><a href=\"http:\/\/www.rheinische-industriekultur.com\"><img loading=\"lazy\" decoding=\"async\" width=\"340\" height=\"275\" src=\"https:\/\/www.industriekultur-krefeld.org\/wp-content\/uploads\/Button-RI-on-2.png\" alt=\"\" class=\"wp-image-291 size-full\" srcset=\"https:\/\/www.industriekultur-krefeld.org\/wp-content\/uploads\/Button-RI-on-2.png 340w, https:\/\/www.industriekultur-krefeld.org\/wp-content\/uploads\/Button-RI-on-2-300x243.png 300w\" sizes=\"auto, (max-width: 340px) 100vw, 340px\" \/><\/a><\/figure><div class=\"wp-block-media-text__content\">\n<p><strong>Vereinigte Seidenwebereien AG<\/strong><\/p>\n\n\n\n<p><a href=\"https:\/\/rheinische-industriekultur.com\/seiten\/objekte\/orte\/krefeld\/objekte\/verseidag.html\">Geschichte<br><\/a>von Stefanie van de Kerkhof<\/p>\n\n\n\n<p><a href=\"https:\/\/rheinische-industriekultur.com\/seiten\/objekte\/orte\/krefeld\/objekte\/ver_seid_ag.html\">Bauwerke&nbsp;<\/a><br>von Denise Hesselmann <br>und  Henning Bleul&nbsp;<br>&nbsp;&nbsp;<br><a href=\"https:\/\/www.rheinische-industriekultur.com\/seiten\/objekte\/orte\/krefeld\/objekte\/verseidag_verwaltung.html\">Hauptverwaltung&nbsp;<\/a><br>(Stadthaus) <br>von Sabine Lepsky<\/p>\n\n\n\n<p><a href=\"https:\/\/www.rheinische-industriekultur.com\/seiten\/objekte\/orte\/krefeld\/objekte\/verseidag_produktion.html\">Zentrale Betriebsst\u00e4tte<\/a> <br>von Sabine Lepsky<\/p>\n<\/div><\/div>\n","protected":false},"excerpt":{"rendered":"<p>Die Vereinigte Seidenwebereien AG &#8220;Verseidag&#8221; war lange Zeit der gr\u00f6\u00dfte Seidenkonzern Europas. Die Verseidag verarbeitete Seide als Bekleidung, vielf\u00e4ltige Dekorationsstoffe, war Zulieferer der M\u00f6belindustrie, stellte aber auch technische Textilien her. Die Planungen der Geb\u00e4ude sind durch Ludwig Mies van der Rohe erfolgt, einem der weltweit bekanntesten Architekten. Sie stellen einen architekturgeschichtlichen H\u00f6hepunkt in Krefeld dar.<\/p>\n","protected":false},"author":1,"featured_media":131,"parent":0,"menu_order":31,"comment_status":"open","ping_status":"closed","template":"","meta":{"footnotes":""},"categories":[5,23],"tags":[40,44,46,39],"class_list":["post-153","page","type-page","status-publish","has-post-thumbnail","hentry","category-krefeld-nord","category-top-10","tag-gelungene-umnutzung","tag-textil","tag-moderne","tag-bauhaus"],"_links":{"self":[{"href":"https:\/\/www.industriekultur-krefeld.org\/index.php\/wp-json\/wp\/v2\/pages\/153","targetHints":{"allow":["GET"]}}],"collection":[{"href":"https:\/\/www.industriekultur-krefeld.org\/index.php\/wp-json\/wp\/v2\/pages"}],"about":[{"href":"https:\/\/www.industriekultur-krefeld.org\/index.php\/wp-json\/wp\/v2\/types\/page"}],"author":[{"embeddable":true,"href":"https:\/\/www.industriekultur-krefeld.org\/index.php\/wp-json\/wp\/v2\/users\/1"}],"replies":[{"embeddable":true,"href":"https:\/\/www.industriekultur-krefeld.org\/index.php\/wp-json\/wp\/v2\/comments?post=153"}],"version-history":[{"count":148,"href":"https:\/\/www.industriekultur-krefeld.org\/index.php\/wp-json\/wp\/v2\/pages\/153\/revisions"}],"predecessor-version":[{"id":7026,"href":"https:\/\/www.industriekultur-krefeld.org\/index.php\/wp-json\/wp\/v2\/pages\/153\/revisions\/7026"}],"wp:featuredmedia":[{"embeddable":true,"href":"https:\/\/www.industriekultur-krefeld.org\/index.php\/wp-json\/wp\/v2\/media\/131"}],"wp:attachment":[{"href":"https:\/\/www.industriekultur-krefeld.org\/index.php\/wp-json\/wp\/v2\/media?parent=153"}],"wp:term":[{"taxonomy":"category","embeddable":true,"href":"https:\/\/www.industriekultur-krefeld.org\/index.php\/wp-json\/wp\/v2\/categories?post=153"},{"taxonomy":"post_tag","embeddable":true,"href":"https:\/\/www.industriekultur-krefeld.org\/index.php\/wp-json\/wp\/v2\/tags?post=153"}],"curies":[{"name":"wp","href":"https:\/\/api.w.org\/{rel}","templated":true}]}}