{"id":1716,"date":"2021-01-18T11:28:34","date_gmt":"2021-01-18T10:28:34","guid":{"rendered":"https:\/\/www.industriekultur-krefeld.org\/?page_id=1716"},"modified":"2025-09-15T12:42:07","modified_gmt":"2025-09-15T10:42:07","slug":"dampkessel-august-buettner","status":"publish","type":"page","link":"https:\/\/www.industriekultur-krefeld.org\/index.php\/dampkessel-august-buettner\/","title":{"rendered":"Rheinische R\u00f6hrendampfkesselfabrik August B\u00fcttner &#038; Cie und die Uerdinger Silospeichergesellschaft"},"content":{"rendered":"\n<p>Eines der gro\u00dfen metallverarbeitenden Unternehmen im Rheinland das sich auf Dampfkessel und vor allem Trocknungsanlagen spezialisiert hatte, war das B\u00fcttner Werk in Uerdingen. In der fortschreitenden Industrialisierung brauchte so gut wie jede Fabrik eine verl\u00e4\u00dfliche Dampfmaschine und Agrarprodukte mussten schnell getrocknet werden k\u00f6nnen. B\u00fcttner war daf\u00fcr einer der wichtigen Hersteller und lange ein verl\u00e4\u00dflicher und guter Arbeitsplatz f\u00fcr hunderte Uerdinger Arbeiter. <\/p>\n\n\n\n<p>Sehenswert ist der in Fragmenten erhaltene Ursprung des Unternehmens, heute zwar nur noch eine Ruinenlandschaft am Rheinufer, aber ein wichtiges St\u00fcck Industrie- und verungl\u00fcckte Denkmalgeschichte Krefelds.   <\/p>\n\n\n\n<!--more-->\n\n\n<div class=\"leaflet-map WPLeafletMap\" style=\"height:400px; width:100%;\"><\/div><script>\nwindow.WPLeafletMapPlugin = window.WPLeafletMapPlugin || [];\nwindow.WPLeafletMapPlugin.push(function WPLeafletMapShortcode() {\/*<script>*\/\nvar baseUrl = atob('aHR0cHM6Ly97c30udGlsZS5vcGVuc3RyZWV0bWFwLm9yZy97en0ve3h9L3t5fS5wbmc=');\nvar base = (!baseUrl && window.MQ) ?\n    window.MQ.mapLayer() : L.tileLayer(baseUrl,\n        L.Util.extend({}, {\n            detectRetina: 1,\n        },\n        {\"subdomains\":\"abc\",\"noWrap\":false,\"maxZoom\":20}        )\n    );\n    var options = L.Util.extend({}, {\n        layers: [base],\n        attributionControl: false\n    },\n    {\"tap\":false,\"zoomControl\":true,\"scrollWheelZoom\":false,\"doubleClickZoom\":true,\"fitBounds\":false,\"minZoom\":1,\"maxZoom\":20,\"maxBounds\":null,\"attribution\":\"<a href=\\\"http:\\\/\\\/leafletjs.com\\\" title=\\\"Eine Javascript-Bibliothek f\\u00fcr interaktive Karten\\\">Leaflet<\\\/a>; \\u00a9 <a href=\\\"http:\\\/\\\/www.openstreetmap.org\\\/copyright\\\">OpenStreetMap<\\\/a> Mitwirkende\"},\n    {});\nwindow.WPLeafletMapPlugin.createMap(options).setView([51.359167,6.650905],16);window.WPLeafletMapPlugin.createScale({});});<\/script>\n<script>\nwindow.WPLeafletMapPlugin = window.WPLeafletMapPlugin || [];\nwindow.WPLeafletMapPlugin.push(function WPLeafletMarkerShortcode() {\/*<script>*\/\nvar map = window.WPLeafletMapPlugin.getCurrentMap();\nvar group = window.WPLeafletMapPlugin.getCurrentGroup();\nvar marker_options = window.WPLeafletMapPlugin.getIconOptions({\"title\":\"Holtz und Willemsen\",\"alt\":\"Rheinische R&ouml;hrendampfkesselfabrik B&uuml;ttner &amp; Cie\",\"zIndexOffset\":1000,\"iconUrl\":\"https:\\\/\\\/www.industriekultur-krefeld.org\\\/wp-content\\\/uploads\\\/icon-selected.png\",\"shadowUrl\":\"https:\\\/\\\/unpkg.com\\\/leaflet@1.7.1\\\/dist\\\/images\\\/marker-shadow.png\",\"iconAnchor\":\"20,20\"});\nvar marker = L.marker(\n    [51.359167,6.650905],\n    marker_options\n);\nvar is_image = map.is_image_map;\nif (marker_options.draggable) {\n    marker.on('dragend', function () {\n        var latlng = this.getLatLng();\n        var lat = latlng.lat;\n        var lng = latlng.lng;\n        if (is_image) {\n            console.log('leaflet-marker y=' + lat + ' x=' + lng);\n        } else {\n            console.log('leaflet-marker lat=' + lat + ' lng=' + lng);\n        }\n    });\n}\nmarker.addTo( group );\nmarker.bindPopup(window.WPLeafletMapPlugin.unescape('&lt;a href=\\&quot;https:\/\/www.industriekultur-krefeld.org\/index.php\/dampkessel-august-buettner\\&quot;&gt; Rheinische R\u00f6hrendampfkesselfabrik B\u00fcttner &amp;amp; Cie &lt;\/a&gt;')).openPopup();window.WPLeafletMapPlugin.markers.push( marker );\n        });<\/script>\n<script>\nwindow.WPLeafletMapPlugin = window.WPLeafletMapPlugin || [];\nwindow.WPLeafletMapPlugin.push(function WPLeafletjsonShortcode() {\/*<script>*\/\nvar src = 'https:\/\/www.industriekultur-krefeld.org\/geojson.php';\nvar default_style = {};\nvar rewrite_keys = {\n    stroke : 'color',\n    'stroke-width' : 'weight',\n    'stroke-opacity' : 'opacity',\n    fill : 'fillColor',\n    'fill-opacity' : 'fillOpacity',\n};\n\/\/ htmlspecialchars converts & to \"&amp;\"; maybe unnecessarily, and maybe 3x\nvar ampersandRegex = \/&(?:amp;){1,3}\/g\nvar layer = L.ajaxGeoJson(src.replace(ampersandRegex, '&'), {\n    type: 'json',\n    style : layerStyle,\n    onEachFeature : onEachFeature,\n    pointToLayer: pointToLayer\n});\nvar fitbounds = 0;\nvar circleMarker = 0;\nvar popup_text = window.WPLeafletMapPlugin.unescape(\"&lt;br&gt;&lt;p&gt;&lt;a href=&quot;https:\/\/www.industriekultur-krefeld.org\/index.php\/{name}&quot;&gt;{title}&lt;br \/&gt;&lt;button&gt;&lt;i class=&quot;material-icons&quot;&gt;account_balance&lt;\/i&gt;Ansehen&lt;\/button&gt;&lt;\/a&gt;&lt;a href=&quot;http:\/\/maps.google.com\/maps?q={lat},{lng}&amp;amp;navigate=yes&quot;&gt;&lt;button&gt;&lt;i class=&quot;material-icons&quot;&gt;explore&lt;\/i&gt;Navigation starten&lt;\/button&gt;&lt;\/a&gt;&lt;\/p&gt;&lt;br&gt;&lt;p&gt;\");\nvar popup_property = \"\";\nvar table_view = 0;\nvar group = window.WPLeafletMapPlugin.getCurrentGroup();\nvar markerOptions = window.WPLeafletMapPlugin.getIconOptions({});\nlayer.addTo( group );\nwindow.WPLeafletMapPlugin.geojsons.push( layer );\nif (fitbounds) {\n    layer.on('ready', function () {\n        this.map.fitBounds( this.getBounds() );\n    });\n}\nfunction layerStyle (feature) {\n    var props = feature.properties || {};\n    var style = {};\n    function camelFun (_, first_letter) {\n        return first_letter.toUpperCase();\n    };\n    for (var key in props) {\n        if (key.match('-')) {\n            var camelcase = key.replace(\/-(\\w)\/, camelFun);\n            style[ camelcase ] = props[ key ];\n        }\n        \/\/ rewrite style keys from geojson.io\n        if (rewrite_keys[ key ]) {\n            style[ rewrite_keys[ key ] ] = props[ key ];\n        }\n    }\n    return L.Util.extend(style, default_style);\n}\nfunction onEachFeature (feature, layer) {\n    var props = feature.properties || {};\n    var text;\n    if (table_view) {\n        text = window.WPLeafletMapPlugin.propsToTable(props);\n    } else {\n        text = popup_property\n            ? props[ popup_property ]\n            : window.WPLeafletMapPlugin.template(\n                popup_text, \n                feature.properties\n            );\n    }\n    if (text) {\n        layer.bindPopup( text );\n    }\n}\n    function pointToLayer (feature, latlng) {\n    if (circleMarker) {\n        return L.circleMarker(latlng);\n    }\n    return L.marker(latlng, markerOptions);\n}});<\/script>\n<script>\nwindow.WPLeafletMapPlugin = window.WPLeafletMapPlugin || [];\nwindow.WPLeafletMapPlugin.push(function WPLeafletScaleShortcode() {window.WPLeafletMapPlugin.createScale({\"imperial\":false,\"position\":\"topright\"});});<\/script><\/p>\n\n\n\n<h2 class=\"wp-block-heading has-vivid-red-color has-text-color\">Geschichte und Hintergrund<\/h2>\n\n\n\n<p>August B\u00fcttner studierte Maschinenbau an der <strong>K\u00f6niglichen Gewerbeakademie in Berlin<\/strong>, wechselte nach <strong>Aachen<\/strong> zuerst zur <strong>Technischen Hochschule<\/strong> und arbeitete dann selbst\u00e4ndig als Ingenieur. Schon im Studium faszinierten ihn offenbar Dampfkessel. <\/p>\n\n\n\n<p><\/p>\n\n\n\n<div class=\"wp-block-columns is-layout-flex wp-container-core-columns-is-layout-9d6595d7 wp-block-columns-is-layout-flex\">\n<div class=\"wp-block-column is-layout-flow wp-block-column-is-layout-flow\">\n<p>Am 14. Dezember 1874 er\u00f6ffnete er die Kommanditgesellschaft <strong>Rheinische R\u00f6hren\u00addampfkesselfabrik A. B\u00fcttner &amp; Cie.<\/strong> in Uerdingen am Rhein mit der Kapitalkr\u00e4ftigen Unterst\u00fctzung u.A. der Kaufmannsfamilie Mauritz aus Uerdingen. <\/p>\n\n\n\n<p>Zuerst hatte das Werk drei kleine Werkstatt-Hallen und bot einem Dutzend Arbeitern einen Job in der Metallindustrie. Auf dem Grundst\u00fcck war auch ein erstes kleines Verwaltungs- und Wohngeb\u00e4ude errichtet worden.<\/p>\n<\/div>\n\n\n\n<div class=\"wp-block-column is-layout-flow wp-block-column-is-layout-flow\"><\/div>\n<\/div>\n\n\n\n<p>Gefertigt wurden dort zuerst <strong>Alban Wasserrohr Kessel<\/strong> (<a href=\"https:\/\/www.deutsches-museum.de\/sammlungen\/maschinen\/kraftmaschinen\/dampfkraftmaschinen\/dampfmaschinen-bis-1850\/wasserrohrkessel-1859\/\">siehe Deutsches Museum<\/a>), bei denen ein horizontal liegendes R\u00f6hrenb\u00fcndel in eine Wasserkammer m\u00fcndete. Der erste B\u00fcttner Dampferzeuger hatte eine Heizfl\u00e4che von 12,2 m2 und 5 Atmosph\u00e4ren Betriebsdruck. <\/p>\n\n\n\n<figure class=\"wp-block-image size-large\"><img loading=\"lazy\" decoding=\"async\" width=\"1024\" height=\"596\" src=\"https:\/\/www.industriekultur-krefeld.org\/wp-content\/uploads\/image-105-e1612714920460-1-1024x596.png\" alt=\"\" class=\"wp-image-3823\" srcset=\"https:\/\/www.industriekultur-krefeld.org\/wp-content\/uploads\/image-105-e1612714920460-1-1024x596.png 1024w, https:\/\/www.industriekultur-krefeld.org\/wp-content\/uploads\/image-105-e1612714920460-1-300x175.png 300w, https:\/\/www.industriekultur-krefeld.org\/wp-content\/uploads\/image-105-e1612714920460-1-768x447.png 768w, https:\/\/www.industriekultur-krefeld.org\/wp-content\/uploads\/image-105-e1612714920460-1-1536x894.png 1536w, https:\/\/www.industriekultur-krefeld.org\/wp-content\/uploads\/image-105-e1612714920460-1.png 1800w\" sizes=\"auto, (max-width: 767px) 89vw, (max-width: 1000px) 54vw, (max-width: 1071px) 543px, 580px\" \/><figcaption class=\"wp-element-caption\"><strong>B\u00fcttner Werk 1874<\/strong>, Quelle: B\u00fcttner Werke Uerdingen am Rhein zum 50. j\u00e4hrigen Bestehen<\/figcaption><\/figure>\n\n\n\n<p>Schnell wurden aber eigene Kesseltypen gefunden, insbesondere auch seit 1878 explosionssichere Kessel gefertigt, die auch in bewohnten Geb\u00e4uden wie zB. Krankenanstalten aufgestellt werden konnten. <\/p>\n\n\n\n<figure class=\"wp-block-image size-large\"><a href=\"https:\/\/www.industriekultur-krefeld.org\/wp-content\/uploads\/image-106.png\"><img loading=\"lazy\" decoding=\"async\" width=\"1024\" height=\"467\" src=\"https:\/\/www.industriekultur-krefeld.org\/wp-content\/uploads\/image-106-1024x467.png\" alt=\"\" class=\"wp-image-3754\" srcset=\"https:\/\/www.industriekultur-krefeld.org\/wp-content\/uploads\/image-106-1024x467.png 1024w, https:\/\/www.industriekultur-krefeld.org\/wp-content\/uploads\/image-106-300x137.png 300w, https:\/\/www.industriekultur-krefeld.org\/wp-content\/uploads\/image-106-768x350.png 768w, https:\/\/www.industriekultur-krefeld.org\/wp-content\/uploads\/image-106-1536x701.png 1536w, https:\/\/www.industriekultur-krefeld.org\/wp-content\/uploads\/image-106.png 2025w\" sizes=\"auto, (max-width: 767px) 89vw, (max-width: 1000px) 54vw, (max-width: 1071px) 543px, 580px\" \/><\/a><figcaption class=\"wp-element-caption\">B\u00fcttner Kesseltypen 1874-1924, <em>Quelle: B\u00fcttner Werke Uerdingen am Rhein zum 50. j\u00e4hrigen Bestehen<\/em><\/figcaption><\/figure>\n\n\n\n<p>1875 arbeiteten im Werk bereits 300 Mitarbeiter und die B\u00fcttner-Kessel wurden weltweit vertrieben. <\/p>\n\n\n\n<p>Ein Beispiel ist dieser erhaltene Dampfkessel aus Uerdingen, der in der 35 km langen Seilbahn Chilecito-La Mejicana Kordillerenbahn &#8220;Mina La Mejicana&#8221; in Argentinien f\u00fcr eine der 35 PS Dampfmaschinen in den sieben Stationen eingebaut wurde, diese Seilbahn war zu ihrer Zeit die l\u00e4ngste der Welt und wurde 1905 in Betrieb genommen. Siehe <a href=\"https:\/\/de.wikipedia.org\/wiki\/Materialseilbahn_Chilecito-La_Mejicana\">https:\/\/de.wikipedia.org\/wiki\/Materialseilbahn_Chilecito-La_Mejicana<\/a> <br><br>Die folgenden Fotos sind Ausschnitte aus dem Video <a href=\"https:\/\/www.youtube.com\/watch?v=d96mdnuHhoY\">https:\/\/www.youtube.com\/watch?v=d96mdnuHhoY<\/a> von Charly Sinewan<\/p>\n\n\n\n<div class=\"wp-block-group is-nowrap is-layout-flex wp-container-core-group-is-layout-ad2f72ca wp-block-group-is-layout-flex\">\n<figure data-wp-context=\"{&quot;imageId&quot;:&quot;69ef6b2b6f532&quot;}\" data-wp-interactive=\"core\/image\" data-wp-key=\"69ef6b2b6f532\" class=\"wp-block-image size-large wp-lightbox-container\"><img loading=\"lazy\" decoding=\"async\" width=\"1024\" height=\"692\" data-wp-class--hide=\"state.isContentHidden\" data-wp-class--show=\"state.isContentVisible\" data-wp-init=\"callbacks.setButtonStyles\" data-wp-on--click=\"actions.showLightbox\" data-wp-on--load=\"callbacks.setButtonStyles\" data-wp-on-window--resize=\"callbacks.setButtonStyles\" src=\"https:\/\/www.industriekultur-krefeld.org\/wp-content\/uploads\/image-229-1024x692.png\" alt=\"\" class=\"wp-image-6964\" srcset=\"https:\/\/www.industriekultur-krefeld.org\/wp-content\/uploads\/image-229-1024x692.png 1024w, https:\/\/www.industriekultur-krefeld.org\/wp-content\/uploads\/image-229-300x203.png 300w, https:\/\/www.industriekultur-krefeld.org\/wp-content\/uploads\/image-229-768x519.png 768w, https:\/\/www.industriekultur-krefeld.org\/wp-content\/uploads\/image-229.png 1227w\" sizes=\"auto, (max-width: 767px) 89vw, (max-width: 1000px) 54vw, (max-width: 1071px) 543px, 580px\" \/><button\n\t\t\tclass=\"lightbox-trigger\"\n\t\t\ttype=\"button\"\n\t\t\taria-haspopup=\"dialog\"\n\t\t\taria-label=\"Vergr\u00f6\u00dfern\"\n\t\t\tdata-wp-init=\"callbacks.initTriggerButton\"\n\t\t\tdata-wp-on--click=\"actions.showLightbox\"\n\t\t\tdata-wp-style--right=\"state.imageButtonRight\"\n\t\t\tdata-wp-style--top=\"state.imageButtonTop\"\n\t\t>\n\t\t\t<svg xmlns=\"http:\/\/www.w3.org\/2000\/svg\" width=\"12\" height=\"12\" fill=\"none\" viewBox=\"0 0 12 12\">\n\t\t\t\t<path fill=\"#fff\" d=\"M2 0a2 2 0 0 0-2 2v2h1.5V2a.5.5 0 0 1 .5-.5h2V0H2Zm2 10.5H2a.5.5 0 0 1-.5-.5V8H0v2a2 2 0 0 0 2 2h2v-1.5ZM8 12v-1.5h2a.5.5 0 0 0 .5-.5V8H12v2a2 2 0 0 1-2 2H8Zm2-12a2 2 0 0 1 2 2v2h-1.5V2a.5.5 0 0 0-.5-.5H8V0h2Z\" \/>\n\t\t\t<\/svg>\n\t\t<\/button><\/figure>\n\n\n\n<figure data-wp-context=\"{&quot;imageId&quot;:&quot;69ef6b2b6fbcd&quot;}\" data-wp-interactive=\"core\/image\" data-wp-key=\"69ef6b2b6fbcd\" class=\"wp-block-image size-large wp-lightbox-container\"><img loading=\"lazy\" decoding=\"async\" width=\"1024\" height=\"775\" data-wp-class--hide=\"state.isContentHidden\" data-wp-class--show=\"state.isContentVisible\" data-wp-init=\"callbacks.setButtonStyles\" data-wp-on--click=\"actions.showLightbox\" data-wp-on--load=\"callbacks.setButtonStyles\" data-wp-on-window--resize=\"callbacks.setButtonStyles\" src=\"https:\/\/www.industriekultur-krefeld.org\/wp-content\/uploads\/image-230-1024x775.png\" alt=\"\" class=\"wp-image-6968\" srcset=\"https:\/\/www.industriekultur-krefeld.org\/wp-content\/uploads\/image-230-1024x775.png 1024w, https:\/\/www.industriekultur-krefeld.org\/wp-content\/uploads\/image-230-300x227.png 300w, https:\/\/www.industriekultur-krefeld.org\/wp-content\/uploads\/image-230-768x581.png 768w, https:\/\/www.industriekultur-krefeld.org\/wp-content\/uploads\/image-230.png 1472w\" sizes=\"auto, (max-width: 767px) 89vw, (max-width: 1000px) 54vw, (max-width: 1071px) 543px, 580px\" \/><button\n\t\t\tclass=\"lightbox-trigger\"\n\t\t\ttype=\"button\"\n\t\t\taria-haspopup=\"dialog\"\n\t\t\taria-label=\"Vergr\u00f6\u00dfern\"\n\t\t\tdata-wp-init=\"callbacks.initTriggerButton\"\n\t\t\tdata-wp-on--click=\"actions.showLightbox\"\n\t\t\tdata-wp-style--right=\"state.imageButtonRight\"\n\t\t\tdata-wp-style--top=\"state.imageButtonTop\"\n\t\t>\n\t\t\t<svg xmlns=\"http:\/\/www.w3.org\/2000\/svg\" width=\"12\" height=\"12\" fill=\"none\" viewBox=\"0 0 12 12\">\n\t\t\t\t<path fill=\"#fff\" d=\"M2 0a2 2 0 0 0-2 2v2h1.5V2a.5.5 0 0 1 .5-.5h2V0H2Zm2 10.5H2a.5.5 0 0 1-.5-.5V8H0v2a2 2 0 0 0 2 2h2v-1.5ZM8 12v-1.5h2a.5.5 0 0 0 .5-.5V8H12v2a2 2 0 0 1-2 2H8Zm2-12a2 2 0 0 1 2 2v2h-1.5V2a.5.5 0 0 0-.5-.5H8V0h2Z\" \/>\n\t\t\t<\/svg>\n\t\t<\/button><\/figure>\n\n\n\n<figure data-wp-context=\"{&quot;imageId&quot;:&quot;69ef6b2b7020d&quot;}\" data-wp-interactive=\"core\/image\" data-wp-key=\"69ef6b2b7020d\" class=\"wp-block-image size-large wp-lightbox-container\"><img loading=\"lazy\" decoding=\"async\" width=\"1024\" height=\"672\" data-wp-class--hide=\"state.isContentHidden\" data-wp-class--show=\"state.isContentVisible\" data-wp-init=\"callbacks.setButtonStyles\" data-wp-on--click=\"actions.showLightbox\" data-wp-on--load=\"callbacks.setButtonStyles\" data-wp-on-window--resize=\"callbacks.setButtonStyles\" src=\"https:\/\/www.industriekultur-krefeld.org\/wp-content\/uploads\/image-231-1024x672.png\" alt=\"\" class=\"wp-image-6969\" srcset=\"https:\/\/www.industriekultur-krefeld.org\/wp-content\/uploads\/image-231-1024x672.png 1024w, https:\/\/www.industriekultur-krefeld.org\/wp-content\/uploads\/image-231-300x197.png 300w, https:\/\/www.industriekultur-krefeld.org\/wp-content\/uploads\/image-231-768x504.png 768w, https:\/\/www.industriekultur-krefeld.org\/wp-content\/uploads\/image-231-1536x1009.png 1536w, https:\/\/www.industriekultur-krefeld.org\/wp-content\/uploads\/image-231.png 1544w\" sizes=\"auto, (max-width: 767px) 89vw, (max-width: 1000px) 54vw, (max-width: 1071px) 543px, 580px\" \/><button\n\t\t\tclass=\"lightbox-trigger\"\n\t\t\ttype=\"button\"\n\t\t\taria-haspopup=\"dialog\"\n\t\t\taria-label=\"Vergr\u00f6\u00dfern\"\n\t\t\tdata-wp-init=\"callbacks.initTriggerButton\"\n\t\t\tdata-wp-on--click=\"actions.showLightbox\"\n\t\t\tdata-wp-style--right=\"state.imageButtonRight\"\n\t\t\tdata-wp-style--top=\"state.imageButtonTop\"\n\t\t>\n\t\t\t<svg xmlns=\"http:\/\/www.w3.org\/2000\/svg\" width=\"12\" height=\"12\" fill=\"none\" viewBox=\"0 0 12 12\">\n\t\t\t\t<path fill=\"#fff\" d=\"M2 0a2 2 0 0 0-2 2v2h1.5V2a.5.5 0 0 1 .5-.5h2V0H2Zm2 10.5H2a.5.5 0 0 1-.5-.5V8H0v2a2 2 0 0 0 2 2h2v-1.5ZM8 12v-1.5h2a.5.5 0 0 0 .5-.5V8H12v2a2 2 0 0 1-2 2H8Zm2-12a2 2 0 0 1 2 2v2h-1.5V2a.5.5 0 0 0-.5-.5H8V0h2Z\" \/>\n\t\t\t<\/svg>\n\t\t<\/button><\/figure>\n<\/div>\n\n\n\n<p>1880 wurde das Werk in Uerdingen erheblich erweitert und die drei Werkstatt-Hallen zum Rhein hin verl\u00e4ngert, das ehemals kleine Verwaltungs- und Wohngeb\u00e4ude mit einer repr\u00e4sentativen <strong>Villa<\/strong> vergr\u00f6\u00dfert.<\/p>\n\n\n\n<p>In Uerdingen wurde am G\u00fcterschuppen von der <a href=\"https:\/\/www.industriekultur-krefeld.org\/index.php\/schluff\/eisenbahnlinien-krefeld\/\">Bahnlinie<\/a> die Uerdingen durchquerte  abgezweigt und aufgrund des zu engen Kurvenradius mittels einer Drehscheibe (nicht erhalten) das Firmengel\u00e4nde erschlossen, wie auch der benachbarte <a href=\"https:\/\/www.industriekultur-krefeld.org\/index.php\/rheinwerft-und-zollhof-uerdingen\/\" title=\"Der Rhein in Uerdingen: das Rheinwerft\">Rheinwerft<\/a> und die <a href=\"https:\/\/www.industriekultur-krefeld.org\/index.php\/dujardin-weinbrennerei\/\" title=\"Dujardin Weinbrennerei\">Dujardin Weinbrennerei<\/a>. <\/p>\n\n\n\n<p>Neben der <strong>B\u00fcttner Villa<\/strong> entstand eine neue zweist\u00f6ckige Werkstatt und zudem ein Kesselhaus und eine Gie\u00dferei.<\/p>\n\n\n\n<figure class=\"wp-block-image size-large\"><a href=\"https:\/\/www.industriekultur-krefeld.org\/wp-content\/uploads\/buettner-zecinung-1903.jpg\"><img loading=\"lazy\" decoding=\"async\" width=\"1024\" height=\"720\" src=\"https:\/\/www.industriekultur-krefeld.org\/wp-content\/uploads\/buettner-zecinung-1903-1024x720.jpg\" alt=\"\" class=\"wp-image-3746\" srcset=\"https:\/\/www.industriekultur-krefeld.org\/wp-content\/uploads\/buettner-zecinung-1903-1024x720.jpg 1024w, https:\/\/www.industriekultur-krefeld.org\/wp-content\/uploads\/buettner-zecinung-1903-300x211.jpg 300w, https:\/\/www.industriekultur-krefeld.org\/wp-content\/uploads\/buettner-zecinung-1903-768x540.jpg 768w, https:\/\/www.industriekultur-krefeld.org\/wp-content\/uploads\/buettner-zecinung-1903-1536x1079.jpg 1536w, https:\/\/www.industriekultur-krefeld.org\/wp-content\/uploads\/buettner-zecinung-1903.jpg 1800w\" sizes=\"auto, (max-width: 767px) 89vw, (max-width: 1000px) 54vw, (max-width: 1071px) 543px, 580px\" \/><\/a><figcaption class=\"wp-element-caption\"><strong>1903<\/strong>, von links nach rechts: kleine Verwaltung, B\u00fcttner Villa, zweist\u00f6ckige Werkstatt, drei verl\u00e4ngerte Werkshallen, Eisenbahnanschlu\u00df, im Hintergrund rechts Silospeicher. <em>Quelle: B\u00fcttner Werke Uerdingen am Rhein zum 50. j\u00e4hrigen Bestehen<\/em><\/figcaption><\/figure>\n\n\n\n<h2 class=\"wp-block-heading has-vivid-red-color has-text-color\">1881 Uerdinger Silospeichergesellschaft B\u00fcttner &amp; Co.<\/h2>\n\n\n\n<p>Eine weitere Bet\u00e4tigung fand B\u00fcttner mit der Gr\u00fcndung einer Silo-Speicher-Gesellschaft in Uerdingen am 13. Dezember 1881, unmittelbar benachbart an die Dampkesselfabrik. Dort entstand  einer der der damals modernsten Silospeicher f\u00fcr 35000t Getreide. August B\u00fcttner investierte mit seinen Kapitalgebern in diese Silospeicher-Anlage mit Elevator am Rhein, die von der damals weltweit aktiven  <strong>Maschinenfabrik und M\u00fchlenbauanstalt G. Luther<\/strong> erbaut wurde, welche schon seit den 1870er Jahren in Liverpool, Brooklyn und Buffalo in New York, Belgien, Frankreich, Hamburg, Dresden, Mannheim und K\u00f6ln Silos ausgef\u00fchrt hatte. <\/p>\n\n\n\n<p>Die Anlage war technisch innovativ, dass 1882 der Preu\u00dfische Staatsminister Karl Heinrich von Boetticher das Werk zusammen mit Regierungspr\u00e4sidenten Robert Eduard von Hagemeister besuchte.<\/p>\n\n\n\n<p>Auf der Zeichnung von 1903 (Bild oberhalb) ist der erste Silospeicher ganz rechts im Bild zu erkennen, der Antrieb erfolgte kostensparrend durch die Dampfmaschine der R\u00f6hrendampkesselfabrik mittels eines Transmissionsriemens, der \u00fcber den Fabrikhof hinweg zum Silo gespannt wurde. <\/p>\n\n\n\n<p><\/p>\n\n\n\n<figure class=\"wp-block-image size-large\"><a href=\"https:\/\/www.industriekultur-krefeld.org\/wp-content\/uploads\/image-9.png\"><img loading=\"lazy\" decoding=\"async\" width=\"1024\" height=\"773\" src=\"https:\/\/www.industriekultur-krefeld.org\/wp-content\/uploads\/image-9-1024x773.png\" alt=\"\" class=\"wp-image-1033\" srcset=\"https:\/\/www.industriekultur-krefeld.org\/wp-content\/uploads\/image-9-1024x773.png 1024w, https:\/\/www.industriekultur-krefeld.org\/wp-content\/uploads\/image-9-300x227.png 300w, https:\/\/www.industriekultur-krefeld.org\/wp-content\/uploads\/image-9-768x580.png 768w, https:\/\/www.industriekultur-krefeld.org\/wp-content\/uploads\/image-9.png 1294w\" sizes=\"auto, (max-width: 767px) 89vw, (max-width: 1000px) 54vw, (max-width: 1071px) 543px, 580px\" \/><\/a><figcaption class=\"wp-element-caption\">Elevator, Silospeicher 1881 , Eisenbahnwaggon, Transmissionsriemen, <strong>Uerdinger Silo Speicher Gesellschaft<\/strong>, Quelle: Prospekt der Maschinenfabrik und M\u00fchlenbauanstalt G. Luther.<\/figcaption><\/figure>\n\n\n\n<p>Die Speicheranlage war mit Schneckenantrieben zur Hebung des Getreides eingerichtet und wurde in der Folge noch erheblich durch einen weiteren Backstein-Gro\u00dfspeicher erweiterte. <\/p>\n\n\n\n<figure class=\"wp-block-image size-large\"><a href=\"https:\/\/www.industriekultur-krefeld.org\/wp-content\/uploads\/image-108.png\"><img loading=\"lazy\" decoding=\"async\" width=\"1024\" height=\"645\" src=\"https:\/\/www.industriekultur-krefeld.org\/wp-content\/uploads\/image-108-1024x645.png\" alt=\"\" class=\"wp-image-3786\" srcset=\"https:\/\/www.industriekultur-krefeld.org\/wp-content\/uploads\/image-108-1024x645.png 1024w, https:\/\/www.industriekultur-krefeld.org\/wp-content\/uploads\/image-108-300x189.png 300w, https:\/\/www.industriekultur-krefeld.org\/wp-content\/uploads\/image-108-768x484.png 768w, https:\/\/www.industriekultur-krefeld.org\/wp-content\/uploads\/image-108-1536x968.png 1536w, https:\/\/www.industriekultur-krefeld.org\/wp-content\/uploads\/image-108.png 1800w\" sizes=\"auto, (max-width: 767px) 89vw, (max-width: 1000px) 54vw, (max-width: 1071px) 543px, 580px\" \/><\/a><figcaption class=\"wp-element-caption\">Hervorgehoben die beiden Backstein-Silospeicher der <strong>Uerdinger Silo Speicher Gesellschaft<\/strong>, <em>Foto und Zustand ca. 1970<\/em><\/figcaption><\/figure>\n\n\n\n<p>Zur Entleerung der Silospeicher ert\u00fcftelte B\u00fcttner in seinen benachbarten Metallwerkst\u00e4tten Klappen- und Entladevorrichtungen, die er patentieren lies. Der Speicher z\u00e4hlte zu den ersten Anlagen mit ausgefeilter mechanischer Verteiltechnik \u00fcberhaupt, die auf den zeitgen\u00f6ssischen Fotos mit den Rohrleitungen und Elevatoren auch sehr gut erkennbar ist.  <\/p>\n\n\n\n<hr class=\"wp-block-separator has-css-opacity\"\/>\n\n\n\n<p>1895 wurden die Silos an die <strong>Speditionsgesellschaft Theodor M\u00fcncker<\/strong> verkauft, die diese Anlage in den folgenden Jahrzehnten noch um das Grundst\u00fcck der benachbarten Lein\u00f6lm\u00fchle der Firma <a href=\"https:\/\/www.industriekultur-krefeld.org\/index.php\/oelmuehle-boley\/\">T.I. Alberdingk und S\u00f6hne<\/a> &#8211; welche dabei in Richtung Uerdinger Br\u00fccke umzog &#8211; erheblich erweiterte und lange Jahrzehnte betrieb.  <\/p>\n\n\n\n<figure class=\"wp-block-image size-large\"><a href=\"https:\/\/www.industriekultur-krefeld.org\/wp-content\/uploads\/B5EB161F-24BE-4F94-BF13-75674764726C.jpeg\"><img loading=\"lazy\" decoding=\"async\" width=\"828\" height=\"628\" src=\"https:\/\/www.industriekultur-krefeld.org\/wp-content\/uploads\/B5EB161F-24BE-4F94-BF13-75674764726C.jpeg\" alt=\"\" class=\"wp-image-5316\" srcset=\"https:\/\/www.industriekultur-krefeld.org\/wp-content\/uploads\/B5EB161F-24BE-4F94-BF13-75674764726C.jpeg 828w, https:\/\/www.industriekultur-krefeld.org\/wp-content\/uploads\/B5EB161F-24BE-4F94-BF13-75674764726C-300x228.jpeg 300w, https:\/\/www.industriekultur-krefeld.org\/wp-content\/uploads\/B5EB161F-24BE-4F94-BF13-75674764726C-768x582.jpeg 768w\" sizes=\"auto, (max-width: 767px) 89vw, (max-width: 1000px) 54vw, (max-width: 1071px) 543px, 580px\" \/><\/a><figcaption class=\"wp-element-caption\">Die Backstein Silospeicher, Foto: Klaus Lipinski<\/figcaption><\/figure>\n\n\n\n<h2 class=\"wp-block-heading has-vivid-red-color has-text-color\">B\u00fcttner &amp; Meyer<\/h2>\n\n\n\n<p>Zwischenzeitlich gr\u00fcndete August B\u00fcttner zusammen mit dem ehemaligen Werkleiter der <strong><a data-type=\"page\" data-id=\"1288\" href=\"https:\/\/www.industriekultur-krefeld.org\/index.php\/holtz-willemsen\/\">Uerdinger Actien Spritfabrik<\/a><\/strong> <strong><em>Dr. Karl Meyer<\/em><\/strong> am 24. Mai 1886 die Schwesterfirma <strong>B\u00fcttner &amp; Meyer<\/strong>, welche fortan spezielle Trockner f\u00fcr Agrarfr\u00fcchte entwickelte und vertrieb, wie beispielhaft f\u00fcr die zur <a data-type=\"page\" data-id=\"3926\" href=\"https:\/\/www.industriekultur-krefeld.org\/index.php\/zucker-fabriken-in-uerdingen\/\">Zuckergewinnung<\/a> ben\u00f6tigten Zuckerr\u00fcben. <\/p>\n\n\n\n<figure class=\"wp-block-image size-large\"><img loading=\"lazy\" decoding=\"async\" width=\"1024\" height=\"661\" src=\"https:\/\/www.industriekultur-krefeld.org\/wp-content\/uploads\/image-224-1024x661.png\" alt=\"\" class=\"wp-image-5987\" srcset=\"https:\/\/www.industriekultur-krefeld.org\/wp-content\/uploads\/image-224-1024x661.png 1024w, https:\/\/www.industriekultur-krefeld.org\/wp-content\/uploads\/image-224-300x194.png 300w, https:\/\/www.industriekultur-krefeld.org\/wp-content\/uploads\/image-224-768x496.png 768w, https:\/\/www.industriekultur-krefeld.org\/wp-content\/uploads\/image-224-1536x992.png 1536w, https:\/\/www.industriekultur-krefeld.org\/wp-content\/uploads\/image-224.png 1586w\" sizes=\"auto, (max-width: 767px) 89vw, (max-width: 1000px) 54vw, (max-width: 1071px) 543px, 580px\" \/><figcaption class=\"wp-element-caption\">Fahrbarer B\u00fcttner-Meyer Trockner f\u00fcr die Agrar Verwendung vor Ort<\/figcaption><\/figure>\n\n\n\n<figure class=\"wp-block-image size-large\"><img loading=\"lazy\" decoding=\"async\" width=\"1024\" height=\"711\" src=\"https:\/\/www.industriekultur-krefeld.org\/wp-content\/uploads\/image-223-1024x711.jpeg\" alt=\"\" class=\"wp-image-6897\" srcset=\"https:\/\/www.industriekultur-krefeld.org\/wp-content\/uploads\/image-223-1024x711.jpeg 1024w, https:\/\/www.industriekultur-krefeld.org\/wp-content\/uploads\/image-223-300x208.jpeg 300w, https:\/\/www.industriekultur-krefeld.org\/wp-content\/uploads\/image-223-768x533.jpeg 768w, https:\/\/www.industriekultur-krefeld.org\/wp-content\/uploads\/image-223-1536x1066.jpeg 1536w, https:\/\/www.industriekultur-krefeld.org\/wp-content\/uploads\/image-223.jpeg 1694w\" sizes=\"auto, (max-width: 767px) 89vw, (max-width: 1000px) 54vw, (max-width: 1071px) 543px, 580px\" \/><figcaption class=\"wp-element-caption\">Screenshot<\/figcaption><\/figure>\n\n\n\n<h2 class=\"wp-block-heading has-vivid-red-color has-text-color\">1914 Umzug der B\u00fcttner-Werke zur Parkstra\u00dfe<\/h2>\n\n\n\n<p>1914 reichte der Platz am Rheinufer nicht mehr aus und die B\u00fcttner Werke wechselten zu einem neuen Standort an der Parkstra\u00dfe, auf die andere Seite der Eisenbahnlinie, und erbaute dort eine erheblich gr\u00f6\u00dfere Werksanlage, die in einigen Teilen bis heute noch erhalten ist. Die B\u00fcttner Werke fertigten dort nun eine enorme Palette von Kesselanlagen und Trocknern, von kleinen Anlagen bis zu Installationen f\u00fcr Braunkohle-Gro\u00dfkraftwerke und vertrieb die Produkte weltweit. <\/p>\n\n\n\n<figure class=\"wp-block-image size-large\"><img loading=\"lazy\" decoding=\"async\" width=\"1024\" height=\"707\" src=\"https:\/\/www.industriekultur-krefeld.org\/wp-content\/uploads\/image-225-1738x1200-1-1024x707.jpeg\" alt=\"\" class=\"wp-image-6892\" srcset=\"https:\/\/www.industriekultur-krefeld.org\/wp-content\/uploads\/image-225-1738x1200-1-1024x707.jpeg 1024w, https:\/\/www.industriekultur-krefeld.org\/wp-content\/uploads\/image-225-1738x1200-1-300x207.jpeg 300w, https:\/\/www.industriekultur-krefeld.org\/wp-content\/uploads\/image-225-1738x1200-1-768x530.jpeg 768w, https:\/\/www.industriekultur-krefeld.org\/wp-content\/uploads\/image-225-1738x1200-1-1536x1061.jpeg 1536w, https:\/\/www.industriekultur-krefeld.org\/wp-content\/uploads\/image-225-1738x1200-1.jpeg 1738w\" sizes=\"auto, (max-width: 767px) 89vw, (max-width: 1000px) 54vw, (max-width: 1071px) 543px, 580px\" \/><figcaption class=\"wp-element-caption\">B\u00fcttner Gel\u00e4nde an der Parkstra\u00dfe<\/figcaption><\/figure>\n\n\n\n<p>Das gesamte freigewordene alte Gel\u00e4nde am Rheinufer mit allen Werkshallen und auch die ehemalige <strong>B\u00fcttner Villa<\/strong> \u00fcbernahm die <strong>Speditionsgesellschaft Theodor M\u00fcncker<\/strong> nun vollst\u00e4ndig.<\/p>\n\n\n\n<p>Nach dem Tod August B\u00fcttners 1919 gingen die B\u00fcttner Werke an der Parkstra\u00dfe in Uerdingen,  nach mehreren Zusammenschl\u00fcssen mit anderen Unternehmen, in die B\u00fcttner-Schilde-Haas Aktiengesellschaft (BSH) \u00fcber, und letztendlich im <strong>Babcock-Borsig<\/strong> Konzern auf, der allerdings 2002 in enorme Turbulenzen geriet und zusammenbrach. <\/p>\n\n\n\n<figure class=\"wp-block-image size-large\"><a href=\"https:\/\/www.industriekultur-krefeld.org\/wp-content\/uploads\/image-226.jpeg\"><img loading=\"lazy\" decoding=\"async\" width=\"1024\" height=\"424\" src=\"https:\/\/www.industriekultur-krefeld.org\/wp-content\/uploads\/image-226-1024x424.jpeg\" alt=\"\" class=\"wp-image-6896\" srcset=\"https:\/\/www.industriekultur-krefeld.org\/wp-content\/uploads\/image-226-1024x424.jpeg 1024w, https:\/\/www.industriekultur-krefeld.org\/wp-content\/uploads\/image-226-300x124.jpeg 300w, https:\/\/www.industriekultur-krefeld.org\/wp-content\/uploads\/image-226-768x318.jpeg 768w, https:\/\/www.industriekultur-krefeld.org\/wp-content\/uploads\/image-226-1536x637.jpeg 1536w, https:\/\/www.industriekultur-krefeld.org\/wp-content\/uploads\/image-226-2048x849.jpeg 2048w\" sizes=\"auto, (max-width: 767px) 89vw, (max-width: 1000px) 54vw, (max-width: 1071px) 543px, 580px\" \/><\/a><figcaption class=\"wp-element-caption\">Screenshot<\/figcaption><\/figure>\n\n\n\n<p>Der traditionsreiche Trocknerbau existiert am Standort Krefeld (nicht mehr in Uerdingen) bis heute, als <a href=\"https:\/\/www.buettner-energy-dryer.com\/de\/unternehmen\/geschichte\/\">B\u00fcttner Energie- und Trocknungstechnik<\/a> in der Simpelkamp Gruppe.   <\/p>\n\n\n\n<h2 class=\"wp-block-heading has-vivid-red-color has-text-color\">2001 &#8211; 2024<\/h2>\n\n\n\n<figure class=\"wp-block-image size-large\"><img decoding=\"async\" src=\"https:\/\/www.industriekultur-krefeld.org\/wp-content\/uploads\/LUFTBILD-1024x492.jpg\" alt=\"\" class=\"wp-image-3787\"\/><figcaption class=\"wp-element-caption\">Luftbild der Anlage <em>2020<\/em>, Zustand nach Teilabriss 2001 und Verfall Quelle: YouTube Screenshot<\/figcaption><\/figure>\n\n\n\n<p>Die historischen Backstein-Siloanlagen waren in den 1990ern nach 100 Jahren Betrieb nicht mehr konkurrenzf\u00e4hig. Die Anforderungen an Getreideeinlagerung hatten sich schon lange ge\u00e4ndert, leistungsf\u00e4higere und modernere Anlagen aus Eisenbeton, mit erheblich verbessertem Fassungsverm\u00f6gen wie die beiden Silos der <a data-type=\"page\" data-id=\"1843\" href=\"https:\/\/www.industriekultur-krefeld.org\/index.php\/getreidespeicher-der-crefelder-lagerhausgesellschaft-schou\/\">Lagerhausgesellschaft Schou<\/a> und der <a data-type=\"page\" data-id=\"1893\" href=\"https:\/\/www.industriekultur-krefeld.org\/index.php\/muehlenwerke-gottschalk\/\">M\u00fchlenwerke Gottschalk<\/a> im <a data-type=\"page\" data-id=\"1684\" href=\"https:\/\/www.industriekultur-krefeld.org\/index.php\/rheinhafen-krefeld\/\">Rheinhafen<\/a>, konnten weitaus effektiver arbeiteten.<\/p>\n\n\n<div class=\"wp-block-image is-resized\">\n<figure class=\"alignright size-large\"><img loading=\"lazy\" decoding=\"async\" width=\"1024\" height=\"904\" src=\"https:\/\/www.industriekultur-krefeld.org\/wp-content\/uploads\/image-107-1024x904.png\" alt=\"\" class=\"wp-image-3761\" srcset=\"https:\/\/www.industriekultur-krefeld.org\/wp-content\/uploads\/image-107-1024x904.png 1024w, https:\/\/www.industriekultur-krefeld.org\/wp-content\/uploads\/image-107-300x265.png 300w, https:\/\/www.industriekultur-krefeld.org\/wp-content\/uploads\/image-107-768x678.png 768w, https:\/\/www.industriekultur-krefeld.org\/wp-content\/uploads\/image-107-1536x1357.png 1536w, https:\/\/www.industriekultur-krefeld.org\/wp-content\/uploads\/image-107.png 1662w\" sizes=\"auto, (max-width: 767px) 89vw, (max-width: 1000px) 54vw, (max-width: 1071px) 543px, 580px\" \/><figcaption class=\"wp-element-caption\">B\u00fcttner Villa, Garten, Quelle: <strong>Werkhaus Krefeld e. V.<\/strong> Kulturhafen Projekt, 2005-2007 <a href=\"http:\/\/www.kulturhafen-krefeld.de\/index.php?site=downloads\">mehr<\/a><\/figcaption><\/figure>\n<\/div>\n\n\n<p>Erhaltungsma\u00dfnahmen der Silos auf dem Firmengel\u00e4nde der Speditionsbetriebe M\u00fcncker unterblieben und die in der Substanz dennoch gut erhaltenen beiden Backstein-Silos wurden 2001, noch rasch vor der damals angek\u00fcndigten Denkmal-Unterschutzstellung, durch die Eigent\u00fcmer beseitigt.<\/p>\n\n\n\n<figure class=\"wp-block-image size-large\"><a href=\"https:\/\/www.industriekultur-krefeld.org\/wp-content\/uploads\/08338F3D-3210-4244-95CF-376CD1B19CD4.jpeg\"><img loading=\"lazy\" decoding=\"async\" width=\"458\" height=\"452\" src=\"https:\/\/www.industriekultur-krefeld.org\/wp-content\/uploads\/08338F3D-3210-4244-95CF-376CD1B19CD4-edited.jpeg\" alt=\"\" class=\"wp-image-6184\" srcset=\"https:\/\/www.industriekultur-krefeld.org\/wp-content\/uploads\/08338F3D-3210-4244-95CF-376CD1B19CD4-edited.jpeg 458w, https:\/\/www.industriekultur-krefeld.org\/wp-content\/uploads\/08338F3D-3210-4244-95CF-376CD1B19CD4-edited-300x296.jpeg 300w, https:\/\/www.industriekultur-krefeld.org\/wp-content\/uploads\/08338F3D-3210-4244-95CF-376CD1B19CD4-edited-100x100.jpeg 100w\" sizes=\"auto, (max-width: 458px) 100vw, 458px\" \/><\/a><figcaption class=\"wp-element-caption\"> Abgerissenes Silo, Foto: Klaus Lipinki<\/figcaption><\/figure>\n\n\n\n<h2 class=\"wp-block-heading\">Zustand 2025<\/h2>\n\n\n\n<p>Am Rheinufer wurde unter anderem federf\u00fchrend durch J\u00fcrgen Hengst, damaliger Uerdinger Bezirksvorsteher und langj\u00e4hriger baupolitischer Sprecher der SPD im Rat der Stadt Krefeld, das Uerdinger Neubauprojekt \u201eRheinblick\u201c in einem aufw\u00e4ndigen und jahrelangen Bebauungsplan-Verfahren gegen alle Bedenken umgesetzt. <br>Siehe: <a href=\"https:\/\/web.archive.org\/web\/20250804135001\/https:\/\/www.krefeld.de\/de\/inhalt\/rat-beschliesst-b-plan-zum-rheinblick-neues-leben-fuer-uerdingen\/\" title=\"\">Pressemitteilung der Stadt Krefeld 2023<\/a><\/p>\n\n\n\n<p>Mitte 2024 &#8211; 2025 wurden die Reste der Anlagen an diesem August B\u00fcttner- Standort und auch an dem zweiten Standort an der Parkstrasse (f\u00fcr ein weiteres Neubauprojekt) abger\u00e4umt. <\/p>\n\n\n\n<p>Die B\u00fcttner Villa am Rheinufer ist 2025 noch erhalten, sie ist nicht zug\u00e4nglich und ihr Zustand ist bedenklich. <\/p>\n\n\n\n<p>Heute erinnern in Uerdingen nur noch wenige Ruinen an die weltweite Geschichte der in Uerdingen hergestellten Dampfkessel.<\/p>\n\n\n\n<h2 class=\"wp-block-heading has-vivid-red-color has-text-color\">Mehr lesen<\/h2>\n\n\n\n<p>&#8220;Die Uerdinger Silospeicher-Gesellschaft&#8221; <br>von Dieter Rehbein in<br>Uerdinger Rundschau Nr. 9, Mai 2015, <br><a href=\"https:\/\/www.uerdinger-heimatbund.de\">Uerdinger Heimatbund e.V.<\/a><\/p>\n\n\n\n<p>Zu B\u00fcttner &amp; Co <br><a href=\"http:\/\/www.horst-peterburs.de\/geschichte2.htm\"><\/a><a href=\"http:\/\/www.horst-peterburs.de\/geschichte2.htm\">Industrie in Uerdingen<\/a><br>auf der Website zu Uerdingen von Horst Peterburs<br><br><\/p>\n\n\n\n<div class=\"wp-block-media-text alignwide is-vertically-aligned-top\" style=\"grid-template-columns:47% auto\"><figure class=\"wp-block-media-text__media\"><a href=\"http:\/\/www.rheinische-industriekultur.com\"><img loading=\"lazy\" decoding=\"async\" width=\"685\" height=\"425\" src=\"https:\/\/www.industriekultur-krefeld.org\/wp-content\/uploads\/Logo_IK-KREFELD_2020.png\" alt=\"\" class=\"wp-image-549 size-full\" srcset=\"https:\/\/www.industriekultur-krefeld.org\/wp-content\/uploads\/Logo_IK-KREFELD_2020.png 685w, https:\/\/www.industriekultur-krefeld.org\/wp-content\/uploads\/Logo_IK-KREFELD_2020-300x186.png 300w\" sizes=\"auto, (max-width: 685px) 100vw, 685px\" \/><\/a><\/figure><div class=\"wp-block-media-text__content\">\n<p><a href=\"https:\/\/www.industriekultur-krefeld.org\/index.php\/holtz-willemsen\/\" data-type=\"page\" data-id=\"1288\">Holtz und Willemsen \u00d6lfabrik<\/a><\/p>\n\n\n\n<p><a href=\"https:\/\/www.industriekultur-krefeld.org\/index.php\/rheinwerft-und-zollhof-uerdingen\/\" data-type=\"page\" data-id=\"1005\">Rheinwerft und Zoll<\/a><\/p>\n\n\n\n<p><a href=\"https:\/\/www.industriekultur-krefeld.org\/index.php\/zucker-fabriken-in-uerdingen\/\" data-type=\"page\" data-id=\"3926\">Zuckerindustrie Uerdingens<\/a><\/p>\n<\/div><\/div>\n\n\n\n<div class=\"wp-block-media-text alignwide is-vertically-aligned-top\" style=\"grid-template-columns:47% auto\"><figure class=\"wp-block-media-text__media\"><a href=\"http:\/\/www.rheinische-industriekultur.com\"><img loading=\"lazy\" decoding=\"async\" width=\"340\" height=\"275\" src=\"https:\/\/www.industriekultur-krefeld.org\/wp-content\/uploads\/Button-RI-on-2.png\" alt=\"\" class=\"wp-image-291 size-full\" srcset=\"https:\/\/www.industriekultur-krefeld.org\/wp-content\/uploads\/Button-RI-on-2.png 340w, https:\/\/www.industriekultur-krefeld.org\/wp-content\/uploads\/Button-RI-on-2-300x243.png 300w\" sizes=\"auto, (max-width: 340px) 100vw, 340px\" \/><\/a><\/figure><div class=\"wp-block-media-text__content\">\n<p><a href=\"https:\/\/www.rheinische-industriekultur.com\/seiten\/objekte\/orte\/krefeld\/objekte\/rheinwerft_zollhaus.html\">Uerdinger Rheinwerft mit Zollhaus<\/a><br>von Christoph Becker<\/p>\n\n\n\n<p><a href=\"https:\/\/www.rheinische-industriekultur.com\/seiten\/objekte\/orte\/krefeld\/objekte\/holtz_willemsen.html\">Holtz &amp; Willemsen<\/a><br>von Walter Buschmann<\/p>\n<\/div><\/div>\n","protected":false},"excerpt":{"rendered":"<p>Eines der gro\u00dfen metallverarbeitenden Unternehmen im Rheinland das sich auf Dampfkessel und vor allem Trocknungsanlagen spezialisiert hatte, war das B\u00fcttner Werk in Uerdingen. In der fortschreitenden Industrialisierung brauchte so gut wie jede Fabrik eine verl\u00e4\u00dfliche Dampfmaschine und Agrarprodukte mussten schnell getrocknet werden k\u00f6nnen. B\u00fcttner war daf\u00fcr einer der wichtigen Hersteller und lange ein verl\u00e4\u00dflicher und &hellip; <\/p>\n<p class=\"link-more\"><a href=\"https:\/\/www.industriekultur-krefeld.org\/index.php\/dampkessel-august-buettner\/\" class=\"more-link\"><span class=\"screen-reader-text\">\u201eRheinische R\u00f6hrendampfkesselfabrik August B\u00fcttner &#038; Cie und die Uerdinger Silospeichergesellschaft\u201c <\/span>weiterlesen<\/a><\/p>\n","protected":false},"author":1,"featured_media":3812,"parent":0,"menu_order":32,"comment_status":"open","ping_status":"closed","template":"","meta":{"footnotes":""},"categories":[8],"tags":[47,33,37,41,43],"class_list":["post-1716","page","type-page","status-publish","has-post-thumbnail","hentry","category-uerdingen","tag-uerdingen","tag-lebens-und-genussmittel","tag-gefaehrdet","tag-keine-nutzung","tag-metall"],"_links":{"self":[{"href":"https:\/\/www.industriekultur-krefeld.org\/index.php\/wp-json\/wp\/v2\/pages\/1716","targetHints":{"allow":["GET"]}}],"collection":[{"href":"https:\/\/www.industriekultur-krefeld.org\/index.php\/wp-json\/wp\/v2\/pages"}],"about":[{"href":"https:\/\/www.industriekultur-krefeld.org\/index.php\/wp-json\/wp\/v2\/types\/page"}],"author":[{"embeddable":true,"href":"https:\/\/www.industriekultur-krefeld.org\/index.php\/wp-json\/wp\/v2\/users\/1"}],"replies":[{"embeddable":true,"href":"https:\/\/www.industriekultur-krefeld.org\/index.php\/wp-json\/wp\/v2\/comments?post=1716"}],"version-history":[{"count":108,"href":"https:\/\/www.industriekultur-krefeld.org\/index.php\/wp-json\/wp\/v2\/pages\/1716\/revisions"}],"predecessor-version":[{"id":6978,"href":"https:\/\/www.industriekultur-krefeld.org\/index.php\/wp-json\/wp\/v2\/pages\/1716\/revisions\/6978"}],"wp:featuredmedia":[{"embeddable":true,"href":"https:\/\/www.industriekultur-krefeld.org\/index.php\/wp-json\/wp\/v2\/media\/3812"}],"wp:attachment":[{"href":"https:\/\/www.industriekultur-krefeld.org\/index.php\/wp-json\/wp\/v2\/media?parent=1716"}],"wp:term":[{"taxonomy":"category","embeddable":true,"href":"https:\/\/www.industriekultur-krefeld.org\/index.php\/wp-json\/wp\/v2\/categories?post=1716"},{"taxonomy":"post_tag","embeddable":true,"href":"https:\/\/www.industriekultur-krefeld.org\/index.php\/wp-json\/wp\/v2\/tags?post=1716"}],"curies":[{"name":"wp","href":"https:\/\/api.w.org\/{rel}","templated":true}]}}