{"id":2633,"date":"2021-01-24T15:53:47","date_gmt":"2021-01-24T14:53:47","guid":{"rendered":"https:\/\/www.industriekultur-krefeld.org\/?page_id=2633"},"modified":"2026-01-28T09:27:35","modified_gmt":"2026-01-28T08:27:35","slug":"oelmuehle-boley","status":"publish","type":"page","link":"https:\/\/www.industriekultur-krefeld.org\/index.php\/oelmuehle-boley\/","title":{"rendered":"Oel-Fabriken F. H. Boley, Emil Boley und T. I. Alberdingk S\u00f6hne"},"content":{"rendered":"\n<p>Emil Boley kam 1894 an den Rhein nach Uerdingen, um die ideale Lage am Rhein zu nutzen. Der Transportweg bot neue M\u00f6glichkeiten, die Rohstoffe f\u00fcr die Verarbeitung von Lein\u00f6lsaaten f\u00fcr eine \u00d6lm\u00fchle heranzuf\u00fchren. <\/p>\n\n\n\n<p>Aus seinem Unternehmen und der wenig sp\u00e4ter aus Leeuwarden nach Uerdingen kommenden Lein\u00f6lfirnisfabrik T. I. Alberdingk S\u00f6hne sollte ein bis heute bestehender erfolgreicher Betrieb werden, der nun ein Spezialanbieter f\u00fcr w\u00e4ssrige Bindemittel, Lein\u00f6l und Rizinus\u00f6l ist. <\/p>\n\n\n\n<p>Sehenswert sind die beiden historischen  \u00d6lfabriken am Rheinufer <\/p>\n\n\n\n<!--more-->\n\n\n<div class=\"leaflet-map WPLeafletMap\" style=\"height:400px; width:100%;\"><\/div><script>\nwindow.WPLeafletMapPlugin = window.WPLeafletMapPlugin || [];\nwindow.WPLeafletMapPlugin.push(function WPLeafletMapShortcode() {\/*<script>*\/\nvar baseUrl = atob('aHR0cHM6Ly97c30udGlsZS5vcGVuc3RyZWV0bWFwLm9yZy97en0ve3h9L3t5fS5wbmc=');\nvar base = (!baseUrl && window.MQ) ?\n    window.MQ.mapLayer() : L.tileLayer(baseUrl,\n        L.Util.extend({}, {\n            detectRetina: 1,\n        },\n        {\"subdomains\":\"abc\",\"noWrap\":false,\"maxZoom\":20}        )\n    );\n    var options = L.Util.extend({}, {\n        layers: [base],\n        attributionControl: false\n    },\n    {\"tap\":false,\"zoomControl\":true,\"scrollWheelZoom\":false,\"doubleClickZoom\":true,\"fitBounds\":false,\"minZoom\":1,\"maxZoom\":20,\"maxBounds\":null,\"attribution\":\"<a href=\\\"http:\\\/\\\/leafletjs.com\\\" title=\\\"Eine Javascript-Bibliothek f\\u00fcr interaktive Karten\\\">Leaflet<\\\/a>; \\u00a9 <a href=\\\"http:\\\/\\\/www.openstreetmap.org\\\/copyright\\\">OpenStreetMap<\\\/a> Mitwirkende\"},\n    {});\nwindow.WPLeafletMapPlugin.createMap(options).setView([51.347606,6.657155],15);window.WPLeafletMapPlugin.createScale({});});<\/script>\n<script>\nwindow.WPLeafletMapPlugin = window.WPLeafletMapPlugin || [];\nwindow.WPLeafletMapPlugin.push(function WPLeafletMarkerShortcode() {\/*<script>*\/\nvar map = window.WPLeafletMapPlugin.getCurrentMap();\nvar group = window.WPLeafletMapPlugin.getCurrentGroup();\nvar marker_options = window.WPLeafletMapPlugin.getIconOptions({\"title\":\"\\u00d6lfabrik F.H. Boley\",\"alt\":\"&Ouml;lfabrik F.H. Boley\",\"zIndexOffset\":1000,\"iconUrl\":\"https:\\\/\\\/www.industriekultur-krefeld.org\\\/wp-content\\\/uploads\\\/icon-selected.png\",\"shadowUrl\":\"https:\\\/\\\/unpkg.com\\\/leaflet@1.7.1\\\/dist\\\/images\\\/marker-shadow.png\",\"iconAnchor\":\"20,20\"});\nvar marker = L.marker(\n    [51.350862,6.65409],\n    marker_options\n);\nvar is_image = map.is_image_map;\nif (marker_options.draggable) {\n    marker.on('dragend', function () {\n        var latlng = this.getLatLng();\n        var lat = latlng.lat;\n        var lng = latlng.lng;\n        if (is_image) {\n            console.log('leaflet-marker y=' + lat + ' x=' + lng);\n        } else {\n            console.log('leaflet-marker lat=' + lat + ' lng=' + lng);\n        }\n    });\n}\nmarker.addTo( group );\nmarker.bindPopup(window.WPLeafletMapPlugin.unescape('&lt;a href=\\&quot;https:\/\/www.industriekultur-krefeld.org\/index.php\/oelmuehle-boley\\&quot;&gt; \u00d6lfabrik F.H. Boley &lt;\/a&gt;'));window.WPLeafletMapPlugin.markers.push( marker );\n        });<\/script>\n<script>\nwindow.WPLeafletMapPlugin = window.WPLeafletMapPlugin || [];\nwindow.WPLeafletMapPlugin.push(function WPLeafletMarkerShortcode() {\/*<script>*\/\nvar map = window.WPLeafletMapPlugin.getCurrentMap();\nvar group = window.WPLeafletMapPlugin.getCurrentGroup();\nvar marker_options = window.WPLeafletMapPlugin.getIconOptions({\"title\":\"\\u00d6lm\\u00fchle Emil Boley\",\"alt\":\"&Ouml;lm&uuml;hle Emil Boley\",\"zIndexOffset\":1000,\"iconUrl\":\"https:\\\/\\\/www.industriekultur-krefeld.org\\\/wp-content\\\/uploads\\\/icon-selected.png\",\"shadowUrl\":\"https:\\\/\\\/unpkg.com\\\/leaflet@1.7.1\\\/dist\\\/images\\\/marker-shadow.png\",\"iconAnchor\":\"20,20\"});\nvar marker = L.marker(\n    [51.347606,6.657155],\n    marker_options\n);\nvar is_image = map.is_image_map;\nif (marker_options.draggable) {\n    marker.on('dragend', function () {\n        var latlng = this.getLatLng();\n        var lat = latlng.lat;\n        var lng = latlng.lng;\n        if (is_image) {\n            console.log('leaflet-marker y=' + lat + ' x=' + lng);\n        } else {\n            console.log('leaflet-marker lat=' + lat + ' lng=' + lng);\n        }\n    });\n}\nmarker.addTo( group );\nmarker.bindPopup(window.WPLeafletMapPlugin.unescape('&lt;a href=\\&quot;https:\/\/www.industriekultur-krefeld.org\/index.php\/oelmuehle-boley\\&quot;&gt; \u00d6lm\u00fchle Emil Boley &lt;\/a&gt;'));window.WPLeafletMapPlugin.markers.push( marker );\n        });<\/script>\n<script>\nwindow.WPLeafletMapPlugin = window.WPLeafletMapPlugin || [];\nwindow.WPLeafletMapPlugin.push(function WPLeafletjsonShortcode() {\/*<script>*\/\nvar src = 'https:\/\/www.industriekultur-krefeld.org\/geojson.php';\nvar default_style = {};\nvar rewrite_keys = {\n    stroke : 'color',\n    'stroke-width' : 'weight',\n    'stroke-opacity' : 'opacity',\n    fill : 'fillColor',\n    'fill-opacity' : 'fillOpacity',\n};\n\/\/ htmlspecialchars converts & to \"&amp;\"; maybe unnecessarily, and maybe 3x\nvar ampersandRegex = \/&(?:amp;){1,3}\/g\nvar layer = L.ajaxGeoJson(src.replace(ampersandRegex, '&'), {\n    type: 'json',\n    style : layerStyle,\n    onEachFeature : onEachFeature,\n    pointToLayer: pointToLayer\n});\nvar fitbounds = 0;\nvar circleMarker = 0;\nvar popup_text = window.WPLeafletMapPlugin.unescape(\"&lt;br&gt;&lt;p&gt;&lt;a href=&quot;https:\/\/www.industriekultur-krefeld.org\/index.php\/{name}&quot;&gt;{title}&lt;br \/&gt;&lt;button&gt;&lt;i class=&quot;material-icons&quot;&gt;account_balance&lt;\/i&gt;Ansehen&lt;\/button&gt;&lt;\/a&gt;&lt;a href=&quot;http:\/\/maps.google.com\/maps?q={lat},{lng}&amp;amp;navigate=yes&quot;&gt;&lt;button&gt;&lt;i class=&quot;material-icons&quot;&gt;explore&lt;\/i&gt;Navigation starten&lt;\/button&gt;&lt;\/a&gt;&lt;\/p&gt;&lt;br&gt;&lt;p&gt;\");\nvar popup_property = \"\";\nvar table_view = 0;\nvar group = window.WPLeafletMapPlugin.getCurrentGroup();\nvar markerOptions = window.WPLeafletMapPlugin.getIconOptions({});\nlayer.addTo( group );\nwindow.WPLeafletMapPlugin.geojsons.push( layer );\nif (fitbounds) {\n    layer.on('ready', function () {\n        this.map.fitBounds( this.getBounds() );\n    });\n}\nfunction layerStyle (feature) {\n    var props = feature.properties || {};\n    var style = {};\n    function camelFun (_, first_letter) {\n        return first_letter.toUpperCase();\n    };\n    for (var key in props) {\n        if (key.match('-')) {\n            var camelcase = key.replace(\/-(\\w)\/, camelFun);\n            style[ camelcase ] = props[ key ];\n        }\n        \/\/ rewrite style keys from geojson.io\n        if (rewrite_keys[ key ]) {\n            style[ rewrite_keys[ key ] ] = props[ key ];\n        }\n    }\n    return L.Util.extend(style, default_style);\n}\nfunction onEachFeature (feature, layer) {\n    var props = feature.properties || {};\n    var text;\n    if (table_view) {\n        text = window.WPLeafletMapPlugin.propsToTable(props);\n    } else {\n        text = popup_property\n            ? props[ popup_property ]\n            : window.WPLeafletMapPlugin.template(\n                popup_text, \n                feature.properties\n            );\n    }\n    if (text) {\n        layer.bindPopup( text );\n    }\n}\n    function pointToLayer (feature, latlng) {\n    if (circleMarker) {\n        return L.circleMarker(latlng);\n    }\n    return L.marker(latlng, markerOptions);\n}});<\/script>\n<script>\nwindow.WPLeafletMapPlugin = window.WPLeafletMapPlugin || [];\nwindow.WPLeafletMapPlugin.push(function WPLeafletScaleShortcode() {window.WPLeafletMapPlugin.createScale({\"imperial\":false,\"position\":\"topright\"});});<\/script><\/p>\n\n\n\n<h2 class=\"has-vivid-red-color has-text-color wp-block-heading\">Geschichte und Hintergrund<\/h2>\n\n\n\n<figure class=\"wp-block-image size-large\"><a href=\"https:\/\/www.industriekultur-krefeld.org\/wp-content\/uploads\/9BD9D14E-E5E3-45F9-8374-61E84F29065B_1_105_c.jpeg\"><img loading=\"lazy\" decoding=\"async\" width=\"1024\" height=\"683\" src=\"https:\/\/www.industriekultur-krefeld.org\/wp-content\/uploads\/9BD9D14E-E5E3-45F9-8374-61E84F29065B_1_105_c-1024x683.jpeg\" alt=\"\" class=\"wp-image-2984\" srcset=\"https:\/\/www.industriekultur-krefeld.org\/wp-content\/uploads\/9BD9D14E-E5E3-45F9-8374-61E84F29065B_1_105_c-1024x683.jpeg 1024w, https:\/\/www.industriekultur-krefeld.org\/wp-content\/uploads\/9BD9D14E-E5E3-45F9-8374-61E84F29065B_1_105_c-300x200.jpeg 300w, https:\/\/www.industriekultur-krefeld.org\/wp-content\/uploads\/9BD9D14E-E5E3-45F9-8374-61E84F29065B_1_105_c-768x512.jpeg 768w, https:\/\/www.industriekultur-krefeld.org\/wp-content\/uploads\/9BD9D14E-E5E3-45F9-8374-61E84F29065B_1_105_c.jpeg 1086w\" sizes=\"auto, (max-width: 767px) 89vw, (max-width: 1000px) 54vw, (max-width: 1071px) 543px, 580px\" \/><\/a><\/figure>\n\n\n\n<p>Zur\u00fcckverfolgen l\u00e4sst sich die Geschichte von <strong>Alberdingk Boley<\/strong> bis 1763. In dieser Zeit betreibt Hendrik Alberdingk einen B\u00f6ttcherbetrieb.&nbsp;Als offizielles Gr\u00fcndungsjahr benennt Alberdingk Boley 1772 auf Basis eines belegten Grundst\u00fcckkaufs von Hendrik Alberdingk f\u00fcr ein Firmengeb\u00e4ude in Amsterdam.&nbsp; Aus dem urspr\u00fcnglichen Gewerbe, F\u00e4sser an Walf\u00e4nger zu liefern, entwickelte sich mit der Zeit ein schwunghafter Handel mit Tran und pflanzlichen \u00d6len.<\/p>\n\n\n\n<p> <strong>1798<\/strong> Frederik Alberdingk, der Sohn des Gr\u00fcnders,&nbsp;kaufte drei M\u00fchlen, u.a.&nbsp;f\u00fcr die Verarbeitung von \u00d6lsaaten und Gew\u00fcrzen&nbsp;<\/p>\n\n\n\n<p><strong>1828 <\/strong>er\u00f6ffnete <strong>Franz Heinrich Boley<\/strong>, Sohn eines Wollfabrikanten, in St. T\u00f6nis eine Leinen- und Presstuchweberei.&nbsp;<\/p>\n\n\n\n<div class=\"wp-block-image\"><figure class=\"alignright size-large is-resized\"><a href=\"https:\/\/www.industriekultur-krefeld.org\/wp-content\/uploads\/image-88.png\"><img loading=\"lazy\" decoding=\"async\" src=\"https:\/\/www.industriekultur-krefeld.org\/wp-content\/uploads\/image-88-1024x725.png\" alt=\"\" class=\"wp-image-2997\" width=\"267\" height=\"189\" srcset=\"https:\/\/www.industriekultur-krefeld.org\/wp-content\/uploads\/image-88-1024x725.png 1024w, https:\/\/www.industriekultur-krefeld.org\/wp-content\/uploads\/image-88-300x212.png 300w, https:\/\/www.industriekultur-krefeld.org\/wp-content\/uploads\/image-88-768x544.png 768w, https:\/\/www.industriekultur-krefeld.org\/wp-content\/uploads\/image-88-1536x1087.png 1536w, https:\/\/www.industriekultur-krefeld.org\/wp-content\/uploads\/image-88.png 1800w\" sizes=\"auto, (max-width: 267px) 100vw, 267px\" \/><\/a><figcaption><em>Kartenausschnitt Rheinwerft Uerdingen, 1925: Quelle: Landesarchiv NRW Abteilung Rheinland, RW Karten Nr. 4177<\/em><\/figcaption><\/figure><\/div>\n\n\n\n<p>Die in Leeuwarden, Niederlande, <strong>1879<\/strong> gegr\u00fcndete &#8220;Lein\u00f6lfirnisfabrik T. I. Alberdingk S\u00f6hne&#8221; verlegte <strong>1886 <\/strong>ihren Sitz nach Uerdingen direkt an den Rhein.&nbsp;Der Standort der Fabrik ist zun\u00e4chst am Rheinwerft zwischen <a href=\"https:\/\/www.industriekultur-krefeld.org\/index.php\/rheinwerft-und-zollhof-uerdingen\/\" data-type=\"page\" data-id=\"1005\"><em>Zollamt<\/em> und den Silos die durch die <em>Uerdinger Silo Speicher Gesellschaft<\/em><\/a> erbaut wurden, siehe Karte.<\/p>\n\n\n\n<p>  <\/p>\n\n\n\n<h2 class=\"has-vivid-red-color has-text-color wp-block-heading\">1894 Oel-Fabrik F.H. Boley<\/h2>\n\n\n\n<figure class=\"wp-block-image size-large\"><a href=\"https:\/\/www.industriekultur-krefeld.org\/wp-content\/uploads\/image-86.png\"><img decoding=\"async\" src=\"https:\/\/www.industriekultur-krefeld.org\/wp-content\/uploads\/image-86-1024x595.png\" alt=\"\" class=\"wp-image-2901\"\/><\/a><figcaption>Oelfabrik F. H. Boley im Postkartenformat aus dem Jahr 1919 Quelle: Archiv Alberdingk Boley GmbH<\/figcaption><\/figure>\n\n\n\n<p>Nach einem Brand der bisherigen \u00d6lm\u00fchle in St. T\u00f6nis fasst Emil Boley, der Sohn von Franz Heinrich Boley, den Entschluss, die Fabrik in Uerdingen am Rhein neu aufzubauen. Ein schlagendes Argument dabei ist die Nutzung der Wasserstra\u00dfe. <\/p>\n\n\n\n<div class=\"wp-block-columns is-layout-flex wp-container-core-columns-is-layout-9d6595d7 wp-block-columns-is-layout-flex\">\n<div class=\"wp-block-column is-layout-flow wp-block-column-is-layout-flow\">\n<p>Er benennt sie nach seinem Vater <strong>Oel-Fabrik F. H. Boley<\/strong>. Sie hat 8 Seiherpressen, die in einem einzigen Durchlauf Saat zu \u00d6l pressen und somit die Einsparung von Presstuch erm\u00f6glichen. Hier soll k\u00fcnftig Leinsaat zu \u00d6l verarbeitet werden.<\/p>\n\n\n\n<p>Die Fabrik hat Wasserstra\u00dfen- und Bahnanschluss und ist hochmodern ausgestattet. Die \u00d6lfabrikation und die historischen Geb\u00e4ude sind vom Uerdinger Rheinwerft aus, am Ufer flussauf, bereits nach gut 100m zu erreichen, siehe folgende Karte.<\/p>\n<\/div>\n\n\n\n<div class=\"wp-block-column is-layout-flow wp-block-column-is-layout-flow\"><div class=\"leaflet-map WPLeafletMap\" style=\"height:300px; width:100%;\"><\/div><script>\nwindow.WPLeafletMapPlugin = window.WPLeafletMapPlugin || [];\nwindow.WPLeafletMapPlugin.push(function WPLeafletMapShortcode() {\/*<script>*\/\nvar baseUrl = atob('aHR0cHM6Ly97c30udGlsZS5vcGVuc3RyZWV0bWFwLm9yZy97en0ve3h9L3t5fS5wbmc=');\nvar base = (!baseUrl && window.MQ) ?\n    window.MQ.mapLayer() : L.tileLayer(baseUrl,\n        L.Util.extend({}, {\n            detectRetina: 1,\n        },\n        {\"subdomains\":\"abc\",\"noWrap\":false,\"maxZoom\":20}        )\n    );\n    var options = L.Util.extend({}, {\n        layers: [base],\n        attributionControl: false\n    },\n    {\"tap\":false,\"zoomControl\":true,\"scrollWheelZoom\":false,\"doubleClickZoom\":true,\"fitBounds\":false,\"minZoom\":1,\"maxZoom\":20,\"maxBounds\":null,\"attribution\":\"<a href=\\\"http:\\\/\\\/leafletjs.com\\\" title=\\\"Eine Javascript-Bibliothek f\\u00fcr interaktive Karten\\\">Leaflet<\\\/a>; \\u00a9 <a href=\\\"http:\\\/\\\/www.openstreetmap.org\\\/copyright\\\">OpenStreetMap<\\\/a> Mitwirkende\"},\n    {});\nwindow.WPLeafletMapPlugin.createMap(options).setView([51.350862,6.65409],16);window.WPLeafletMapPlugin.createScale({});});<\/script>\n<script>\nwindow.WPLeafletMapPlugin = window.WPLeafletMapPlugin || [];\nwindow.WPLeafletMapPlugin.push(function WPLeafletMarkerShortcode() {\/*<script>*\/\nvar map = window.WPLeafletMapPlugin.getCurrentMap();\nvar group = window.WPLeafletMapPlugin.getCurrentGroup();\nvar marker_options = window.WPLeafletMapPlugin.getIconOptions({\"title\":\"\\u00d6lfabrik F.H. Boley\",\"alt\":\"&Ouml;lfabrik F.H. Boley\",\"zIndexOffset\":1000,\"iconUrl\":\"https:\\\/\\\/www.industriekultur-krefeld.org\\\/wp-content\\\/uploads\\\/icon-selected.png\",\"shadowUrl\":\"https:\\\/\\\/unpkg.com\\\/leaflet@1.7.1\\\/dist\\\/images\\\/marker-shadow.png\",\"iconAnchor\":\"20,20\"});\nvar marker = L.marker(\n    [51.350862,6.65409],\n    marker_options\n);\nvar is_image = map.is_image_map;\nif (marker_options.draggable) {\n    marker.on('dragend', function () {\n        var latlng = this.getLatLng();\n        var lat = latlng.lat;\n        var lng = latlng.lng;\n        if (is_image) {\n            console.log('leaflet-marker y=' + lat + ' x=' + lng);\n        } else {\n            console.log('leaflet-marker lat=' + lat + ' lng=' + lng);\n        }\n    });\n}\nmarker.addTo( group );\nmarker.bindPopup(window.WPLeafletMapPlugin.unescape('&lt;a href=\\&quot;https:\/\/www.industriekultur-krefeld.org\/index.php\/oelmuehle-boley\\&quot;&gt; \u00d6lfabrik F.H. Boley &lt;\/a&gt;')).openPopup();window.WPLeafletMapPlugin.markers.push( marker );\n        });<\/script>\n<script>\nwindow.WPLeafletMapPlugin = window.WPLeafletMapPlugin || [];\nwindow.WPLeafletMapPlugin.push(function WPLeafletScaleShortcode() {window.WPLeafletMapPlugin.createScale({\"imperial\":false,\"position\":\"topright\"});});<\/script>\n<\/div>\n<\/div>\n\n\n\n<figure class=\"wp-block-image size-large\"><img loading=\"lazy\" decoding=\"async\" width=\"1024\" height=\"768\" src=\"https:\/\/www.industriekultur-krefeld.org\/wp-content\/uploads\/9FBE73F8-09ED-4244-88C8-CE47DF1C75C3_1_105_c.jpeg\" alt=\"\" class=\"wp-image-2982\" srcset=\"https:\/\/www.industriekultur-krefeld.org\/wp-content\/uploads\/9FBE73F8-09ED-4244-88C8-CE47DF1C75C3_1_105_c.jpeg 1024w, https:\/\/www.industriekultur-krefeld.org\/wp-content\/uploads\/9FBE73F8-09ED-4244-88C8-CE47DF1C75C3_1_105_c-300x225.jpeg 300w, https:\/\/www.industriekultur-krefeld.org\/wp-content\/uploads\/9FBE73F8-09ED-4244-88C8-CE47DF1C75C3_1_105_c-768x576.jpeg 768w\" sizes=\"auto, (max-width: 767px) 89vw, (max-width: 1000px) 54vw, (max-width: 1071px) 543px, 580px\" \/><\/figure>\n\n\n\n<p>Um liquide Mittel zu beschaffen, nimmt Emil Boley die Unterst\u00fctzung an von seinem Schwager, <strong>Erich Schuchard<\/strong>, der k\u00fcnftig Teilhaber des Unternehmens ist. <\/p>\n\n\n\n<p>1904 tritt Emil Boley aus dem gemeinsamen Unternehmen aus, alleiniger Eigent\u00fcmer wird somit Erich Schuchard.<\/p>\n\n\n\n<h2 class=\"has-vivid-red-color has-text-color wp-block-heading\">1905 \u00d6lm\u00fchle Emil Boley<\/h2>\n\n\n\n<figure class=\"wp-block-image size-large\"><a href=\"https:\/\/www.industriekultur-krefeld.org\/wp-content\/uploads\/fa72733c.jpg\"><img loading=\"lazy\" decoding=\"async\" width=\"800\" height=\"431\" src=\"https:\/\/www.industriekultur-krefeld.org\/wp-content\/uploads\/fa72733c.jpg\" alt=\"\" class=\"wp-image-2995\" srcset=\"https:\/\/www.industriekultur-krefeld.org\/wp-content\/uploads\/fa72733c.jpg 800w, https:\/\/www.industriekultur-krefeld.org\/wp-content\/uploads\/fa72733c-300x162.jpg 300w, https:\/\/www.industriekultur-krefeld.org\/wp-content\/uploads\/fa72733c-768x414.jpg 768w\" sizes=\"auto, (max-width: 767px) 89vw, (max-width: 1000px) 54vw, (max-width: 1071px) 543px, 580px\" \/><\/a><figcaption><strong>Oelm\u00fchle<\/strong> <strong>Emil Boley<\/strong>, Abbildung aus \u201eDeutsche \u00d6lm\u00fchlen-Industrie\u201c (1925)<\/figcaption><\/figure>\n\n\n\n<figure class=\"wp-block-image size-large\"><a href=\"https:\/\/www.industriekultur-krefeld.org\/wp-content\/uploads\/IMG_7223.jpg\"><img loading=\"lazy\" decoding=\"async\" width=\"1024\" height=\"442\" src=\"https:\/\/www.industriekultur-krefeld.org\/wp-content\/uploads\/IMG_7223-1024x442.jpg\" alt=\"\" class=\"wp-image-4986\" srcset=\"https:\/\/www.industriekultur-krefeld.org\/wp-content\/uploads\/IMG_7223-1024x442.jpg 1024w, https:\/\/www.industriekultur-krefeld.org\/wp-content\/uploads\/IMG_7223-300x129.jpg 300w, https:\/\/www.industriekultur-krefeld.org\/wp-content\/uploads\/IMG_7223-768x331.jpg 768w, https:\/\/www.industriekultur-krefeld.org\/wp-content\/uploads\/IMG_7223-1536x662.jpg 1536w, https:\/\/www.industriekultur-krefeld.org\/wp-content\/uploads\/IMG_7223.jpg 1795w\" sizes=\"auto, (max-width: 767px) 89vw, (max-width: 1000px) 54vw, (max-width: 1071px) 543px, 580px\" \/><\/a><figcaption>Briefkopf, Quelle: <a href=\"https:\/\/web.archive.org\/web\/20251205235430\/https:\/\/www.krefeld.de\/de\/stadtarchiv\/stadtarchiv\/\">Stadtarchiv Krefeld<\/a><\/figcaption><\/figure>\n\n\n\n<figure class=\"wp-block-image size-large\"><img loading=\"lazy\" decoding=\"async\" width=\"1024\" height=\"527\" src=\"https:\/\/www.industriekultur-krefeld.org\/wp-content\/uploads\/image-218-1024x527.png\" alt=\"\" class=\"wp-image-5910\" srcset=\"https:\/\/www.industriekultur-krefeld.org\/wp-content\/uploads\/image-218-1024x527.png 1024w, https:\/\/www.industriekultur-krefeld.org\/wp-content\/uploads\/image-218-300x155.png 300w, https:\/\/www.industriekultur-krefeld.org\/wp-content\/uploads\/image-218-768x396.png 768w, https:\/\/www.industriekultur-krefeld.org\/wp-content\/uploads\/image-218-1536x791.png 1536w, https:\/\/www.industriekultur-krefeld.org\/wp-content\/uploads\/image-218-2048x1055.png 2048w\" sizes=\"auto, (max-width: 767px) 89vw, (max-width: 1000px) 54vw, (max-width: 1071px) 543px, 580px\" \/><figcaption><strong>Oelm\u00fchle<\/strong> <strong>Emil Boley<\/strong><\/figcaption><\/figure>\n\n\n\n<div class=\"wp-block-columns is-layout-flex wp-container-core-columns-is-layout-9d6595d7 wp-block-columns-is-layout-flex\">\n<div class=\"wp-block-column is-layout-flow wp-block-column-is-layout-flow\">\n<p>Unter eigenem Namen gr\u00fcndete Emil Boley 1905 die <strong>\u00d6lm\u00fchle Emil Boley<\/strong> am Eingang des \u201e<a href=\"https:\/\/www.industriekultur-krefeld.org\/index.php\/rheinhafen-krefeld\/\" data-type=\"page\" data-id=\"1684\">Crefelder Hafens<\/a>\u201c. <\/p>\n\n\n\n<p>Die Fabrik war urspr\u00fcnglich auf die Herstellung von Speise\u00f6l und die Verarbeitung von Baumwollsaat ausgerichtet. <\/p>\n\n\n\n<p>Die \u00d6lm\u00fchle Emil Boley liegt unmittelbar neben der <a href=\"https:\/\/www.industriekultur-krefeld.org\/index.php\/rheinbruecke\/\" data-type=\"page\" data-id=\"1968\">Uerdinger Rheinbr\u00fccke<\/a> und ist vom Parkplatz unter der Br\u00fccke zu erreichen. <\/p>\n<\/div>\n\n\n\n<div class=\"wp-block-column is-layout-flow wp-block-column-is-layout-flow\"><div class=\"leaflet-map WPLeafletMap\" style=\"height:300px; width:100%;\"><\/div><script>\nwindow.WPLeafletMapPlugin = window.WPLeafletMapPlugin || [];\nwindow.WPLeafletMapPlugin.push(function WPLeafletMapShortcode() {\/*<script>*\/\nvar baseUrl = atob('aHR0cHM6Ly97c30udGlsZS5vcGVuc3RyZWV0bWFwLm9yZy97en0ve3h9L3t5fS5wbmc=');\nvar base = (!baseUrl && window.MQ) ?\n    window.MQ.mapLayer() : L.tileLayer(baseUrl,\n        L.Util.extend({}, {\n            detectRetina: 1,\n        },\n        {\"subdomains\":\"abc\",\"noWrap\":false,\"maxZoom\":20}        )\n    );\n    var options = L.Util.extend({}, {\n        layers: [base],\n        attributionControl: false\n    },\n    {\"tap\":false,\"zoomControl\":true,\"scrollWheelZoom\":false,\"doubleClickZoom\":true,\"fitBounds\":false,\"minZoom\":1,\"maxZoom\":20,\"maxBounds\":null,\"attribution\":\"<a href=\\\"http:\\\/\\\/leafletjs.com\\\" title=\\\"Eine Javascript-Bibliothek f\\u00fcr interaktive Karten\\\">Leaflet<\\\/a>; \\u00a9 <a href=\\\"http:\\\/\\\/www.openstreetmap.org\\\/copyright\\\">OpenStreetMap<\\\/a> Mitwirkende\"},\n    {});\nwindow.WPLeafletMapPlugin.createMap(options).setView([51.347606,6.657155],16);window.WPLeafletMapPlugin.createScale({});});<\/script>\n<script>\nwindow.WPLeafletMapPlugin = window.WPLeafletMapPlugin || [];\nwindow.WPLeafletMapPlugin.push(function WPLeafletMarkerShortcode() {\/*<script>*\/\nvar map = window.WPLeafletMapPlugin.getCurrentMap();\nvar group = window.WPLeafletMapPlugin.getCurrentGroup();\nvar marker_options = window.WPLeafletMapPlugin.getIconOptions({\"title\":\"\\u00d6lm\\u00fchle Emil Boley\",\"alt\":\"&Ouml;lm&uuml;hle Emil Boley\",\"zIndexOffset\":1000,\"iconUrl\":\"https:\\\/\\\/www.industriekultur-krefeld.org\\\/wp-content\\\/uploads\\\/icon-selected.png\",\"shadowUrl\":\"https:\\\/\\\/unpkg.com\\\/leaflet@1.7.1\\\/dist\\\/images\\\/marker-shadow.png\",\"iconAnchor\":\"20,20\"});\nvar marker = L.marker(\n    [51.347606,6.657155],\n    marker_options\n);\nvar is_image = map.is_image_map;\nif (marker_options.draggable) {\n    marker.on('dragend', function () {\n        var latlng = this.getLatLng();\n        var lat = latlng.lat;\n        var lng = latlng.lng;\n        if (is_image) {\n            console.log('leaflet-marker y=' + lat + ' x=' + lng);\n        } else {\n            console.log('leaflet-marker lat=' + lat + ' lng=' + lng);\n        }\n    });\n}\nmarker.addTo( group );\nmarker.bindPopup(window.WPLeafletMapPlugin.unescape('&lt;a href=\\&quot;https:\/\/www.industriekultur-krefeld.org\/index.php\/oelmuehle-boley\\&quot;&gt; \u00d6lm\u00fchle Emil Boley &lt;\/a&gt;'));window.WPLeafletMapPlugin.markers.push( marker );\n        });<\/script>\n<script>\nwindow.WPLeafletMapPlugin = window.WPLeafletMapPlugin || [];\nwindow.WPLeafletMapPlugin.push(function WPLeafletScaleShortcode() {window.WPLeafletMapPlugin.createScale({\"imperial\":false,\"position\":\"topright\"});});<\/script>\n<\/div>\n<\/div>\n\n\n\n<figure class=\"wp-block-image size-large\"><a href=\"https:\/\/www.industriekultur-krefeld.org\/wp-content\/uploads\/2020\/12\/IMG_4827-scaled.jpg\"><img decoding=\"async\" src=\"https:\/\/www.industriekultur-krefeld.org\/wp-content\/uploads\/2020\/12\/IMG_4827-1024x683.jpg\" alt=\"\" class=\"wp-image-48\"\/><\/a><\/figure>\n\n\n\n<p>Zu dieser Zeit war die Verarbeitung von Baumwollsaat in Deutschland brandneu. Bis zum Beginn des Ersten Weltkriegs entwickelte sich das Unternehmen sehr gut, die Zukunftsperspektiven f\u00fcr die Verarbeitung von Baumwollsaat waren \u00e4u\u00dferst positiv.<\/p>\n\n\n\n<hr class=\"wp-block-separator\"\/>\n\n\n\n<div class=\"wp-block-media-text alignwide is-stacked-on-mobile is-vertically-aligned-top\"><figure class=\"wp-block-media-text__media\"><a href=\"https:\/\/www.industriekultur-krefeld.org\/wp-content\/uploads\/image-87.png\"><img loading=\"lazy\" decoding=\"async\" width=\"452\" height=\"587\" src=\"https:\/\/www.industriekultur-krefeld.org\/wp-content\/uploads\/image-87.png\" alt=\"\" class=\"wp-image-2996 size-full\" srcset=\"https:\/\/www.industriekultur-krefeld.org\/wp-content\/uploads\/image-87.png 452w, https:\/\/www.industriekultur-krefeld.org\/wp-content\/uploads\/image-87-231x300.png 231w\" sizes=\"auto, (max-width: 452px) 100vw, 452px\" \/><\/a><\/figure><div class=\"wp-block-media-text__content\">\n<p class=\"has-normal-font-size\">Ungef\u00e4hr zur gleichen Zeit gelingt es <strong>Johann Bernhard Alberdingk<\/strong>, ein Produkt herauszubringen, das dem bisherigen aus fabrikationstechnischer Sicht haushoch \u00fcberlegen ist.<\/p>\n\n\n\n<p class=\"has-normal-font-size\">Es wird dazu eine Schutzmarke eingetragen: Lein\u00f6lfirnis Marke ALBERDINGK\u00ae, diese gibt es auch heute noch. <\/p>\n\n\n\n<p class=\"has-normal-font-size\">Im weiteren Verlauf der Jahre wird die Herstellung von gebleichtem Lein\u00f6l und Lacklein\u00f6l aufgenommen.<\/p>\n<\/div><\/div>\n\n\n\n<h2 class=\"has-vivid-red-color has-text-color wp-block-heading\">Zusammenschl\u00fcsse<\/h2>\n\n\n\n<p>1921 schliessen sich die Firmen<strong> <\/strong><br><strong>F.H. Boley<\/strong> und <br><strong>T.I. Alberdingk S\u00f6hne<\/strong> <br>zur <strong>Alberdingk-Firnis- und \u00d6lwerke AG<\/strong> zusammen.<\/p>\n\n\n\n<p>1924 erfolgt die Fusion mit der <strong>Oelfabrik Emil Boley<\/strong> zur<br><strong>Vereinigte Uerdinger Oelwerke Alberdingk &amp; Boley AG <\/strong><\/p>\n\n\n\n<figure class=\"wp-block-image size-large\"><a href=\"https:\/\/www.industriekultur-krefeld.org\/wp-content\/uploads\/image-89.png\"><img loading=\"lazy\" decoding=\"async\" width=\"800\" height=\"258\" src=\"https:\/\/www.industriekultur-krefeld.org\/wp-content\/uploads\/image-89.png\" alt=\"\" class=\"wp-image-2998\" srcset=\"https:\/\/www.industriekultur-krefeld.org\/wp-content\/uploads\/image-89.png 800w, https:\/\/www.industriekultur-krefeld.org\/wp-content\/uploads\/image-89-300x97.png 300w, https:\/\/www.industriekultur-krefeld.org\/wp-content\/uploads\/image-89-768x248.png 768w\" sizes=\"auto, (max-width: 767px) 89vw, (max-width: 1000px) 54vw, (max-width: 1071px) 543px, 580px\" \/><\/a><figcaption><strong>Vereinigte Uerdinger Oelwerke Alberdingk &amp; Boley Aktiengesellschaft<\/strong>, <br>Abbildung aus \u201eDeutsche \u00d6lm\u00fchlen-Industrie\u201c (1925)<\/figcaption><\/figure>\n\n\n\n<div class=\"wp-block-media-text alignwide is-stacked-on-mobile\"><figure class=\"wp-block-media-text__media\"><a href=\"https:\/\/www.industriekultur-krefeld.org\/wp-content\/uploads\/image-90.png\"><img loading=\"lazy\" decoding=\"async\" width=\"960\" height=\"674\" src=\"https:\/\/www.industriekultur-krefeld.org\/wp-content\/uploads\/image-90.png\" alt=\"\" class=\"wp-image-2999 size-full\" srcset=\"https:\/\/www.industriekultur-krefeld.org\/wp-content\/uploads\/image-90.png 960w, https:\/\/www.industriekultur-krefeld.org\/wp-content\/uploads\/image-90-300x211.png 300w, https:\/\/www.industriekultur-krefeld.org\/wp-content\/uploads\/image-90-768x539.png 768w\" sizes=\"auto, (max-width: 767px) 89vw, (max-width: 1000px) 54vw, (max-width: 1071px) 543px, 580px\" \/><\/a><\/figure><div class=\"wp-block-media-text__content\">\n<p class=\"has-normal-font-size\">Diese Anzeigen wurden noch von Hand gezeichnet. Anzeige aus den 30er Jahren. Quelle: Archiv Alberdingk Boley GmbH<\/p>\n<\/div><\/div>\n\n\n\n<p>1925 wurde die &#8220;Oelfabrik F.H Boley&#8221; vorerst stillgelegt.<\/p>\n\n\n\n<p><br><\/p>\n\n\n\n<figure class=\"wp-block-image size-large\"><a href=\"https:\/\/www.industriekultur-krefeld.org\/wp-content\/uploads\/image-96.png\"><img loading=\"lazy\" decoding=\"async\" width=\"1024\" height=\"722\" src=\"https:\/\/www.industriekultur-krefeld.org\/wp-content\/uploads\/image-96-1024x722.png\" alt=\"\" class=\"wp-image-3250\" srcset=\"https:\/\/www.industriekultur-krefeld.org\/wp-content\/uploads\/image-96-1024x722.png 1024w, https:\/\/www.industriekultur-krefeld.org\/wp-content\/uploads\/image-96-300x212.png 300w, https:\/\/www.industriekultur-krefeld.org\/wp-content\/uploads\/image-96-768x541.png 768w, https:\/\/www.industriekultur-krefeld.org\/wp-content\/uploads\/image-96-1536x1083.png 1536w, https:\/\/www.industriekultur-krefeld.org\/wp-content\/uploads\/image-96.png 1800w\" sizes=\"auto, (max-width: 767px) 89vw, (max-width: 1000px) 54vw, (max-width: 1071px) 543px, 580px\" \/><\/a><figcaption>Rheinhafen Krefeld, Hafeneinfahrt, rechts <strong>\u00d6lm\u00fchle Emil Boley<\/strong>, <br>nun bereits <strong>Vereinigte Uerdinger Oelwerke Alberdingk &amp; Boley AG<\/strong>. <em>Quelle: Archiv Alberdingk Boley GmbH<\/em><\/figcaption><\/figure>\n\n\n\n<p>1933 gr\u00fcndeten die <strong>Vereinigte Uerdinger Oelwerke Alberdingk &amp; Boley<\/strong> die <strong>Deutsche Rizinus-Oelfabrik Boley &amp; Co.<\/strong>, die fortan auf dem Gel\u00e4nde der <strong>stillgelegten \u00d6lm\u00fchle F. H. Boley<\/strong> eine \u00d6lm\u00fchle zur Verarbeitung von Rizinussaat betrieb.<\/p>\n\n\n\n<p>Ab 1970 entwickelte das Unternehmen einen weiteren Gesch\u00e4ftsbereich mit der Herstellung umweltfreundlicher Bindemittel:<\/p>\n\n\n\n<div class=\"wp-block-columns is-layout-flex wp-container-core-columns-is-layout-9d6595d7 wp-block-columns-is-layout-flex\">\n<div class=\"wp-block-column is-vertically-aligned-top is-layout-flow wp-block-column-is-layout-flow\" style=\"flex-basis:50%\">\n<figure class=\"wp-block-image size-large\"><a href=\"https:\/\/www.industriekultur-krefeld.org\/wp-content\/uploads\/fa72733a.jpg\"><img loading=\"lazy\" decoding=\"async\" width=\"800\" height=\"586\" src=\"https:\/\/www.industriekultur-krefeld.org\/wp-content\/uploads\/fa72733a.jpg\" alt=\"\" class=\"wp-image-3085\" srcset=\"https:\/\/www.industriekultur-krefeld.org\/wp-content\/uploads\/fa72733a.jpg 800w, https:\/\/www.industriekultur-krefeld.org\/wp-content\/uploads\/fa72733a-300x220.jpg 300w, https:\/\/www.industriekultur-krefeld.org\/wp-content\/uploads\/fa72733a-768x563.jpg 768w\" sizes=\"auto, (max-width: 767px) 89vw, (max-width: 1000px) 54vw, (max-width: 1071px) 543px, 580px\" \/><\/a><figcaption><em>Abbildung aus \u201eDeutsche \u00d6lm\u00fchlen-Industrie\u201c (1925)<\/em><\/figcaption><\/figure>\n<\/div>\n\n\n\n<div class=\"wp-block-column is-layout-flow wp-block-column-is-layout-flow\" style=\"flex-basis:50%\">\n<p class=\"has-small-font-size\">1970 Aufnahme der Produktion von Kunststoff-Dispersionen<\/p>\n\n\n\n<p class=\"has-small-font-size\">1985 Aufnahme der Produktion von Polyurethan-Dispersionen auf Wasser-Basis<br><\/p>\n\n\n\n<p class=\"has-small-font-size\">1989 Umwandlung der Firmen Vereinigte Uerdinger Oelwerke und Deutsche Rizinus-Oelfabrik zu einer einheitlichen Kapitalgesellschaft ALBERDINGK BOLEY GmbH<\/p>\n\n\n\n<p class=\"has-small-font-size\">1998 Aufnahme der Produktion von Klebstoff-DispersionenIn den darauffolgenden Jahren bis heute wurden Beteiligungen erworben und weitere Niederlassungen gegr\u00fcndet in Deutschland, USA und China.<\/p>\n\n\n\n<p class=\"has-small-font-size\">2000 Gr\u00fcndung der Alberdingk Boley Inc., Greensboro, NC, USA<\/p>\n\n\n\n<p class=\"has-small-font-size\">2005 Aufnahme der Produktion von 100 % PU-Polyolen<\/p>\n\n\n\n<p class=\"has-small-font-size\">2007 Gr\u00fcndung der Alberdingk Resins Co., Ltd. Shenzhen, China<\/p>\n\n\n\n<p class=\"has-small-font-size\">2018 Gr\u00fcndung der Alberdingk Boley Leuna GmbH, Leuna<\/p>\n\n\n\n<p class=\"has-small-font-size\">2020 \u00dcbernahme der Aktivit\u00e4ten der GER Aquapolymer, W\u00fcrselen, im Bereich der Klebstoffdispersionen<\/p>\n<\/div>\n<\/div>\n\n\n\n<figure class=\"wp-block-image size-large\"><a href=\"https:\/\/www.industriekultur-krefeld.org\/wp-content\/uploads\/image-91.png\"><img loading=\"lazy\" decoding=\"async\" width=\"1024\" height=\"412\" src=\"https:\/\/www.industriekultur-krefeld.org\/wp-content\/uploads\/image-91-1024x412.png\" alt=\"\" class=\"wp-image-3003\" srcset=\"https:\/\/www.industriekultur-krefeld.org\/wp-content\/uploads\/image-91-1024x412.png 1024w, https:\/\/www.industriekultur-krefeld.org\/wp-content\/uploads\/image-91-300x121.png 300w, https:\/\/www.industriekultur-krefeld.org\/wp-content\/uploads\/image-91-768x309.png 768w, https:\/\/www.industriekultur-krefeld.org\/wp-content\/uploads\/image-91.png 1460w\" sizes=\"auto, (max-width: 767px) 89vw, (max-width: 1000px) 54vw, (max-width: 1071px) 543px, 580px\" \/><\/a><\/figure>\n\n\n\n<p>Der Gesch\u00e4ftszweig Pflanzliche \u00d6le in Form von Lein\u00f6l- und Rizinus\u00f6lqualit\u00e4ten besteht bis heute. Im Laufe der Zeit erfolgte St\u00fcck f\u00fcr St\u00fcck eine Erweiterung des Portfolios. <\/p>\n\n\n\n<p>War Alberdingk Boley zu Beginn der Historie eher bekannt als Hersteller nat\u00fcrlicher \u00d6le, so gilt dies heute noch mehr f\u00fcr den Gesch\u00e4ftsbereich der umweltfreundlichen Bindemittel.<\/p>\n\n\n\n<figure class=\"wp-block-gallery has-nested-images columns-default is-cropped wp-block-gallery-2 is-layout-flex wp-block-gallery-is-layout-flex\">\n<figure class=\"wp-block-image size-large\"><a href=\"https:\/\/www.industriekultur-krefeld.org\/wp-content\/uploads\/9FBE73F8-09ED-4244-88C8-CE47DF1C75C3_1_105_c.jpeg\"><img loading=\"lazy\" decoding=\"async\" width=\"1024\" height=\"768\" data-id=\"2982\" src=\"https:\/\/www.industriekultur-krefeld.org\/wp-content\/uploads\/9FBE73F8-09ED-4244-88C8-CE47DF1C75C3_1_105_c.jpeg\" alt=\"\" class=\"wp-image-2982\" srcset=\"https:\/\/www.industriekultur-krefeld.org\/wp-content\/uploads\/9FBE73F8-09ED-4244-88C8-CE47DF1C75C3_1_105_c.jpeg 1024w, https:\/\/www.industriekultur-krefeld.org\/wp-content\/uploads\/9FBE73F8-09ED-4244-88C8-CE47DF1C75C3_1_105_c-300x225.jpeg 300w, https:\/\/www.industriekultur-krefeld.org\/wp-content\/uploads\/9FBE73F8-09ED-4244-88C8-CE47DF1C75C3_1_105_c-768x576.jpeg 768w\" sizes=\"auto, (max-width: 767px) 89vw, (max-width: 1000px) 54vw, (max-width: 1071px) 543px, 580px\" \/><\/a><\/figure>\n\n\n\n<figure class=\"wp-block-image size-large\"><a href=\"https:\/\/www.industriekultur-krefeld.org\/wp-content\/uploads\/F797211B-30B9-48EF-BD36-7384FA1BB8CB_1_105_c.jpeg\"><img loading=\"lazy\" decoding=\"async\" width=\"1024\" height=\"768\" data-id=\"2981\" src=\"https:\/\/www.industriekultur-krefeld.org\/wp-content\/uploads\/F797211B-30B9-48EF-BD36-7384FA1BB8CB_1_105_c.jpeg\" alt=\"\" class=\"wp-image-2981\" srcset=\"https:\/\/www.industriekultur-krefeld.org\/wp-content\/uploads\/F797211B-30B9-48EF-BD36-7384FA1BB8CB_1_105_c.jpeg 1024w, https:\/\/www.industriekultur-krefeld.org\/wp-content\/uploads\/F797211B-30B9-48EF-BD36-7384FA1BB8CB_1_105_c-300x225.jpeg 300w, https:\/\/www.industriekultur-krefeld.org\/wp-content\/uploads\/F797211B-30B9-48EF-BD36-7384FA1BB8CB_1_105_c-768x576.jpeg 768w\" sizes=\"auto, (max-width: 767px) 89vw, (max-width: 1000px) 54vw, (max-width: 1071px) 543px, 580px\" \/><\/a><\/figure>\n\n\n\n<figure class=\"wp-block-image size-large\"><a href=\"https:\/\/www.industriekultur-krefeld.org\/wp-content\/uploads\/EF5BD763-6753-48C0-9C2F-6292E9E70000_1_105_c.jpeg\"><img loading=\"lazy\" decoding=\"async\" width=\"768\" height=\"1024\" data-id=\"2980\" src=\"https:\/\/www.industriekultur-krefeld.org\/wp-content\/uploads\/EF5BD763-6753-48C0-9C2F-6292E9E70000_1_105_c.jpeg\" alt=\"\" class=\"wp-image-2980\" srcset=\"https:\/\/www.industriekultur-krefeld.org\/wp-content\/uploads\/EF5BD763-6753-48C0-9C2F-6292E9E70000_1_105_c.jpeg 768w, https:\/\/www.industriekultur-krefeld.org\/wp-content\/uploads\/EF5BD763-6753-48C0-9C2F-6292E9E70000_1_105_c-225x300.jpeg 225w\" sizes=\"auto, (max-width: 767px) 89vw, (max-width: 1000px) 54vw, (max-width: 1071px) 543px, 580px\" \/><\/a><\/figure>\n<\/figure>\n\n\n\n<p><\/p>\n\n\n\n<h2 class=\"has-vivid-red-color has-text-color wp-block-heading\">Mehr lesen:<\/h2>\n\n\n\n<p><a href=\"http:\/\/www.alberdingk-boley.de\"><strong>Alberdingk-Boley.de<\/strong><\/a><\/p>\n\n\n\n<div class=\"wp-block-columns is-layout-flex wp-container-core-columns-is-layout-9d6595d7 wp-block-columns-is-layout-flex\">\n<div class=\"wp-block-column is-vertically-aligned-top is-layout-flow wp-block-column-is-layout-flow\">\n<figure class=\"wp-block-image size-large\"><a href=\"https:\/\/www.industriekultur-krefeld.org\"><img loading=\"lazy\" decoding=\"async\" width=\"685\" height=\"425\" src=\"https:\/\/www.industriekultur-krefeld.org\/wp-content\/uploads\/Logo_IK-KREFELD_2020.png\" alt=\"\" class=\"wp-image-549\" srcset=\"https:\/\/www.industriekultur-krefeld.org\/wp-content\/uploads\/Logo_IK-KREFELD_2020.png 685w, https:\/\/www.industriekultur-krefeld.org\/wp-content\/uploads\/Logo_IK-KREFELD_2020-300x186.png 300w\" sizes=\"auto, (max-width: 685px) 100vw, 685px\" \/><\/a><\/figure>\n<\/div>\n\n\n\n<div class=\"wp-block-column is-vertically-aligned-top is-layout-flow wp-block-column-is-layout-flow\">\n<p><a href=\"https:\/\/www.industriekultur-krefeld.org\/index.php\/rheinwerft-und-zollhof-uerdingen\/\" data-type=\"page\" data-id=\"1005\">Uerdinger Rheinwerft<\/a><\/p>\n\n\n\n<p><a href=\"https:\/\/www.industriekultur-krefeld.org\/index.php\/rheinbruecke\/\" data-type=\"page\" data-id=\"1968\">Rheinbr\u00fccke<\/a><\/p>\n\n\n\n<p><a href=\"https:\/\/www.industriekultur-krefeld.org\/index.php\/rheinhafen-krefeld\/\" data-type=\"page\" data-id=\"1684\">Rheinhafen Krefeld<\/a><\/p>\n\n\n\n<p><a href=\"https:\/\/www.industriekultur-krefeld.org\/index.php\/drehbruecke-rheinhafen\/\" data-type=\"page\" data-id=\"1687\">Drehbr\u00fccke<\/a><\/p>\n<\/div>\n<\/div>\n","protected":false},"excerpt":{"rendered":"<p>Emil Boley kam 1894 an den Rhein nach Uerdingen, um die ideale Lage am Rhein zu nutzen. Der Transportweg bot neue M\u00f6glichkeiten, die Rohstoffe f\u00fcr die Verarbeitung von Lein\u00f6lsaaten f\u00fcr eine \u00d6lm\u00fchle heranzuf\u00fchren. Aus seinem Unternehmen und der wenig sp\u00e4ter aus Leeuwarden nach Uerdingen kommenden Lein\u00f6lfirnisfabrik T. I. Alberdingk S\u00f6hne sollte ein bis heute bestehender &hellip; <\/p>\n<p class=\"link-more\"><a href=\"https:\/\/www.industriekultur-krefeld.org\/index.php\/oelmuehle-boley\/\" class=\"more-link\"><span class=\"screen-reader-text\">\u201eOel-Fabriken F. H. Boley, Emil Boley und T. I. Alberdingk S\u00f6hne\u201c <\/span>weiterlesen<\/a><\/p>\n","protected":false},"author":1,"featured_media":48,"parent":0,"menu_order":23,"comment_status":"closed","ping_status":"closed","template":"","meta":{"footnotes":""},"categories":[8],"tags":[38,47,31],"class_list":["post-2633","page","type-page","status-publish","has-post-thumbnail","hentry","category-uerdingen","tag-chemie","tag-uerdingen","tag-hafen"],"_links":{"self":[{"href":"https:\/\/www.industriekultur-krefeld.org\/index.php\/wp-json\/wp\/v2\/pages\/2633","targetHints":{"allow":["GET"]}}],"collection":[{"href":"https:\/\/www.industriekultur-krefeld.org\/index.php\/wp-json\/wp\/v2\/pages"}],"about":[{"href":"https:\/\/www.industriekultur-krefeld.org\/index.php\/wp-json\/wp\/v2\/types\/page"}],"author":[{"embeddable":true,"href":"https:\/\/www.industriekultur-krefeld.org\/index.php\/wp-json\/wp\/v2\/users\/1"}],"replies":[{"embeddable":true,"href":"https:\/\/www.industriekultur-krefeld.org\/index.php\/wp-json\/wp\/v2\/comments?post=2633"}],"version-history":[{"count":58,"href":"https:\/\/www.industriekultur-krefeld.org\/index.php\/wp-json\/wp\/v2\/pages\/2633\/revisions"}],"predecessor-version":[{"id":7025,"href":"https:\/\/www.industriekultur-krefeld.org\/index.php\/wp-json\/wp\/v2\/pages\/2633\/revisions\/7025"}],"wp:featuredmedia":[{"embeddable":true,"href":"https:\/\/www.industriekultur-krefeld.org\/index.php\/wp-json\/wp\/v2\/media\/48"}],"wp:attachment":[{"href":"https:\/\/www.industriekultur-krefeld.org\/index.php\/wp-json\/wp\/v2\/media?parent=2633"}],"wp:term":[{"taxonomy":"category","embeddable":true,"href":"https:\/\/www.industriekultur-krefeld.org\/index.php\/wp-json\/wp\/v2\/categories?post=2633"},{"taxonomy":"post_tag","embeddable":true,"href":"https:\/\/www.industriekultur-krefeld.org\/index.php\/wp-json\/wp\/v2\/tags?post=2633"}],"curies":[{"name":"wp","href":"https:\/\/api.w.org\/{rel}","templated":true}]}}