{"id":309,"date":"2021-01-05T21:33:33","date_gmt":"2021-01-05T20:33:33","guid":{"rendered":"https:\/\/www.industriekultur-krefeld.org\/?page_id=309"},"modified":"2024-05-12T11:56:25","modified_gmt":"2024-05-12T09:56:25","slug":"verseidag-hauptverwaltung","status":"publish","type":"page","link":"https:\/\/www.industriekultur-krefeld.org\/index.php\/verseidag-hauptverwaltung\/","title":{"rendered":"Verseidag Hauptverwaltung \/ Stadthaus"},"content":{"rendered":"\n<p>Das von Egon Eiermann 1951-1953 erbaute Geb\u00e4ude diente bis 1977 der Vereinigten Seidenwebereien AG Verseidag) als Hauptverwaltung. Danach wurde es als technische Rathaus der Stadt Krefeld genutzt, bekannt als das &#8220;Stadthaus&#8221;. Es ist ein bedeutendes Baudenkmal der deutschen Nachkriegsarchitektur der 1950er Jahre. <\/p>\n\n\n\n<p>Sehenswert ist insbesondere der markante dreigeschossige Flachbau, mit dem \u00fcber die Vorfahrt ragenden Vordach. <\/p>\n\n\n\n<!--more-->\n\n\n<div class=\"leaflet-map WPLeafletMap\" style=\"height:400px; width:100%;\"><\/div><script>\nwindow.WPLeafletMapPlugin = window.WPLeafletMapPlugin || [];\nwindow.WPLeafletMapPlugin.push(function WPLeafletMapShortcode() {\/*<script>*\/\nvar baseUrl = atob('aHR0cHM6Ly97c30udGlsZS5vcGVuc3RyZWV0bWFwLm9yZy97en0ve3h9L3t5fS5wbmc=');\nvar base = (!baseUrl && window.MQ) ?\n    window.MQ.mapLayer() : L.tileLayer(baseUrl,\n        L.Util.extend({}, {\n            detectRetina: 1,\n        },\n        {\"subdomains\":\"abc\",\"noWrap\":false,\"maxZoom\":20}        )\n    );\n    var options = L.Util.extend({}, {\n        layers: [base],\n        attributionControl: false\n    },\n    {\"tap\":false,\"zoomControl\":true,\"scrollWheelZoom\":false,\"doubleClickZoom\":true,\"fitBounds\":false,\"minZoom\":1,\"maxZoom\":20,\"maxBounds\":null,\"attribution\":\"<a href=\\\"http:\\\/\\\/leafletjs.com\\\" title=\\\"Eine Javascript-Bibliothek f\\u00fcr interaktive Karten\\\">Leaflet<\\\/a>; \\u00a9 <a href=\\\"http:\\\/\\\/www.openstreetmap.org\\\/copyright\\\">OpenStreetMap<\\\/a> Mitwirkende\"},\n    {});\nwindow.WPLeafletMapPlugin.createMap(options).setView([51.3331205,6.5623343],12);window.WPLeafletMapPlugin.createScale({});});<\/script>\n<script>\nwindow.WPLeafletMapPlugin = window.WPLeafletMapPlugin || [];\nwindow.WPLeafletMapPlugin.push(function WPLeafletMarkerShortcode() {\/*<script>*\/\nvar map = window.WPLeafletMapPlugin.getCurrentMap();\nvar group = window.WPLeafletMapPlugin.getCurrentGroup();\nvar marker_options = window.WPLeafletMapPlugin.getIconOptions({\"title\":\"VERSEIDAG Hauptverwaltung\",\"alt\":\"VERSEIDAG Hauptverwaltung\",\"zIndexOffset\":1000,\"iconUrl\":\"https:\\\/\\\/www.industriekultur-krefeld.org\\\/wp-content\\\/uploads\\\/icon-selected.png\",\"shadowUrl\":\"https:\\\/\\\/unpkg.com\\\/leaflet@1.7.1\\\/dist\\\/images\\\/marker-shadow.png\",\"iconAnchor\":\"20,20\"});\nvar marker = L.marker(\n    [51.3397465,6.5446261],\n    marker_options\n);\nvar is_image = map.is_image_map;\nif (marker_options.draggable) {\n    marker.on('dragend', function () {\n        var latlng = this.getLatLng();\n        var lat = latlng.lat;\n        var lng = latlng.lng;\n        if (is_image) {\n            console.log('leaflet-marker y=' + lat + ' x=' + lng);\n        } else {\n            console.log('leaflet-marker lat=' + lat + ' lng=' + lng);\n        }\n    });\n}\nmarker.addTo( group );\nmarker.bindPopup(window.WPLeafletMapPlugin.unescape('&lt;a href=\\&quot;https:\/\/www.industriekultur-krefeld.org\/index.php\/verseidag-hauptverwaltung\/\\&quot;&gt;VERSEIDAG Hauptverwaltung &lt;\/a&gt;')).openPopup();window.WPLeafletMapPlugin.markers.push( marker );\n        });<\/script>\n<script>\nwindow.WPLeafletMapPlugin = window.WPLeafletMapPlugin || [];\nwindow.WPLeafletMapPlugin.push(function WPLeafletjsonShortcode() {\/*<script>*\/\nvar src = 'https:\/\/www.industriekultur-krefeld.org\/geojson.php';\nvar default_style = {};\nvar rewrite_keys = {\n    stroke : 'color',\n    'stroke-width' : 'weight',\n    'stroke-opacity' : 'opacity',\n    fill : 'fillColor',\n    'fill-opacity' : 'fillOpacity',\n};\n\/\/ htmlspecialchars converts & to \"&amp;\"; maybe unnecessarily, and maybe 3x\nvar ampersandRegex = \/&(?:amp;){1,3}\/g\nvar layer = L.ajaxGeoJson(src.replace(ampersandRegex, '&'), {\n    type: 'json',\n    style : layerStyle,\n    onEachFeature : onEachFeature,\n    pointToLayer: pointToLayer\n});\nvar fitbounds = 0;\nvar circleMarker = 0;\nvar popup_text = window.WPLeafletMapPlugin.unescape(\"&lt;br&gt;&lt;p&gt;&lt;a href=&quot;https:\/\/www.industriekultur-krefeld.org\/index.php\/{name}&quot;&gt;{title}&lt;br \/&gt;&lt;button&gt;&lt;i class=&quot;material-icons&quot;&gt;account_balance&lt;\/i&gt;Ansehen&lt;\/button&gt;&lt;\/a&gt;&lt;a href=&quot;http:\/\/maps.google.com\/maps?q={lat},{lng}&amp;amp;navigate=yes&quot;&gt;&lt;button&gt;&lt;i class=&quot;material-icons&quot;&gt;explore&lt;\/i&gt;Navigation starten&lt;\/button&gt;&lt;\/a&gt;&lt;\/p&gt;&lt;br&gt;&lt;p&gt;\");\nvar popup_property = \"\";\nvar table_view = 0;\nvar group = window.WPLeafletMapPlugin.getCurrentGroup();\nvar markerOptions = window.WPLeafletMapPlugin.getIconOptions({});\nlayer.addTo( group );\nwindow.WPLeafletMapPlugin.geojsons.push( layer );\nif (fitbounds) {\n    layer.on('ready', function () {\n        this.map.fitBounds( this.getBounds() );\n    });\n}\nfunction layerStyle (feature) {\n    var props = feature.properties || {};\n    var style = {};\n    function camelFun (_, first_letter) {\n        return first_letter.toUpperCase();\n    };\n    for (var key in props) {\n        if (key.match('-')) {\n            var camelcase = key.replace(\/-(\\w)\/, camelFun);\n            style[ camelcase ] = props[ key ];\n        }\n        \/\/ rewrite style keys from geojson.io\n        if (rewrite_keys[ key ]) {\n            style[ rewrite_keys[ key ] ] = props[ key ];\n        }\n    }\n    return L.Util.extend(style, default_style);\n}\nfunction onEachFeature (feature, layer) {\n    var props = feature.properties || {};\n    var text;\n    if (table_view) {\n        text = window.WPLeafletMapPlugin.propsToTable(props);\n    } else {\n        text = popup_property\n            ? props[ popup_property ]\n            : window.WPLeafletMapPlugin.template(\n                popup_text, \n                feature.properties\n            );\n    }\n    if (text) {\n        layer.bindPopup( text );\n    }\n}\n    function pointToLayer (feature, latlng) {\n    if (circleMarker) {\n        return L.circleMarker(latlng);\n    }\n    return L.marker(latlng, markerOptions);\n}});<\/script>\n<script>\nwindow.WPLeafletMapPlugin = window.WPLeafletMapPlugin || [];\nwindow.WPLeafletMapPlugin.push(function WPLeafletScaleShortcode() {window.WPLeafletMapPlugin.createScale({\"imperial\":false,\"position\":\"topright\"});});<\/script><\/p>\n\n\n\n<h2 class=\"has-vivid-red-color has-text-color wp-block-heading\">Geschichte und Hintergrund<\/h2>\n\n\n\n<figure class=\"wp-block-image size-large\"><a href=\"https:\/\/www.industriekultur-krefeld.org\/wp-content\/uploads\/2021\/01\/IMG_7380-scaled.jpeg\"><img decoding=\"async\" src=\"https:\/\/www.industriekultur-krefeld.org\/wp-content\/uploads\/2021\/01\/IMG_7380-1024x768.jpeg\" alt=\"\" class=\"wp-image-140\"\/><\/a><figcaption>Verseidag Hauptverwaltung. Foto: \u00a9 Christoph Becker<\/figcaption><\/figure>\n\n\n\n<p>Mit dem Neubauvorhaben der <a href=\"https:\/\/www.industriekultur-krefeld.org\/index.php\/verseidag\/\">zentralen Produktionsst\u00e4tte<\/a> f\u00fcr die Verseidag an der Girmesgath, wurde von Mies van der Rohe ein Masterplan f\u00fcr die Bebauung des gesamten Gel\u00e4ndes des erschaffen. Am 500 m von dort entfernten heutigen Konrad-Adenauer-Platz wurde auch eine neue Hauptverwaltung geplant. Mies van der Rohe emigrierte jedoch in die USA  und der 2. Weltkriege unterbrach das Bauvorhaben. <\/p>\n\n\n\n<p>Nach dem Krieg nahm die Produktion schnell wieder Fahrt auf und das Bauvorhaben wurde fortgesetzt. Als Architekt wurde Egon Eiermann gefunden. <\/p>\n\n\n\n<div class=\"wp-block-group alignwide\"><div class=\"wp-block-group__inner-container is-layout-flow wp-block-group-is-layout-flow\">\n<h2 class=\"has-vivid-red-color has-text-color wp-block-heading\">Egon Eiermann<\/h2>\n\n\n\n<div class=\"wp-block-media-text alignwide is-vertically-aligned-top\"><figure class=\"wp-block-media-text__media\"><a href=\"https:\/\/www.industriekultur-krefeld.org\/wp-content\/uploads\/Stamp_Germany_2004_MiNr2421_Egon_Eiermann.jpg\"><img loading=\"lazy\" decoding=\"async\" width=\"420\" height=\"252\" src=\"https:\/\/www.industriekultur-krefeld.org\/wp-content\/uploads\/Stamp_Germany_2004_MiNr2421_Egon_Eiermann.jpg\" alt=\"\" class=\"wp-image-342 size-full\" srcset=\"https:\/\/www.industriekultur-krefeld.org\/wp-content\/uploads\/Stamp_Germany_2004_MiNr2421_Egon_Eiermann.jpg 420w, https:\/\/www.industriekultur-krefeld.org\/wp-content\/uploads\/Stamp_Germany_2004_MiNr2421_Egon_Eiermann-300x180.jpg 300w\" sizes=\"auto, (max-width: 420px) 100vw, 420px\" \/><\/a><\/figure><div class=\"wp-block-media-text__content\">\n<p>Nach seinem dem Architekturstudium an der Technischen Hochschule Berlin bei Hans Poelzig machte sich Eiermann 1931 selbst\u00e4ndig. Die Staatsarchitektur des III. Reichs lehnte Egon Eiermann ab und baute daher gerne f\u00fcr die Industrie. Ihm ging es besonders um die Sichtbarmachung der Funktion, die Einbindung der Bauwerke in die st\u00e4dtebauliche Situation und Gegebenheiten. 1947 ist Eiermann  Professor an der Technischen Hochschule in Karlsruhe. <br><small>Foto:  Carsten Wolff, Bundesministerium der Finanzen und die Deutsche Post AG, Gemeinfrei, <a href=\"https:\/\/commons.wikimedia.org\/w\/index.php?curid=10626806\">Link<\/a><\/small><\/p>\n<\/div><\/div>\n<\/div><\/div>\n\n\n\n<p>Am Konrad Adenauer Platz errichtete Egon Eiermann einen 125 Meter langen  Verwaltungsbau f\u00fcr die B\u00fcros der Unternehmensleitung der Verseidag. Obwohl die L\u00e4nge gewaltig ist, erscheint der Bau im Verh\u00e4ltnis zu seiner geringen Geschossanzahl nicht gedrungen. <\/p>\n\n\n\n<figure class=\"wp-block-image size-large\"><a href=\"https:\/\/www.industriekultur-krefeld.org\/wp-content\/uploads\/stadthaus.jpg\"><img loading=\"lazy\" decoding=\"async\" width=\"1024\" height=\"419\" src=\"https:\/\/www.industriekultur-krefeld.org\/wp-content\/uploads\/stadthaus-1024x419.jpg\" alt=\"\" class=\"wp-image-372\" srcset=\"https:\/\/www.industriekultur-krefeld.org\/wp-content\/uploads\/stadthaus-1024x419.jpg 1024w, https:\/\/www.industriekultur-krefeld.org\/wp-content\/uploads\/stadthaus-300x123.jpg 300w, https:\/\/www.industriekultur-krefeld.org\/wp-content\/uploads\/stadthaus-768x314.jpg 768w, https:\/\/www.industriekultur-krefeld.org\/wp-content\/uploads\/stadthaus-1536x629.jpg 1536w, https:\/\/www.industriekultur-krefeld.org\/wp-content\/uploads\/stadthaus.jpg 1800w\" sizes=\"auto, (max-width: 767px) 89vw, (max-width: 1000px) 54vw, (max-width: 1071px) 543px, 580px\" \/><\/a><figcaption>Stadthaus, 2020, Foto: \u00a9 Christoph Becker<\/figcaption><\/figure>\n\n\n\n<p>Dieses gestaltpr\u00e4gende Element erhielt mit seinem oberen, als Schwingfl\u00fcgel konstruierten Fenster und den beiden unteren Klapp-Verbundfenstern etwas Leichtes und Spielerisches in dem klar durchdeklinierten Fassadenraster. Wie schon Mies bei seinen Verseidag-Bauten entwickelte Eiermann die Fenster, die in limitierter St\u00fcckzahl f\u00fcr diesen Bau angefertigt wurden in Zusammenarbeit mit der Firma Fenestra-Crittall.  Mehr zu den Fenstern ist in Heft 37 &#8220;Moderne Materialien und Konstruktion&#8221; des LVR- Amt f\u00fcr Denkmalpflege im Rheinland zu lesen: <a href=\"https:\/\/web.archive.org\/web\/20231008055842\/https:\/\/denkmalpflege.lvr.de\/\/media\/denkmalpflege\/publikationen\/online_publikationen\/Heft37_Moderne_Materialien_barrierefrei.pdf\">Heft 37 pdf<\/a><\/p>\n\n\n\n<figure class=\"wp-block-image size-large\"><img decoding=\"async\" src=\"https:\/\/www.industriekultur-krefeld.org\/wp-content\/uploads\/2021\/01\/IMG_7379-1024x768.jpeg\" alt=\"\" class=\"wp-image-139\"\/><figcaption>Vordach<em>, 2020, Foto: \u00a9 Christoph Becker<\/em><\/figcaption><\/figure>\n\n\n\n<p>Das langgestreckte Vordach l\u00e4dt zum Besuch ein und nach dem Erklimmen der Treppe wandelt man, einem Mode-Laufsteg gleich, \u00fcber eine Br\u00fccke unter dem schwebenden Dach, dem Eingang entgegen. <\/p>\n\n\n\n<div class=\"wp-block-media-text alignwide is-stacked-on-mobile\"><figure class=\"wp-block-media-text__media\"><img loading=\"lazy\" decoding=\"async\" width=\"900\" height=\"1024\" src=\"https:\/\/www.industriekultur-krefeld.org\/wp-content\/uploads\/fenster_verseidag-900x1024.jpg\" alt=\"\" class=\"wp-image-373 size-full\" srcset=\"https:\/\/www.industriekultur-krefeld.org\/wp-content\/uploads\/fenster_verseidag-900x1024.jpg 900w, https:\/\/www.industriekultur-krefeld.org\/wp-content\/uploads\/fenster_verseidag-264x300.jpg 264w, https:\/\/www.industriekultur-krefeld.org\/wp-content\/uploads\/fenster_verseidag-768x874.jpg 768w, https:\/\/www.industriekultur-krefeld.org\/wp-content\/uploads\/fenster_verseidag.jpg 1288w\" sizes=\"auto, (max-width: 767px) 89vw, (max-width: 1000px) 54vw, (max-width: 1071px) 543px, 580px\" \/><\/figure><div class=\"wp-block-media-text__content\">\n<p>Nun kommen die Eiermann typischen und recht besonderen Fenster ins Sichtfeld. Oberen als Schwingfl\u00fcgel konstruiert, die unteren als Klapp-Verbundfenster. Sie geben der stark gegliederten Fassade eine besondere Leichtigkeit. Aufstellbare Elemente sind als geschickt als Rolll\u00e4den ausgef\u00fchrt. Wie schon Mies van der Rohe bei den <a href=\"https:\/\/www.industriekultur-krefeld.org\/index.php\/verseidag\/\">zentralen Produktionsbetrieben<\/a>, entwickelte Egon Eiermann diese Fenster als Sonderanfertigung mit der Firma Fenestra-Crittall. <\/p>\n<\/div><\/div>\n\n\n\n<p>Anthrazitfarbene Mettlacher Platten bilden den Kontrast zu den wei\u00df gestrichenen Fensterrahmen. Dieses Stilelement sollte sich auch in Eiermanns <a href=\"https:\/\/geo.essen.de\/webdaten\/sta61\/Denkmaeler\/Foto_Htm_und_pdf\/AK1_Lfd_Nr_759.pdf\">Verwaltungsgeb\u00e4ude der  Essener Steinkohlenbergwerke&nbsp;AG<\/a> zeigen, das Geb\u00e4ude wurde ebenso als Stahlbetonkonstruktion im Stil der Nachkriegsmoderne 1956 bis 1960 mit keramischen, diesmal nat\u00fcrlich schwarzen Fliesen und au\u00dfen b\u00fcndig abschlie\u00dfenden Fenstern erbaut.<\/p>\n\n\n\n<figure class=\"wp-block-image size-large\"><img loading=\"lazy\" decoding=\"async\" width=\"1024\" height=\"682\" src=\"https:\/\/www.industriekultur-krefeld.org\/wp-content\/uploads\/Verwaltungsgebaeude_Ruhrkohle-1024x682.jpg\" alt=\"\" class=\"wp-image-374\" srcset=\"https:\/\/www.industriekultur-krefeld.org\/wp-content\/uploads\/Verwaltungsgebaeude_Ruhrkohle-1024x682.jpg 1024w, https:\/\/www.industriekultur-krefeld.org\/wp-content\/uploads\/Verwaltungsgebaeude_Ruhrkohle-300x200.jpg 300w, https:\/\/www.industriekultur-krefeld.org\/wp-content\/uploads\/Verwaltungsgebaeude_Ruhrkohle-768x512.jpg 768w, https:\/\/www.industriekultur-krefeld.org\/wp-content\/uploads\/Verwaltungsgebaeude_Ruhrkohle.jpg 1493w\" sizes=\"auto, (max-width: 767px) 89vw, (max-width: 1000px) 54vw, (max-width: 1071px) 543px, 580px\" \/><figcaption>Verwaltungsgeb\u00e4ude der Essener Steinkohlenbergwerke AG, heute STEAG, Foto: \u00a9<em> <\/em>Wiki05, <a href=\"https:\/\/creativecommons.org\/licenses\/by-sa\/3.0\">CC BY-SA 3.0<\/a>, <a href=\"https:\/\/commons.wikimedia.org\/w\/index.php?curid=17714740\">Link<\/a><\/figcaption><\/figure>\n\n\n\n<p>Eiermann hat in der Folge einige weitere herausragende Geb\u00e4ude erschaffen, besonders erw\u00e4hnenswert sind die Pavillons der Bundesrepublik Deutschland zur Weltausstellung EXPO 1958 in Br\u00fcssel die erstmals nach dem Ende des Weltkrieges zu einem Symbol eines neuen, bescheidenen und weltoffenen Deutschlands der Nachkriegszeit wurden.<\/p>\n\n\n\n<figure class=\"wp-block-image size-large\"><a href=\"https:\/\/www.industriekultur-krefeld.org\/wp-content\/uploads\/Expo_1958_Bruessel__deutscher_Pavillon-scaled.jpg\"><img decoding=\"async\" src=\"https:\/\/www.industriekultur-krefeld.org\/wp-content\/uploads\/Expo_1958_Bruessel__deutscher_Pavillon-1024x704.jpg\" alt=\"\" class=\"wp-image-375\"\/><\/a><figcaption>Foto: \u00a9 Wikipedia, CC BY-SA 4.0, <a href=\"https:\/\/commons.wikimedia.org\/w\/index.php?curid=36802996\">Link<\/a><\/figcaption><\/figure>\n\n\n\n<p>Egon Eiermanns weitere Geb\u00e4ude wie z. B. die Ged\u00e4chtniskirche in Berlin 1959-1963, die Deutsche Botschaft in Washington D. C. 1959\u20131964, das Abgeordnetenhochhaus des deutschen Bundestags in Bonn (der &#8220;lange Eugen&#8221;) 1965\u20131969, die Olivetti-Hochh\u00e4user in Frankfurt\/Main 1968\u20131972 als kurze Auswahl zeigen, welches bauhistorische Juwel in Krefeld erschaffen wurde und wie einflussreich Eiermann als Professor war. Er pr\u00e4gte eine ganze Generation junger Architekten.<\/p>\n\n\n\n<h2 class=\"has-vivid-red-color has-text-color wp-block-heading\">Das Stadthaus der Stadt Krefeld<\/h2>\n\n\n\n<figure class=\"wp-block-gallery columns-6 is-cropped wp-block-gallery-2 is-layout-flex wp-block-gallery-is-layout-flex\"><ul class=\"blocks-gallery-grid\"><li class=\"blocks-gallery-item\"><figure><a href=\"https:\/\/www.industriekultur-krefeld.org\/wp-content\/uploads\/IMG_9439-scaled.jpeg\"><img decoding=\"async\" src=\"https:\/\/www.industriekultur-krefeld.org\/wp-content\/uploads\/IMG_9439-1024x768.jpeg\" alt=\"\" data-id=\"5443\" data-full-url=\"https:\/\/www.industriekultur-krefeld.org\/wp-content\/uploads\/IMG_9439-scaled.jpeg\" data-link=\"https:\/\/www.industriekultur-krefeld.org\/index.php\/verseidag-hauptverwaltung\/img_9439\/\" class=\"wp-image-5443\"\/><\/a><\/figure><\/li><li class=\"blocks-gallery-item\"><figure><a href=\"https:\/\/www.industriekultur-krefeld.org\/wp-content\/uploads\/IMG_9450-scaled.jpeg\"><img decoding=\"async\" src=\"https:\/\/www.industriekultur-krefeld.org\/wp-content\/uploads\/IMG_9450-1024x768.jpeg\" alt=\"\" data-id=\"5445\" data-full-url=\"https:\/\/www.industriekultur-krefeld.org\/wp-content\/uploads\/IMG_9450-scaled.jpeg\" data-link=\"https:\/\/www.industriekultur-krefeld.org\/index.php\/verseidag-hauptverwaltung\/img_9450\/\" class=\"wp-image-5445\"\/><\/a><\/figure><\/li><li class=\"blocks-gallery-item\"><figure><a href=\"https:\/\/www.industriekultur-krefeld.org\/wp-content\/uploads\/IMG_9440-scaled.jpeg\"><img decoding=\"async\" src=\"https:\/\/www.industriekultur-krefeld.org\/wp-content\/uploads\/IMG_9440-1024x768.jpeg\" alt=\"\" data-id=\"5444\" data-full-url=\"https:\/\/www.industriekultur-krefeld.org\/wp-content\/uploads\/IMG_9440-scaled.jpeg\" data-link=\"https:\/\/www.industriekultur-krefeld.org\/index.php\/verseidag-hauptverwaltung\/img_9440\/\" class=\"wp-image-5444\"\/><\/a><\/figure><\/li><li class=\"blocks-gallery-item\"><figure><a href=\"https:\/\/www.industriekultur-krefeld.org\/wp-content\/uploads\/IMG_9452-scaled.jpeg\"><img decoding=\"async\" src=\"https:\/\/www.industriekultur-krefeld.org\/wp-content\/uploads\/IMG_9452-1024x768.jpeg\" alt=\"\" data-id=\"5447\" data-full-url=\"https:\/\/www.industriekultur-krefeld.org\/wp-content\/uploads\/IMG_9452-scaled.jpeg\" data-link=\"https:\/\/www.industriekultur-krefeld.org\/index.php\/verseidag-hauptverwaltung\/img_9452\/\" class=\"wp-image-5447\"\/><\/a><\/figure><\/li><li class=\"blocks-gallery-item\"><figure><a href=\"https:\/\/www.industriekultur-krefeld.org\/wp-content\/uploads\/IMG_9455-scaled.jpeg\"><img decoding=\"async\" src=\"https:\/\/www.industriekultur-krefeld.org\/wp-content\/uploads\/IMG_9455-768x1024.jpeg\" alt=\"\" data-id=\"5449\" data-full-url=\"https:\/\/www.industriekultur-krefeld.org\/wp-content\/uploads\/IMG_9455-scaled.jpeg\" data-link=\"https:\/\/www.industriekultur-krefeld.org\/index.php\/verseidag-hauptverwaltung\/img_9455\/\" class=\"wp-image-5449\"\/><\/a><\/figure><\/li><li class=\"blocks-gallery-item\"><figure><a href=\"https:\/\/www.industriekultur-krefeld.org\/wp-content\/uploads\/IMG_9454-scaled.jpeg\"><img decoding=\"async\" src=\"https:\/\/www.industriekultur-krefeld.org\/wp-content\/uploads\/IMG_9454-1024x768.jpeg\" alt=\"\" data-id=\"5448\" data-full-url=\"https:\/\/www.industriekultur-krefeld.org\/wp-content\/uploads\/IMG_9454-scaled.jpeg\" data-link=\"https:\/\/www.industriekultur-krefeld.org\/index.php\/verseidag-hauptverwaltung\/img_9454\/\" class=\"wp-image-5448\"\/><\/a><\/figure><\/li><li class=\"blocks-gallery-item\"><figure><a href=\"https:\/\/www.industriekultur-krefeld.org\/wp-content\/uploads\/IMG_9451-scaled.jpeg\"><img decoding=\"async\" src=\"https:\/\/www.industriekultur-krefeld.org\/wp-content\/uploads\/IMG_9451-1024x768.jpeg\" alt=\"\" data-id=\"5446\" data-full-url=\"https:\/\/www.industriekultur-krefeld.org\/wp-content\/uploads\/IMG_9451-scaled.jpeg\" data-link=\"https:\/\/www.industriekultur-krefeld.org\/index.php\/verseidag-hauptverwaltung\/img_9451\/\" class=\"wp-image-5446\"\/><\/a><\/figure><\/li><\/ul><figcaption class=\"blocks-gallery-caption\"><em>Fotos: \u00a9 Christoph Becker<\/em><\/figcaption><\/figure>\n\n\n\n<p>Betroffen von der Krise in der Textilindustrie in den 1960er-1970er Jahren, baute die Verseidag in der Folge in gro\u00dfen Umfang Stellen ab. Bereits 1968 wurde die Villa Haus Lange an die Stadt ver\u00e4u\u00dfert, 1976 Haus Esters. Auch der Geb\u00e4udekomplex am Konrad-Adenauer-Platz kam an die Stadt Krefeld. Die als \u201a<strong>Stadthaus<\/strong>\u2018 bezeichnete Liegenschaft wurde von 1979-81 zum technischen Rathaus umgebaut und wird in Teilbereichen bis heute genutzt. <\/p>\n\n\n\n<figure class=\"wp-block-image size-large\"><img decoding=\"async\" src=\"https:\/\/www.industriekultur-krefeld.org\/wp-content\/uploads\/IMG_9443-1024x768.jpeg\" alt=\"\" class=\"wp-image-5440\"\/><figcaption>Stadthaus Komplex, Seitenansicht, 2021,  <em>Foto: \u00a9 Christoph Becker<\/em><\/figcaption><\/figure>\n\n\n\n<h2 class=\"has-vivid-red-color has-text-color wp-block-heading\">Erhalt<\/h2>\n\n\n\n<p>Unter der \u00dcberschrift &#8220;Rechenk\u00fcnstler am Werk&#8221; titelt die <a href=\"https:\/\/www.db-bauzeitung.de\/db-metamorphose\/stadthaus-krefeld-eiermann\/\">deutsche Bauzeitung<\/a> am 09.09.2019: &#8220;<em>Jahrelang hat sie am Unterhalt gespart und ihren Verwaltungsbau von Egon Eiermann herunterkommen lassen. Nun kehrt die Stadt Krefeld dem Geb\u00e4ude endg\u00fcltig den R\u00fccken, statt es denkmalgerecht instandzusetzen \u2013 eine kultur- und finanzpolitische Farce.<\/em>&#8221; Das Geb\u00e4ude soll nach dem <strong>Sankt-Florian-Prinzip<\/strong> verkauft werden, der Erhaltungszustand ist bereits kritisch.<\/p>\n\n\n\n<p>Darf die Stadt Krefeld das Stadthaus \u00fcberhaupt behalten? Eher nicht.<\/p>\n\n\n\n<h2 class=\"has-vivid-red-color has-text-color wp-block-heading\">Mehr zum Stadthaus unter <\/h2>\n\n\n\n<p><br><a href=\"https:\/\/www.industriekultur-krefeld.org\/index.php\/verseidag-hauptverwaltung\/\">https:\/\/www.industriekultur-krefeld.org\/index.php\/verseidag-hauptverwaltung\/&nbsp;<\/a><\/p>\n\n\n\n<p>und&nbsp;<\/p>\n\n\n\n<p><a href=\"https:\/\/www.rheinische-industriekultur.com\/seiten\/objekte\/orte\/krefeld\/objekte\/verseidag_verwaltung.html\">https:\/\/www.rheinische-industriekultur.com\/seiten\/objekte\/orte\/krefeld\/objekte\/verseidag_verwaltung.html<\/a><\/p>\n\n\n\n<p>Und im Expos\u00e9 zum Verkauf&nbsp;<br><a href=\"https:\/\/web.archive.org\/web\/20210814095700if_\/https:\/\/www.krefeld.de\/c1257cbd001f275f\/files\/expose_stadthaus_stand_30.07.2021.pdf\/$file\/expose_stadthaus_stand_30.07.2021.pdf?openelement\">http:\/\/web.archive.org\/web\/20210814095700\/https:\/\/www.krefeld.de\/c1257cbd001f275f\/files\/expose_stadthaus_stand_30.07.2021.pdf\/$file\/expose_stadthaus_stand_30.07.2021.pdf?openelement<\/a><\/p>\n\n\n\n<p><strong>Fenster im Baudenkmal:<\/strong><br>Wert \u2013 Pflege \u2013 Reparatur<br>Dokumentation zum 25. K\u00f6lner Gespr\u00e4ch zu Architektur und Denkmalplege in Brauweiler, 13. November 2017:<\/p>\n\n\n\n<div data-wp-interactive=\"core\/file\" class=\"wp-block-file\"><object data-wp-bind--hidden=\"!state.hasPdfPreview\" hidden class=\"wp-block-file__embed\" data=\"https:\/\/www.industriekultur-krefeld.org\/wp-content\/uploads\/Stahlfenster_von_Fenestra-Crittall_in_de.pdf\" type=\"application\/pdf\" style=\"width:100%;height:600px\" aria-label=\"Einbettung von Einbettung von Stahlfenster_von_Fenestra-Crittall_in_de..\"><\/object><a href=\"https:\/\/www.industriekultur-krefeld.org\/wp-content\/uploads\/Stahlfenster_von_Fenestra-Crittall_in_de.pdf\">Stahlfenster_von_Fenestra-Crittall_in_de<\/a><a href=\"https:\/\/www.industriekultur-krefeld.org\/wp-content\/uploads\/Stahlfenster_von_Fenestra-Crittall_in_de.pdf\" class=\"wp-block-file__button\" download>Herunterladen<\/a><\/div>\n\n\n\n<div class=\"wp-block-columns is-layout-flex wp-container-core-columns-is-layout-9d6595d7 wp-block-columns-is-layout-flex\">\n<div class=\"wp-block-column is-vertically-aligned-top is-layout-flow wp-block-column-is-layout-flow\">\n<figure class=\"wp-block-image size-large\"><a href=\"https:\/\/www.industriekultur-krefeld.org\"><img loading=\"lazy\" decoding=\"async\" width=\"685\" height=\"425\" src=\"https:\/\/www.industriekultur-krefeld.org\/wp-content\/uploads\/Logo_IK-KREFELD_2020.png\" alt=\"\" class=\"wp-image-549\" srcset=\"https:\/\/www.industriekultur-krefeld.org\/wp-content\/uploads\/Logo_IK-KREFELD_2020.png 685w, https:\/\/www.industriekultur-krefeld.org\/wp-content\/uploads\/Logo_IK-KREFELD_2020-300x186.png 300w\" sizes=\"auto, (max-width: 685px) 100vw, 685px\" \/><\/a><\/figure>\n<\/div>\n\n\n\n<div class=\"wp-block-column is-vertically-aligned-top is-layout-flow wp-block-column-is-layout-flow\">\n<p><a href=\"https:\/\/www.industriekultur-krefeld.org\/index.php\/verseidag\/\" data-type=\"page\" data-id=\"153\">Verseidag <br>zentraler Produktionsstandort<\/a><\/p>\n<\/div>\n<\/div>\n\n\n\n<div class=\"wp-block-media-text alignwide is-vertically-aligned-top\" style=\"grid-template-columns:47% auto\"><figure class=\"wp-block-media-text__media\"><img loading=\"lazy\" decoding=\"async\" width=\"340\" height=\"275\" src=\"https:\/\/www.industriekultur-krefeld.org\/wp-content\/uploads\/Button-RI-on-2.png\" alt=\"\" class=\"wp-image-291 size-full\" srcset=\"https:\/\/www.industriekultur-krefeld.org\/wp-content\/uploads\/Button-RI-on-2.png 340w, https:\/\/www.industriekultur-krefeld.org\/wp-content\/uploads\/Button-RI-on-2-300x243.png 300w\" sizes=\"auto, (max-width: 340px) 100vw, 340px\" \/><\/figure><div class=\"wp-block-media-text__content\">\n<p><strong>Vereinigte Seidenwebereien AG<\/strong><\/p>\n\n\n\n<p><a href=\"https:\/\/rheinische-industriekultur.com\/seiten\/objekte\/orte\/krefeld\/objekte\/verseidag.html\">Geschichte<br><\/a>von Stefanie van de Kerkhof<\/p>\n\n\n\n<p><a href=\"https:\/\/rheinische-industriekultur.com\/seiten\/objekte\/orte\/krefeld\/objekte\/ver_seid_ag.html\">Bauwerke&nbsp;<\/a><br>von Denise Hesselmann <br>und  Henning Bleul&nbsp;<br>&nbsp;&nbsp;<br><a href=\"https:\/\/www.rheinische-industriekultur.com\/seiten\/objekte\/orte\/krefeld\/objekte\/verseidag_verwaltung.html\">Hauptverwaltung&nbsp;<\/a><br>(Stadthaus) <br>von Sabine Lepsky<\/p>\n\n\n\n<p><a href=\"https:\/\/www.rheinische-industriekultur.com\/seiten\/objekte\/orte\/krefeld\/objekte\/verseidag_produktion.html\">Zentrale Betriebsst\u00e4tte<\/a> <br>von Sabine Lepsky<\/p>\n<\/div><\/div>\n","protected":false},"excerpt":{"rendered":"<p>Das von Egon Eiermann 1951-1953 erbaute Geb\u00e4ude diente bis 1977 der Vereinigten Seidenwebereien AG Verseidag) als Hauptverwaltung. Danach wurde es als technische Rathaus der Stadt Krefeld genutzt, bekannt als das &#8220;Stadthaus&#8221;. Es ist ein bedeutendes Baudenkmal der deutschen Nachkriegsarchitektur der 1950er Jahre. Sehenswert ist insbesondere der markante dreigeschossige Flachbau, mit dem \u00fcber die Vorfahrt ragenden &hellip; <\/p>\n<p class=\"link-more\"><a href=\"https:\/\/www.industriekultur-krefeld.org\/index.php\/verseidag-hauptverwaltung\/\" class=\"more-link\"><span class=\"screen-reader-text\">\u201eVerseidag Hauptverwaltung \/ Stadthaus\u201c <\/span>weiterlesen<\/a><\/p>\n","protected":false},"author":1,"featured_media":139,"parent":0,"menu_order":53,"comment_status":"open","ping_status":"closed","template":"","meta":{"footnotes":""},"categories":[5],"tags":[37,44,46,67],"class_list":["post-309","page","type-page","status-publish","has-post-thumbnail","hentry","category-krefeld-nord","tag-gefaehrdet","tag-textil","tag-moderne","tag-sankt-florian-prinzip"],"_links":{"self":[{"href":"https:\/\/www.industriekultur-krefeld.org\/index.php\/wp-json\/wp\/v2\/pages\/309","targetHints":{"allow":["GET"]}}],"collection":[{"href":"https:\/\/www.industriekultur-krefeld.org\/index.php\/wp-json\/wp\/v2\/pages"}],"about":[{"href":"https:\/\/www.industriekultur-krefeld.org\/index.php\/wp-json\/wp\/v2\/types\/page"}],"author":[{"embeddable":true,"href":"https:\/\/www.industriekultur-krefeld.org\/index.php\/wp-json\/wp\/v2\/users\/1"}],"replies":[{"embeddable":true,"href":"https:\/\/www.industriekultur-krefeld.org\/index.php\/wp-json\/wp\/v2\/comments?post=309"}],"version-history":[{"count":57,"href":"https:\/\/www.industriekultur-krefeld.org\/index.php\/wp-json\/wp\/v2\/pages\/309\/revisions"}],"predecessor-version":[{"id":6558,"href":"https:\/\/www.industriekultur-krefeld.org\/index.php\/wp-json\/wp\/v2\/pages\/309\/revisions\/6558"}],"wp:featuredmedia":[{"embeddable":true,"href":"https:\/\/www.industriekultur-krefeld.org\/index.php\/wp-json\/wp\/v2\/media\/139"}],"wp:attachment":[{"href":"https:\/\/www.industriekultur-krefeld.org\/index.php\/wp-json\/wp\/v2\/media?parent=309"}],"wp:term":[{"taxonomy":"category","embeddable":true,"href":"https:\/\/www.industriekultur-krefeld.org\/index.php\/wp-json\/wp\/v2\/categories?post=309"},{"taxonomy":"post_tag","embeddable":true,"href":"https:\/\/www.industriekultur-krefeld.org\/index.php\/wp-json\/wp\/v2\/tags?post=309"}],"curies":[{"name":"wp","href":"https:\/\/api.w.org\/{rel}","templated":true}]}}