{"id":3864,"date":"2021-02-10T17:40:06","date_gmt":"2021-02-10T16:40:06","guid":{"rendered":"https:\/\/www.industriekultur-krefeld.org\/?page_id=3864"},"modified":"2023-05-13T13:43:31","modified_gmt":"2023-05-13T11:43:31","slug":"herberz-haeuser-am-marktplatz","status":"publish","type":"page","link":"https:\/\/www.industriekultur-krefeld.org\/index.php\/herberz-haeuser-am-marktplatz\/","title":{"rendered":"Herberz H\u00e4user am Marktplatz"},"content":{"rendered":"\n<p>Die Familie Herberz hat Uerdingen als Kaufleute, Grund- und Grundst\u00fccksbesitzer und als Zucker-Industrielle nachhaltig gepr\u00e4gt. Die bekannteste Hinterlassenschaft der Familie ist das klassizistische Wohnhaus am Uerdinger Marktplatzes.<\/p>\n\n\n\n<p>Sehenswert sind die H\u00e4user am Marktplatz, insbesondere auch das Innere des ersten und zweiten der H\u00e4user, heute als Rathaus und Apotheke in Umnutzung.<\/p>\n\n\n\n<!--more-->\n\n\n<div class=\"leaflet-map WPLeafletMap\" style=\"height:400px; width:100%;\"><\/div><script>\nwindow.WPLeafletMapPlugin = window.WPLeafletMapPlugin || [];\nwindow.WPLeafletMapPlugin.push(function WPLeafletMapShortcode() {\/*<script>*\/\nvar baseUrl = atob('aHR0cHM6Ly97c30udGlsZS5vcGVuc3RyZWV0bWFwLm9yZy97en0ve3h9L3t5fS5wbmc=');\nvar base = (!baseUrl && window.MQ) ?\n    window.MQ.mapLayer() : L.tileLayer(baseUrl,\n        L.Util.extend({}, {\n            detectRetina: 1,\n        },\n        {\"subdomains\":\"abc\",\"noWrap\":false,\"maxZoom\":20}        )\n    );\n    var options = L.Util.extend({}, {\n        layers: [base],\n        attributionControl: false\n    },\n    {\"tap\":false,\"zoomControl\":true,\"scrollWheelZoom\":false,\"doubleClickZoom\":true,\"fitBounds\":false,\"minZoom\":1,\"maxZoom\":20,\"maxBounds\":null,\"attribution\":\"<a href=\\\"http:\\\/\\\/leafletjs.com\\\" title=\\\"Eine Javascript-Bibliothek f\\u00fcr interaktive Karten\\\">Leaflet<\\\/a>; \\u00a9 <a href=\\\"http:\\\/\\\/www.openstreetmap.org\\\/copyright\\\">OpenStreetMap<\\\/a> Mitwirkende\"},\n    {});\nwindow.WPLeafletMapPlugin.createMap(options).setView([51.3563656,6.6495971],13);window.WPLeafletMapPlugin.createScale({});});<\/script>\n<script>\nwindow.WPLeafletMapPlugin = window.WPLeafletMapPlugin || [];\nwindow.WPLeafletMapPlugin.push(function WPLeafletMarkerShortcode() {\/*<script>*\/\nvar map = window.WPLeafletMapPlugin.getCurrentMap();\nvar group = window.WPLeafletMapPlugin.getCurrentGroup();\nvar marker_options = window.WPLeafletMapPlugin.getIconOptions({\"title\":\"Herberz H\\u00e4user\",\"alt\":\"Herberz H&auml;user\",\"zIndexOffset\":1000,\"iconUrl\":\"https:\\\/\\\/www.industriekultur-krefeld.org\\\/wp-content\\\/uploads\\\/icon-selected.png\",\"shadowUrl\":\"https:\\\/\\\/unpkg.com\\\/leaflet@1.7.1\\\/dist\\\/images\\\/marker-shadow.png\",\"iconAnchor\":\"20,20\"});\nvar marker = L.marker(\n    [51.353846,6.649517],\n    marker_options\n);\nvar is_image = map.is_image_map;\nif (marker_options.draggable) {\n    marker.on('dragend', function () {\n        var latlng = this.getLatLng();\n        var lat = latlng.lat;\n        var lng = latlng.lng;\n        if (is_image) {\n            console.log('leaflet-marker y=' + lat + ' x=' + lng);\n        } else {\n            console.log('leaflet-marker lat=' + lat + ' lng=' + lng);\n        }\n    });\n}\nmarker.addTo( group );\nmarker.bindPopup(window.WPLeafletMapPlugin.unescape('&lt;a href=\\&quot;https:\/\/www.industriekultur-krefeld.org\/index.php\/herberz-haeuser-am-marktplatz\\&quot;&gt; Herberz H\u00e4user &lt;\/a&gt;')).openPopup();window.WPLeafletMapPlugin.markers.push( marker );\n        });<\/script>\n<script>\nwindow.WPLeafletMapPlugin = window.WPLeafletMapPlugin || [];\nwindow.WPLeafletMapPlugin.push(function WPLeafletjsonShortcode() {\/*<script>*\/\nvar src = 'https:\/\/www.industriekultur-krefeld.org\/geojson.php';\nvar default_style = {};\nvar rewrite_keys = {\n    stroke : 'color',\n    'stroke-width' : 'weight',\n    'stroke-opacity' : 'opacity',\n    fill : 'fillColor',\n    'fill-opacity' : 'fillOpacity',\n};\n\/\/ htmlspecialchars converts & to \"&amp;\"; maybe unnecessarily, and maybe 3x\nvar ampersandRegex = \/&(?:amp;){1,3}\/g\nvar layer = L.ajaxGeoJson(src.replace(ampersandRegex, '&'), {\n    type: 'json',\n    style : layerStyle,\n    onEachFeature : onEachFeature,\n    pointToLayer: pointToLayer\n});\nvar fitbounds = 0;\nvar circleMarker = 0;\nvar popup_text = window.WPLeafletMapPlugin.unescape(\"&lt;\/p&gt;&lt;br&gt;&lt;p&gt;&lt;a href=&quot;https:\/\/www.industriekultur-krefeld.org\/index.php\/{name}&quot;&gt;{title}&lt;br \/&gt;&lt;button&gt;&lt;i class=&quot;material-icons&quot;&gt;account_balance&lt;\/i&gt;Ansehen&lt;\/button&gt;&lt;\/a&gt;&lt;a href=&quot;http:\/\/maps.google.com\/maps?q={lat},{lng}&amp;amp;navigate=yes&quot;&gt;&lt;button&gt;&lt;i class=&quot;material-icons&quot;&gt;explore&lt;\/i&gt;Navigation starten&lt;\/button&gt;&lt;\/a&gt;&lt;br \/&gt;&lt;br&gt;\");\nvar popup_property = \"\";\nvar table_view = 0;\nvar group = window.WPLeafletMapPlugin.getCurrentGroup();\nvar markerOptions = window.WPLeafletMapPlugin.getIconOptions({});\nlayer.addTo( group );\nwindow.WPLeafletMapPlugin.geojsons.push( layer );\nif (fitbounds) {\n    layer.on('ready', function () {\n        this.map.fitBounds( this.getBounds() );\n    });\n}\nfunction layerStyle (feature) {\n    var props = feature.properties || {};\n    var style = {};\n    function camelFun (_, first_letter) {\n        return first_letter.toUpperCase();\n    };\n    for (var key in props) {\n        if (key.match('-')) {\n            var camelcase = key.replace(\/-(\\w)\/, camelFun);\n            style[ camelcase ] = props[ key ];\n        }\n        \/\/ rewrite style keys from geojson.io\n        if (rewrite_keys[ key ]) {\n            style[ rewrite_keys[ key ] ] = props[ key ];\n        }\n    }\n    return L.Util.extend(style, default_style);\n}\nfunction onEachFeature (feature, layer) {\n    var props = feature.properties || {};\n    var text;\n    if (table_view) {\n        text = window.WPLeafletMapPlugin.propsToTable(props);\n    } else {\n        text = popup_property\n            ? props[ popup_property ]\n            : window.WPLeafletMapPlugin.template(\n                popup_text, \n                feature.properties\n            );\n    }\n    if (text) {\n        layer.bindPopup( text );\n    }\n}\n    function pointToLayer (feature, latlng) {\n    if (circleMarker) {\n        return L.circleMarker(latlng);\n    }\n    return L.marker(latlng, markerOptions);\n}});<\/script>\n<script>\nwindow.WPLeafletMapPlugin = window.WPLeafletMapPlugin || [];\nwindow.WPLeafletMapPlugin.push(function WPLeafletScaleShortcode() {window.WPLeafletMapPlugin.createScale({\"imperial\":false,\"position\":\"topright\"});});<\/script>\n\n\n\n<h2 class=\"wp-block-heading has-vivid-red-color has-text-color\">Geschichte und Hintergrund<\/h2>\n\n\n\n<p><br>Eines der Familienmitglieder der weit verzweigten Familie Herberz lie\u00df f\u00fcr sich und seine Minderj\u00e4hrigen Br\u00fcder am Kopf des Uerdinger Markplatzes eine aussergew\u00f6hnlich opulente H\u00e4usergruppe erbauen, mit bis heute beeindruckenden Dimensionen. <\/p>\n\n\n\n<p>1828 kaufte <strong>Balthasar Napoleon Herberz<\/strong> ein Haus der Familie van Beers am Uerdinger Markt, dazu auch noch Nachbarh\u00e4user, um dort dort drei zusammenh\u00e4ngende H\u00e4user zu errichten, die er selbst und seine Br\u00fcder Jakob und Josef bewohnen sollten. <\/p>\n\n\n\n<p>Die Pl\u00e4ne erstellte vermutlich der D\u00fcsseldorfer Baumeisters <strong>Adolph von Vagedes<\/strong> im klassizistischen Stil. 1832 wurden die H\u00e4user fertiggestellt.<\/p>\n\n\n\n<figure class=\"wp-block-image size-large\"><img loading=\"lazy\" decoding=\"async\" width=\"1024\" height=\"528\" src=\"https:\/\/www.industriekultur-krefeld.org\/wp-content\/uploads\/image-115-1024x528.png\" alt=\"\" class=\"wp-image-3936\" srcset=\"https:\/\/www.industriekultur-krefeld.org\/wp-content\/uploads\/image-115-1024x528.png 1024w, https:\/\/www.industriekultur-krefeld.org\/wp-content\/uploads\/image-115-300x155.png 300w, https:\/\/www.industriekultur-krefeld.org\/wp-content\/uploads\/image-115-768x396.png 768w, https:\/\/www.industriekultur-krefeld.org\/wp-content\/uploads\/image-115-1536x792.png 1536w, https:\/\/www.industriekultur-krefeld.org\/wp-content\/uploads\/image-115.png 1600w\" sizes=\"auto, (max-width: 767px) 89vw, (max-width: 1000px) 54vw, (max-width: 1071px) 543px, 580px\" \/><figcaption class=\"wp-element-caption\">Foto: <em>Kai11 &#8211; Own work, CC BY-SA 3.0, <a href=\"https:\/\/commons.wikimedia.org\/w\/index.php?curid=92595\">Link<\/a><\/em><\/figcaption><\/figure>\n\n\n\n<p>Die <strong>Herberz H\u00e4user<\/strong> stellen den Sitz einer der fr\u00fchindustriellen Familien in Uerdingen dar, die zu enormem Reichtum gekommen war. <br><br>Im Inneren der H\u00e4user finden sich beeindruckende Treppenh\u00e4user und insbesondere das (sp\u00e4ter als Uerdinger Rathaus Saal und Trauzimmer zwischengenutzte) Empfangszimmer (in der ersten Etage des linken Hauses) ist bemerkenswert.<\/p>\n\n\n\n<figure class=\"wp-block-gallery has-nested-images columns-default is-cropped wp-block-gallery-2 is-layout-flex wp-block-gallery-is-layout-flex\">\n<figure class=\"wp-block-image size-large\"><a href=\"https:\/\/www.industriekultur-krefeld.org\/wp-content\/uploads\/IMG_6118-scaled.jpeg\"><img loading=\"lazy\" decoding=\"async\" width=\"768\" height=\"1024\" data-id=\"6261\" src=\"https:\/\/www.industriekultur-krefeld.org\/wp-content\/uploads\/IMG_6118-768x1024.jpeg\" alt=\"\" class=\"wp-image-6261\" srcset=\"https:\/\/www.industriekultur-krefeld.org\/wp-content\/uploads\/IMG_6118-768x1024.jpeg 768w, https:\/\/www.industriekultur-krefeld.org\/wp-content\/uploads\/IMG_6118-225x300.jpeg 225w, https:\/\/www.industriekultur-krefeld.org\/wp-content\/uploads\/IMG_6118-1152x1536.jpeg 1152w, https:\/\/www.industriekultur-krefeld.org\/wp-content\/uploads\/IMG_6118-1536x2048.jpeg 1536w, https:\/\/www.industriekultur-krefeld.org\/wp-content\/uploads\/IMG_6118-scaled.jpeg 1800w\" sizes=\"auto, (max-width: 767px) 89vw, (max-width: 1000px) 54vw, (max-width: 1071px) 543px, 580px\" \/><\/a><\/figure>\n\n\n\n<figure class=\"wp-block-image size-large\"><a href=\"https:\/\/www.industriekultur-krefeld.org\/wp-content\/uploads\/IMG_6102-scaled.jpeg\"><img loading=\"lazy\" decoding=\"async\" width=\"768\" height=\"1024\" data-id=\"6264\" src=\"https:\/\/www.industriekultur-krefeld.org\/wp-content\/uploads\/IMG_6102-768x1024.jpeg\" alt=\"\" class=\"wp-image-6264\" srcset=\"https:\/\/www.industriekultur-krefeld.org\/wp-content\/uploads\/IMG_6102-768x1024.jpeg 768w, https:\/\/www.industriekultur-krefeld.org\/wp-content\/uploads\/IMG_6102-225x300.jpeg 225w, https:\/\/www.industriekultur-krefeld.org\/wp-content\/uploads\/IMG_6102-1152x1536.jpeg 1152w, https:\/\/www.industriekultur-krefeld.org\/wp-content\/uploads\/IMG_6102-1536x2048.jpeg 1536w, https:\/\/www.industriekultur-krefeld.org\/wp-content\/uploads\/IMG_6102-scaled.jpeg 1800w\" sizes=\"auto, (max-width: 767px) 89vw, (max-width: 1000px) 54vw, (max-width: 1071px) 543px, 580px\" \/><\/a><\/figure>\n\n\n\n<figure class=\"wp-block-image size-large\"><a href=\"https:\/\/www.industriekultur-krefeld.org\/wp-content\/uploads\/IMG_6105-scaled.jpeg\"><img loading=\"lazy\" decoding=\"async\" width=\"1024\" height=\"768\" data-id=\"6262\" src=\"https:\/\/www.industriekultur-krefeld.org\/wp-content\/uploads\/IMG_6105-1024x768.jpeg\" alt=\"\" class=\"wp-image-6262\" srcset=\"https:\/\/www.industriekultur-krefeld.org\/wp-content\/uploads\/IMG_6105-1024x768.jpeg 1024w, https:\/\/www.industriekultur-krefeld.org\/wp-content\/uploads\/IMG_6105-300x225.jpeg 300w, https:\/\/www.industriekultur-krefeld.org\/wp-content\/uploads\/IMG_6105-768x576.jpeg 768w, https:\/\/www.industriekultur-krefeld.org\/wp-content\/uploads\/IMG_6105-1536x1152.jpeg 1536w, https:\/\/www.industriekultur-krefeld.org\/wp-content\/uploads\/IMG_6105-scaled.jpeg 1800w\" sizes=\"auto, (max-width: 767px) 89vw, (max-width: 1000px) 54vw, (max-width: 1071px) 543px, 580px\" \/><\/a><\/figure>\n\n\n\n<figure class=\"wp-block-image size-large\"><a href=\"https:\/\/www.industriekultur-krefeld.org\/wp-content\/uploads\/IMG_6107-scaled.jpeg\"><img loading=\"lazy\" decoding=\"async\" width=\"1024\" height=\"768\" data-id=\"6265\" src=\"https:\/\/www.industriekultur-krefeld.org\/wp-content\/uploads\/IMG_6107-1024x768.jpeg\" alt=\"\" class=\"wp-image-6265\" srcset=\"https:\/\/www.industriekultur-krefeld.org\/wp-content\/uploads\/IMG_6107-1024x768.jpeg 1024w, https:\/\/www.industriekultur-krefeld.org\/wp-content\/uploads\/IMG_6107-300x225.jpeg 300w, https:\/\/www.industriekultur-krefeld.org\/wp-content\/uploads\/IMG_6107-768x576.jpeg 768w, https:\/\/www.industriekultur-krefeld.org\/wp-content\/uploads\/IMG_6107-1536x1152.jpeg 1536w, https:\/\/www.industriekultur-krefeld.org\/wp-content\/uploads\/IMG_6107-scaled.jpeg 1800w\" sizes=\"auto, (max-width: 767px) 89vw, (max-width: 1000px) 54vw, (max-width: 1071px) 543px, 580px\" \/><\/a><\/figure>\n\n\n\n<figure class=\"wp-block-image size-large\"><a href=\"https:\/\/www.industriekultur-krefeld.org\/wp-content\/uploads\/IMG_6108-scaled.jpeg\"><img loading=\"lazy\" decoding=\"async\" width=\"768\" height=\"1024\" data-id=\"6263\" src=\"https:\/\/www.industriekultur-krefeld.org\/wp-content\/uploads\/IMG_6108-768x1024.jpeg\" alt=\"\" class=\"wp-image-6263\" srcset=\"https:\/\/www.industriekultur-krefeld.org\/wp-content\/uploads\/IMG_6108-768x1024.jpeg 768w, https:\/\/www.industriekultur-krefeld.org\/wp-content\/uploads\/IMG_6108-225x300.jpeg 225w, https:\/\/www.industriekultur-krefeld.org\/wp-content\/uploads\/IMG_6108-1152x1536.jpeg 1152w, https:\/\/www.industriekultur-krefeld.org\/wp-content\/uploads\/IMG_6108-1536x2048.jpeg 1536w, https:\/\/www.industriekultur-krefeld.org\/wp-content\/uploads\/IMG_6108-scaled.jpeg 1800w\" sizes=\"auto, (max-width: 767px) 89vw, (max-width: 1000px) 54vw, (max-width: 1071px) 543px, 580px\" \/><\/a><\/figure>\n\n\n\n<figure class=\"wp-block-image size-large\"><a href=\"https:\/\/www.industriekultur-krefeld.org\/wp-content\/uploads\/IMG_6103-scaled.jpeg\"><img loading=\"lazy\" decoding=\"async\" width=\"1024\" height=\"768\" data-id=\"6266\" src=\"https:\/\/www.industriekultur-krefeld.org\/wp-content\/uploads\/IMG_6103-1024x768.jpeg\" alt=\"\" class=\"wp-image-6266\" srcset=\"https:\/\/www.industriekultur-krefeld.org\/wp-content\/uploads\/IMG_6103-1024x768.jpeg 1024w, https:\/\/www.industriekultur-krefeld.org\/wp-content\/uploads\/IMG_6103-300x225.jpeg 300w, https:\/\/www.industriekultur-krefeld.org\/wp-content\/uploads\/IMG_6103-768x576.jpeg 768w, https:\/\/www.industriekultur-krefeld.org\/wp-content\/uploads\/IMG_6103-1536x1152.jpeg 1536w, https:\/\/www.industriekultur-krefeld.org\/wp-content\/uploads\/IMG_6103-scaled.jpeg 1800w\" sizes=\"auto, (max-width: 767px) 89vw, (max-width: 1000px) 54vw, (max-width: 1071px) 543px, 580px\" \/><\/a><\/figure>\n\n\n\n<figure class=\"wp-block-image size-large\"><a href=\"https:\/\/www.industriekultur-krefeld.org\/wp-content\/uploads\/IMG_6117-scaled.jpeg\"><img loading=\"lazy\" decoding=\"async\" width=\"1024\" height=\"768\" data-id=\"6267\" src=\"https:\/\/www.industriekultur-krefeld.org\/wp-content\/uploads\/IMG_6117-1024x768.jpeg\" alt=\"\" class=\"wp-image-6267\" srcset=\"https:\/\/www.industriekultur-krefeld.org\/wp-content\/uploads\/IMG_6117-1024x768.jpeg 1024w, https:\/\/www.industriekultur-krefeld.org\/wp-content\/uploads\/IMG_6117-300x225.jpeg 300w, https:\/\/www.industriekultur-krefeld.org\/wp-content\/uploads\/IMG_6117-768x576.jpeg 768w, https:\/\/www.industriekultur-krefeld.org\/wp-content\/uploads\/IMG_6117-1536x1152.jpeg 1536w, https:\/\/www.industriekultur-krefeld.org\/wp-content\/uploads\/IMG_6117-scaled.jpeg 1800w\" sizes=\"auto, (max-width: 767px) 89vw, (max-width: 1000px) 54vw, (max-width: 1071px) 543px, 580px\" \/><\/a><\/figure>\n\n\n\n<figure class=\"wp-block-image size-large\"><a href=\"https:\/\/www.industriekultur-krefeld.org\/wp-content\/uploads\/IMG_6115-scaled.jpeg\"><img loading=\"lazy\" decoding=\"async\" width=\"1024\" height=\"768\" data-id=\"6268\" src=\"https:\/\/www.industriekultur-krefeld.org\/wp-content\/uploads\/IMG_6115-1024x768.jpeg\" alt=\"\" class=\"wp-image-6268\" srcset=\"https:\/\/www.industriekultur-krefeld.org\/wp-content\/uploads\/IMG_6115-1024x768.jpeg 1024w, https:\/\/www.industriekultur-krefeld.org\/wp-content\/uploads\/IMG_6115-300x225.jpeg 300w, https:\/\/www.industriekultur-krefeld.org\/wp-content\/uploads\/IMG_6115-768x576.jpeg 768w, https:\/\/www.industriekultur-krefeld.org\/wp-content\/uploads\/IMG_6115-1536x1152.jpeg 1536w, https:\/\/www.industriekultur-krefeld.org\/wp-content\/uploads\/IMG_6115-scaled.jpeg 1800w\" sizes=\"auto, (max-width: 767px) 89vw, (max-width: 1000px) 54vw, (max-width: 1071px) 543px, 580px\" \/><\/a><\/figure>\n\n\n\n<figure class=\"wp-block-image size-large\"><a href=\"https:\/\/www.industriekultur-krefeld.org\/wp-content\/uploads\/IMG_6120-scaled.jpeg\"><img loading=\"lazy\" decoding=\"async\" width=\"768\" height=\"1024\" data-id=\"6269\" src=\"https:\/\/www.industriekultur-krefeld.org\/wp-content\/uploads\/IMG_6120-768x1024.jpeg\" alt=\"\" class=\"wp-image-6269\" srcset=\"https:\/\/www.industriekultur-krefeld.org\/wp-content\/uploads\/IMG_6120-768x1024.jpeg 768w, https:\/\/www.industriekultur-krefeld.org\/wp-content\/uploads\/IMG_6120-225x300.jpeg 225w, https:\/\/www.industriekultur-krefeld.org\/wp-content\/uploads\/IMG_6120-1152x1536.jpeg 1152w, https:\/\/www.industriekultur-krefeld.org\/wp-content\/uploads\/IMG_6120-1536x2048.jpeg 1536w, https:\/\/www.industriekultur-krefeld.org\/wp-content\/uploads\/IMG_6120-scaled.jpeg 1800w\" sizes=\"auto, (max-width: 767px) 89vw, (max-width: 1000px) 54vw, (max-width: 1071px) 543px, 580px\" \/><\/a><\/figure>\n<\/figure>\n\n\n\n<p>Neben Kolonialwarenhandel spielte der Zuckerr\u00fcbenanbau w\u00e4hrend der franz\u00f6sischen Kontinentalsperre die wesentliche Rolle f\u00fcr den Reichtum. Siehe <strong><a data-type=\"page\" data-id=\"3926\" href=\"https:\/\/www.industriekultur-krefeld.org\/index.php\/zucker-fabriken-in-uerdingen\/\">Zuckerindustrie in Uerdingen<\/a><\/strong>. <br><\/p>\n\n\n\n<p>Heute ist das mittlere Haus eine Apotheke, links war zuletzt das B\u00fcrgerb\u00fcro und rechts die Stadtteil-B\u00fccherei, siehe <a href=\"https:\/\/www.ak-buecherei-uerdingen.de\">https:\/\/www.ak-buecherei-uerdingen.de<\/a><\/p>\n\n\n\n<p>Das linke und rechte Haus werden im Inneren aus Mitteln der St\u00e4dtebauf\u00f6rderung in den kommenden Jahren saniert.<\/p>\n\n\n\n<p>Aufgrund eines neu einzurichtenden barrierefreien Zugangs wird dabei allerdings eine keilf\u00f6rmige aufstehende Rampe vor die H\u00e4user gesetzt und dadurch die Wirkung der H\u00e4user beeintr\u00e4chtigt werden. <\/p>\n\n\n\n<figure class=\"wp-block-gallery has-nested-images columns-2 is-cropped wp-block-gallery-3 is-layout-flex wp-block-gallery-is-layout-flex\">\n<figure class=\"wp-block-image size-large\"><a href=\"https:\/\/www.industriekultur-krefeld.org\/wp-content\/uploads\/image-118.png\"><img loading=\"lazy\" decoding=\"async\" width=\"1800\" height=\"1298\" data-id=\"4009\" src=\"https:\/\/www.industriekultur-krefeld.org\/wp-content\/uploads\/image-118.png\" alt=\"\" class=\"wp-image-4009\" srcset=\"https:\/\/www.industriekultur-krefeld.org\/wp-content\/uploads\/image-118.png 1800w, https:\/\/www.industriekultur-krefeld.org\/wp-content\/uploads\/image-118-300x216.png 300w, https:\/\/www.industriekultur-krefeld.org\/wp-content\/uploads\/image-118-1024x738.png 1024w, https:\/\/www.industriekultur-krefeld.org\/wp-content\/uploads\/image-118-768x554.png 768w, https:\/\/www.industriekultur-krefeld.org\/wp-content\/uploads\/image-118-1536x1108.png 1536w\" sizes=\"auto, (max-width: 767px) 89vw, (max-width: 1000px) 54vw, (max-width: 1071px) 543px, 580px\" \/><\/a><figcaption class=\"wp-element-caption\"><strong>Karneval in Uerdingen<\/strong><\/figcaption><\/figure>\n\n\n\n<figure class=\"wp-block-image size-large\"><a href=\"https:\/\/www.industriekultur-krefeld.org\/wp-content\/uploads\/IMG_7331.jpg\"><img loading=\"lazy\" decoding=\"async\" width=\"800\" height=\"569\" data-id=\"5008\" src=\"https:\/\/www.industriekultur-krefeld.org\/wp-content\/uploads\/IMG_7331.jpg\" alt=\"\" class=\"wp-image-5008\" srcset=\"https:\/\/www.industriekultur-krefeld.org\/wp-content\/uploads\/IMG_7331.jpg 800w, https:\/\/www.industriekultur-krefeld.org\/wp-content\/uploads\/IMG_7331-300x213.jpg 300w, https:\/\/www.industriekultur-krefeld.org\/wp-content\/uploads\/IMG_7331-768x546.jpg 768w\" sizes=\"auto, (max-width: 767px) 89vw, (max-width: 1000px) 54vw, (max-width: 1071px) 543px, 580px\" \/><\/a><\/figure>\n\n\n\n<figure class=\"wp-block-image size-large\"><a href=\"https:\/\/www.industriekultur-krefeld.org\/wp-content\/uploads\/IMG_7314.jpg\"><img loading=\"lazy\" decoding=\"async\" width=\"800\" height=\"646\" data-id=\"5006\" src=\"https:\/\/www.industriekultur-krefeld.org\/wp-content\/uploads\/IMG_7314.jpg\" alt=\"\" class=\"wp-image-5006\" srcset=\"https:\/\/www.industriekultur-krefeld.org\/wp-content\/uploads\/IMG_7314.jpg 800w, https:\/\/www.industriekultur-krefeld.org\/wp-content\/uploads\/IMG_7314-300x242.jpg 300w, https:\/\/www.industriekultur-krefeld.org\/wp-content\/uploads\/IMG_7314-768x620.jpg 768w\" sizes=\"auto, (max-width: 767px) 89vw, (max-width: 1000px) 54vw, (max-width: 1071px) 543px, 580px\" \/><\/a><\/figure>\n<\/figure>\n\n\n\n<h2 class=\"wp-block-heading has-vivid-red-color has-text-color\">Mehr lesen:<\/h2>\n\n\n\n<p><a href=\"https:\/\/www.industriekultur-krefeld.org\/index.php\/zucker-fabriken-in-uerdingen\/\"><strong>Zucker Fabriken in Uerdingen<\/strong><\/a><\/p>\n\n\n\n<p><a href=\"https:\/\/www.uerdinger-heimatbund.de\">Uerdinger Heimatbund e.V.<\/a><\/p>\n\n\n\n<p><a href=\"http:\/\/www.horst-peterburs.de\/geschichte2.htm\">Industrie in Uerdingen<\/a><br>auf der Website zu Uerdingen von Horst Peterburs<br><br><\/p>\n\n\n\n<div class=\"wp-block-columns are-vertically-aligned-top is-layout-flex wp-container-core-columns-is-layout-9d6595d7 wp-block-columns-is-layout-flex\">\n<div class=\"wp-block-column is-vertically-aligned-top is-layout-flow wp-block-column-is-layout-flow\">\n<figure class=\"wp-block-image size-large\"><a href=\"https:\/\/www.industriekultur-krefeld.org\"><img loading=\"lazy\" decoding=\"async\" width=\"685\" height=\"425\" src=\"https:\/\/www.industriekultur-krefeld.org\/wp-content\/uploads\/Logo_IK-KREFELD_2020.png\" alt=\"\" class=\"wp-image-549\" srcset=\"https:\/\/www.industriekultur-krefeld.org\/wp-content\/uploads\/Logo_IK-KREFELD_2020.png 685w, https:\/\/www.industriekultur-krefeld.org\/wp-content\/uploads\/Logo_IK-KREFELD_2020-300x186.png 300w\" sizes=\"auto, (max-width: 685px) 100vw, 685px\" \/><\/a><\/figure>\n<\/div>\n\n\n\n<div class=\"wp-block-column is-vertically-aligned-top is-layout-flow wp-block-column-is-layout-flow\">\n<p><a href=\"https:\/\/www.industriekultur-krefeld.org\/index.php\/zucker-fabriken-in-uerdingen\/\">Zucker Fabriken in Uerdingen<\/a><\/p>\n\n\n\n<p><a href=\"https:\/\/www.industriekultur-krefeld.org\/index.php\/rheinwerft-und-zollhof-uerdingen\/\" data-type=\"page\" data-id=\"1005\">Rheinwerft Uerdingen<\/a><\/p>\n<\/div>\n<\/div>\n\n\n\n<p>Weiterf\u00fchrendes:<br>Uerdinger Rundschau Nr. 17 (Juni 2019) von Rosemarie und Dieter Rehbein<br><a href=\"https:\/\/www.uerdinger-heimatbund.de\">Uerdinger Heimatbund<\/a><\/p>\n\n\n\n<p><\/p>\n","protected":false},"excerpt":{"rendered":"<p>Die Familie Herberz hat Uerdingen als Kaufleute, Grund- und Grundst\u00fccksbesitzer und als Zucker-Industrielle nachhaltig gepr\u00e4gt. Die bekannteste Hinterlassenschaft der Familie ist das klassizistische Wohnhaus am Uerdinger Marktplatzes. Sehenswert sind die H\u00e4user am Marktplatz, insbesondere auch das Innere des ersten und zweiten der H\u00e4user, heute als Rathaus und Apotheke in Umnutzung.<\/p>\n","protected":false},"author":1,"featured_media":5580,"parent":0,"menu_order":5,"comment_status":"closed","ping_status":"closed","template":"","meta":{"footnotes":""},"categories":[8],"tags":[47,33,40],"class_list":["post-3864","page","type-page","status-publish","has-post-thumbnail","hentry","category-uerdingen","tag-uerdingen","tag-lebens-und-genussmittel","tag-gelungene-umnutzung"],"_links":{"self":[{"href":"https:\/\/www.industriekultur-krefeld.org\/index.php\/wp-json\/wp\/v2\/pages\/3864","targetHints":{"allow":["GET"]}}],"collection":[{"href":"https:\/\/www.industriekultur-krefeld.org\/index.php\/wp-json\/wp\/v2\/pages"}],"about":[{"href":"https:\/\/www.industriekultur-krefeld.org\/index.php\/wp-json\/wp\/v2\/types\/page"}],"author":[{"embeddable":true,"href":"https:\/\/www.industriekultur-krefeld.org\/index.php\/wp-json\/wp\/v2\/users\/1"}],"replies":[{"embeddable":true,"href":"https:\/\/www.industriekultur-krefeld.org\/index.php\/wp-json\/wp\/v2\/comments?post=3864"}],"version-history":[{"count":61,"href":"https:\/\/www.industriekultur-krefeld.org\/index.php\/wp-json\/wp\/v2\/pages\/3864\/revisions"}],"predecessor-version":[{"id":6277,"href":"https:\/\/www.industriekultur-krefeld.org\/index.php\/wp-json\/wp\/v2\/pages\/3864\/revisions\/6277"}],"wp:featuredmedia":[{"embeddable":true,"href":"https:\/\/www.industriekultur-krefeld.org\/index.php\/wp-json\/wp\/v2\/media\/5580"}],"wp:attachment":[{"href":"https:\/\/www.industriekultur-krefeld.org\/index.php\/wp-json\/wp\/v2\/media?parent=3864"}],"wp:term":[{"taxonomy":"category","embeddable":true,"href":"https:\/\/www.industriekultur-krefeld.org\/index.php\/wp-json\/wp\/v2\/categories?post=3864"},{"taxonomy":"post_tag","embeddable":true,"href":"https:\/\/www.industriekultur-krefeld.org\/index.php\/wp-json\/wp\/v2\/tags?post=3864"}],"curies":[{"name":"wp","href":"https:\/\/api.w.org\/{rel}","templated":true}]}}