{"id":5250,"date":"2021-06-04T08:39:15","date_gmt":"2021-06-04T06:39:15","guid":{"rendered":"https:\/\/www.industriekultur-krefeld.org\/?page_id=5250"},"modified":"2022-09-21T10:42:33","modified_gmt":"2022-09-21T08:42:33","slug":"villa-wedekind","status":"publish","type":"page","link":"https:\/\/www.industriekultur-krefeld.org\/index.php\/villa-wedekind\/","title":{"rendered":"Villa Rudolf Wedekind, Haus Rheinhorst"},"content":{"rendered":"\n<p>Eines der r\u00e4tselhaften Geb\u00e4ude am Uerdinger Rheinwerft ist diese eigent\u00fcmlich und herrschaftlich aussehende, eher burgartige Villa. Sie ist einen genaueren Blick wert, viele sehenswerte Elemente der Fassade sind in Uerdingen von der Stra\u00dfe aus perfekt zu entdecken. <\/p>\n\n\n\n<p>Die 1906 erbaute Villa geh\u00f6rte einem der Industriellen, die als Pioniere der Chemieindustrie Uerdingens zu wirtschaftlichem Erfolg gekommenen waren.  <\/p>\n\n\n\n<!--more-->\n\n\n<div class=\"leaflet-map WPLeafletMap\" style=\"height:400px; width:100%;\"><\/div><script>\nwindow.WPLeafletMapPlugin = window.WPLeafletMapPlugin || [];\nwindow.WPLeafletMapPlugin.push(function WPLeafletMapShortcode() {\/*<script>*\/\nvar baseUrl = atob('aHR0cHM6Ly97c30udGlsZS5vcGVuc3RyZWV0bWFwLm9yZy97en0ve3h9L3t5fS5wbmc=');\nvar base = (!baseUrl && window.MQ) ?\n    window.MQ.mapLayer() : L.tileLayer(baseUrl,\n        L.Util.extend({}, {\n            detectRetina: 1,\n        },\n        {\"subdomains\":\"abc\",\"noWrap\":false,\"maxZoom\":20}        )\n    );\n    var options = L.Util.extend({}, {\n        layers: [base],\n        attributionControl: false\n    },\n    {\"tap\":false,\"zoomControl\":true,\"scrollWheelZoom\":false,\"doubleClickZoom\":true,\"fitBounds\":false,\"minZoom\":1,\"maxZoom\":20,\"maxBounds\":null,\"attribution\":\"<a href=\\\"http:\\\/\\\/leafletjs.com\\\" title=\\\"Eine Javascript-Bibliothek f\\u00fcr interaktive Karten\\\">Leaflet<\\\/a>; \\u00a9 <a href=\\\"http:\\\/\\\/www.openstreetmap.org\\\/copyright\\\">OpenStreetMap<\\\/a> Mitwirkende\"},\n    {});\nwindow.WPLeafletMapPlugin.createMap(options).setView([51.351052,6.652957],14);window.WPLeafletMapPlugin.createScale({});});<\/script>\n<script>\nwindow.WPLeafletMapPlugin = window.WPLeafletMapPlugin || [];\nwindow.WPLeafletMapPlugin.push(function WPLeafletMarkerShortcode() {\/*<script>*\/\nvar map = window.WPLeafletMapPlugin.getCurrentMap();\nvar group = window.WPLeafletMapPlugin.getCurrentGroup();\nvar marker_options = window.WPLeafletMapPlugin.getIconOptions({\"title\":\"Villa Wedekind\",\"alt\":\"Villa Wedekind\",\"zIndexOffset\":1000,\"iconUrl\":\"https:\\\/\\\/www.industriekultur-krefeld.org\\\/wp-content\\\/uploads\\\/icon-selected.png\",\"shadowUrl\":\"https:\\\/\\\/unpkg.com\\\/leaflet@1.7.1\\\/dist\\\/images\\\/marker-shadow.png\",\"iconAnchor\":\"20,20\"});\nvar marker = L.marker(\n    [51.351052,6.652957],\n    marker_options\n);\nvar is_image = map.is_image_map;\nif (marker_options.draggable) {\n    marker.on('dragend', function () {\n        var latlng = this.getLatLng();\n        var lat = latlng.lat;\n        var lng = latlng.lng;\n        if (is_image) {\n            console.log('leaflet-marker y=' + lat + ' x=' + lng);\n        } else {\n            console.log('leaflet-marker lat=' + lat + ' lng=' + lng);\n        }\n    });\n}\nmarker.addTo( group );\nmarker.bindPopup(window.WPLeafletMapPlugin.unescape('&lt;a href=\\&quot;https:\/\/www.industriekultur-krefeld.org\/index.php\/villa-wedekind\\&quot;&gt; Villa Wedekind&lt;\/a&gt;')).openPopup();window.WPLeafletMapPlugin.markers.push( marker );\n        });<\/script>\n<script>\nwindow.WPLeafletMapPlugin = window.WPLeafletMapPlugin || [];\nwindow.WPLeafletMapPlugin.push(function WPLeafletjsonShortcode() {\/*<script>*\/\nvar src = 'https:\/\/www.industriekultur-krefeld.org\/geojson.php';\nvar default_style = {};\nvar rewrite_keys = {\n    stroke : 'color',\n    'stroke-width' : 'weight',\n    'stroke-opacity' : 'opacity',\n    fill : 'fillColor',\n    'fill-opacity' : 'fillOpacity',\n};\n\/\/ htmlspecialchars converts & to \"&amp;\"; maybe unnecessarily, and maybe 3x\nvar ampersandRegex = \/&(?:amp;){1,3}\/g\nvar layer = L.ajaxGeoJson(src.replace(ampersandRegex, '&'), {\n    type: 'json',\n    style : layerStyle,\n    onEachFeature : onEachFeature,\n    pointToLayer: pointToLayer\n});\nvar fitbounds = 0;\nvar circleMarker = 0;\nvar popup_text = window.WPLeafletMapPlugin.unescape(\"&lt;br&gt;&lt;p&gt;&lt;a href=&quot;https:\/\/www.industriekultur-krefeld.org\/index.php\/{name}&quot;&gt;{title}&lt;br \/&gt;&lt;button&gt;&lt;i class=&quot;material-icons&quot;&gt;account_balance&lt;\/i&gt;Ansehen&lt;\/button&gt;&lt;\/a&gt;&lt;a href=&quot;http:\/\/maps.google.com\/maps?q={lat},{lng}&amp;amp;navigate=yes&quot;&gt;&lt;button&gt;&lt;i class=&quot;material-icons&quot;&gt;explore&lt;\/i&gt;Navigation starten&lt;\/button&gt;&lt;\/a&gt;&lt;\/p&gt;&lt;br&gt;&lt;p&gt;\");\nvar popup_property = \"\";\nvar table_view = 0;\nvar group = window.WPLeafletMapPlugin.getCurrentGroup();\nvar markerOptions = window.WPLeafletMapPlugin.getIconOptions({});\nlayer.addTo( group );\nwindow.WPLeafletMapPlugin.geojsons.push( layer );\nif (fitbounds) {\n    layer.on('ready', function () {\n        this.map.fitBounds( this.getBounds() );\n    });\n}\nfunction layerStyle (feature) {\n    var props = feature.properties || {};\n    var style = {};\n    function camelFun (_, first_letter) {\n        return first_letter.toUpperCase();\n    };\n    for (var key in props) {\n        if (key.match('-')) {\n            var camelcase = key.replace(\/-(\\w)\/, camelFun);\n            style[ camelcase ] = props[ key ];\n        }\n        \/\/ rewrite style keys from geojson.io\n        if (rewrite_keys[ key ]) {\n            style[ rewrite_keys[ key ] ] = props[ key ];\n        }\n    }\n    return L.Util.extend(style, default_style);\n}\nfunction onEachFeature (feature, layer) {\n    var props = feature.properties || {};\n    var text;\n    if (table_view) {\n        text = window.WPLeafletMapPlugin.propsToTable(props);\n    } else {\n        text = popup_property\n            ? props[ popup_property ]\n            : window.WPLeafletMapPlugin.template(\n                popup_text, \n                feature.properties\n            );\n    }\n    if (text) {\n        layer.bindPopup( text );\n    }\n}\n    function pointToLayer (feature, latlng) {\n    if (circleMarker) {\n        return L.circleMarker(latlng);\n    }\n    return L.marker(latlng, markerOptions);\n}});<\/script>\n<script>\nwindow.WPLeafletMapPlugin = window.WPLeafletMapPlugin || [];\nwindow.WPLeafletMapPlugin.push(function WPLeafletScaleShortcode() {window.WPLeafletMapPlugin.createScale({\"imperial\":false,\"position\":\"topright\"});});<\/script><\/p>\n\n\n\n<h2 class=\"has-vivid-red-color has-text-color wp-block-heading\">Geschichte und Hintergrund<\/h2>\n\n\n\n<div class=\"wp-block-columns is-layout-flex wp-container-core-columns-is-layout-9d6595d7 wp-block-columns-is-layout-flex\">\n<div class=\"wp-block-column is-vertically-aligned-top is-layout-flow wp-block-column-is-layout-flow\">\n<p>Die auch <strong>Haus Rheinhorst<\/strong> genannte Villa hatte der Uerdinger Chemiefabrikanten <strong>Rudolf Wedekind<\/strong> vom Architekten Heinrich Metzendorf entwerfen lassen.&nbsp;<\/p>\n\n\n\n<p><strong>Heinrich Metzendorf<\/strong> war Architekt und baute zahlreiche Fabriken, Beamtenh\u00e4user, Arbeiterh\u00e4user und viele andere Bauten, aber insbesondere weit mehr als als 300 Villen. <\/p>\n\n\n\n<p>Er geh\u00f6rte zu den Pionieren des Deutschen Werkbundes und war f\u00fcr durchweg hohe handwerkliche Qualit\u00e4t und Detailgenauigkeit bekannt, sein Baustil war eher traditionell mit Elementen des Jugendstils wie aber auch <\/p>\n\n\n\n<p>Gerne verwendete <strong>Heinrich Metzendorf<\/strong> Baumaterialien und Stilelemente aus seiner Heimat in der Region Bergstra\u00dfe im Odenwald, dazu z\u00e4hlen roter Sandstein aber auch Granit, das Holzfachwerk und Biberschwanzziege, ebenso gerne aber auch vor Ort vorgefundenes, wie den &#8220;Uerdinger&#8221; Barockgiebel oder Elemente des Jugendstils.<\/p>\n\n\n\n<figure class=\"wp-block-image size-large\"><a href=\"https:\/\/www.industriekultur-krefeld.org\/wp-content\/uploads\/IMG_7524-scaled.jpeg\"><img decoding=\"async\" src=\"https:\/\/www.industriekultur-krefeld.org\/wp-content\/uploads\/IMG_7524-1024x768.jpeg\" alt=\"\" class=\"wp-image-5258\"\/><\/a><figcaption>Ansicht der Villa Wedekind<\/figcaption><\/figure>\n\n\n\n<p>Wie sein Bruder Georg Metzendorf (<a href=\"https:\/\/www.kuladig.de\/Objektansicht\/O-WBuschmann-20100504-0001\">Krupp Siedlung Margarethenh\u00f6he in Essen<\/a>) geh\u00f6rte Heinrich Metzendorf zu den Pionieren des Deutschen Werkbundes.<\/p>\n\n\n\n<figure class=\"wp-block-image size-full\"><a href=\"https:\/\/www.industriekultur-krefeld.org\/wp-content\/uploads\/20120920_001a3.jpg\"><img loading=\"lazy\" decoding=\"async\" width=\"523\" height=\"338\" src=\"https:\/\/www.industriekultur-krefeld.org\/wp-content\/uploads\/20120920_001a3.jpg\" alt=\"\" class=\"wp-image-5257\" srcset=\"https:\/\/www.industriekultur-krefeld.org\/wp-content\/uploads\/20120920_001a3.jpg 523w, https:\/\/www.industriekultur-krefeld.org\/wp-content\/uploads\/20120920_001a3-300x194.jpg 300w\" sizes=\"auto, (max-width: 523px) 100vw, 523px\" \/><\/a><\/figure>\n\n\n\n<p><strong>Rudolf Wedekind<\/strong> muss zu dieser Zeit ausgesprochen wohlhabend gewesen sein. <\/p>\n\n\n\n<p><\/p>\n\n\n\n<p>Rudolf Wedekind\u00a0hatte 1886 eine\u00a0Alzarinfabrik (Alizarin war der erste nat\u00fcrliche Farbstoff, der synthetisch im industriellen Ma\u00dfstab hergestellt wurde, er war lange Zeit ein bedeutender\u00a0<a href=\"https:\/\/de.wikipedia.org\/wiki\/Farbstoffe#Beizenfarbstoffe\">Beizenfarbstoff<\/a>) in Leichlingen bei Elberfeld \u00fcbernommen. <\/p>\n\n\n\n<p>Am 2. November 1890 verlegte er das Werk <strong>R. Wedekind &amp; Co.<\/strong> von Leichlingen nach Uerdingen am Rhein.<\/p>\n\n\n\n<p>Wedekind stellte begehrte synthetische Teerfarbstoffe bzw. deren Vorprodukte her, forschte unter anderem zu Anthracenfarbstoffen, der Herstellung von Trichloranthraflavins\u00e4ure als Ausgangsmaterial f\u00fcr teure Farbstoffe und besa\u00df dazu Patente. Bereits im Jahr 1900 wurde auf Initiative der f\u00fchrenden Hersteller von Teerfarbstoffen, Bayer aus Leverkusen und BASF aus Ludwigshafen die dem Preisdruck des Weltmarkts durch die Einigkeit der Chemieunternehmungen entgegentreten wollten, zusammen erste Absprachen getroffen.    <\/p>\n\n\n\n<p>Ein Schwerpunkt der Arbeit des Chemiewerks lag in der Forschung im Laboratorium, dort wurde u.A. zur Chromierung\u00a0und\u00a0dem F\u00e4rben mit<br>Chromierungsfarbstoffen geforscht, zudem zahlreiche Patente eingereicht. <\/p>\n\n\n\n<p>Das Werk lag wie auch die Villa am Rheinufer, allerdings weit flussabw\u00e4rts, kurz vor der bedeutend gr\u00f6\u00dferen <a data-type=\"page\" data-id=\"1367\" href=\"https:\/\/www.industriekultur-krefeld.org\/index.php\/farbwerke-ter-meer\/\">Chemiefabrik Weiler ter Meer<\/a>. Diese hatte sich 1916 der  Interessengemeinschaft der Farbenfabriken (I.G. Farben) angeschlossen. <\/p>\n\n\n\n<p>Die <a data-type=\"page\" data-id=\"1367\" href=\"https:\/\/www.industriekultur-krefeld.org\/index.php\/farbwerke-ter-meer\/\">Chemiefabrik Weiler ter Meer im Verbund der Interessengemeinschaft der Farbenfabriken (I.G. Farben)<\/a> \u00fcbernahm 1918 die Gesellschaft R. Wedekind &amp; Co. vollst\u00e4ndig. <\/p>\n\n\n\n<figure class=\"wp-block-image size-large\"><a href=\"https:\/\/www.industriekultur-krefeld.org\/wp-content\/uploads\/image-188.png\"><img loading=\"lazy\" decoding=\"async\" width=\"1024\" height=\"497\" src=\"https:\/\/www.industriekultur-krefeld.org\/wp-content\/uploads\/image-188-1024x497.png\" alt=\"\" class=\"wp-image-5255\" srcset=\"https:\/\/www.industriekultur-krefeld.org\/wp-content\/uploads\/image-188-1024x497.png 1024w, https:\/\/www.industriekultur-krefeld.org\/wp-content\/uploads\/image-188-300x146.png 300w, https:\/\/www.industriekultur-krefeld.org\/wp-content\/uploads\/image-188-768x373.png 768w, https:\/\/www.industriekultur-krefeld.org\/wp-content\/uploads\/image-188-1536x745.png 1536w, https:\/\/www.industriekultur-krefeld.org\/wp-content\/uploads\/image-188.png 1904w\" sizes=\"auto, (max-width: 767px) 89vw, (max-width: 1000px) 54vw, (max-width: 1071px) 543px, 580px\" \/><\/a><figcaption>Villa Wedekind (links) und Fabrik R. Wedekind Cie (rechts), <br>Karte: 1901<\/figcaption><\/figure>\n\n\n\n<p>Rudolf Wedekind starb 1926 und die 1929 als Stadt &#8220;Krefeld-Uerdingen am Rhein&#8221; geformte Dachgemeinschaft der St\u00e4dte Uerdingen und Krefeld stellte das Haus um 1930 dem Ortsleiter der NSDAP zur Verf\u00fcgung. <br><br>Die Villa diente nach der Reparatur von Kriegssch\u00e4den seit 1950 &#8211; 1955 als Standort der Textilingenieurschule Krefeld und deren Gewebesammlung, sowie als eine Lehrst\u00e4tte f\u00fcr die Designerklasse des Bauhaus-Lehrers Georg Muche. <br>Mehr dazu im <a href=\"https:\/\/www.architekturguide-krefeld.de\/objekt\/metzendorfer-haus-rheinhorst\/\">Architekturguide Krefeld<\/a>. <\/p>\n\n\n\n<p>1967 bis 1971 wurde das Geb\u00e4ude als Realschule verwendet, danach als Bildungsinstitut der &#8220;Stiftung Rheinhorst&#8221;&nbsp;die nach Rudolf Steiner Grunds\u00e4tzen arbeitete, es wurde aber vor einigen Jahren von den benachbarten <a data-type=\"page\" data-id=\"2633\" href=\"https:\/\/www.industriekultur-krefeld.org\/index.php\/oelmuehle-boley\/\">Alberdingk Boley Werken<\/a> \u00fcbernommen, die das Geb\u00e4ude als Tagungszentrum benutzen m\u00f6chten.&nbsp;<\/p>\n<\/div>\n<\/div>\n\n\n\n<div class=\"wp-block-media-text alignwide is-vertically-aligned-top\"><figure class=\"wp-block-media-text__media\"><a href=\"http:\/\/www.rheinische-industriekultur.com\"><img loading=\"lazy\" decoding=\"async\" width=\"685\" height=\"425\" src=\"https:\/\/www.industriekultur-krefeld.org\/wp-content\/uploads\/2021\/01\/Logo_IK-KREFELD_2020.png\" alt=\"\" class=\"wp-image-199 size-full\" srcset=\"https:\/\/www.industriekultur-krefeld.org\/wp-content\/uploads\/2021\/01\/Logo_IK-KREFELD_2020.png 685w, https:\/\/www.industriekultur-krefeld.org\/wp-content\/uploads\/2021\/01\/Logo_IK-KREFELD_2020-300x186.png 300w\" sizes=\"auto, (max-width: 685px) 100vw, 685px\" \/><\/a><\/figure><div class=\"wp-block-media-text__content\">\n<p><a href=\"https:\/\/www.industriekultur-krefeld.org\/index.php\/rheinwerft-und-zollhof-uerdingen\/\" data-type=\"page\" data-id=\"1005\">Rheinwerft Uerdingen<\/a><\/p>\n<\/div><\/div>\n","protected":false},"excerpt":{"rendered":"<p>Eines der r\u00e4tselhaften Geb\u00e4ude am Uerdinger Rheinwerft ist diese eigent\u00fcmlich und herrschaftlich aussehende, eher burgartige Villa. Sie ist einen genaueren Blick wert, viele sehenswerte Elemente der Fassade sind in Uerdingen von der Stra\u00dfe aus perfekt zu entdecken. Die 1906 erbaute Villa geh\u00f6rte einem der Industriellen, die als Pioniere der Chemieindustrie Uerdingens zu wirtschaftlichem Erfolg gekommenen &hellip; <\/p>\n<p class=\"link-more\"><a href=\"https:\/\/www.industriekultur-krefeld.org\/index.php\/villa-wedekind\/\" class=\"more-link\"><span class=\"screen-reader-text\">\u201eVilla Rudolf Wedekind, Haus Rheinhorst\u201c <\/span>weiterlesen<\/a><\/p>\n","protected":false},"author":1,"featured_media":5258,"parent":0,"menu_order":0,"comment_status":"open","ping_status":"closed","template":"","meta":{"footnotes":""},"categories":[8],"tags":[38,53],"class_list":["post-5250","page","type-page","status-publish","has-post-thumbnail","hentry","category-uerdingen","tag-chemie","tag-villen-der-unternehmer"],"_links":{"self":[{"href":"https:\/\/www.industriekultur-krefeld.org\/index.php\/wp-json\/wp\/v2\/pages\/5250","targetHints":{"allow":["GET"]}}],"collection":[{"href":"https:\/\/www.industriekultur-krefeld.org\/index.php\/wp-json\/wp\/v2\/pages"}],"about":[{"href":"https:\/\/www.industriekultur-krefeld.org\/index.php\/wp-json\/wp\/v2\/types\/page"}],"author":[{"embeddable":true,"href":"https:\/\/www.industriekultur-krefeld.org\/index.php\/wp-json\/wp\/v2\/users\/1"}],"replies":[{"embeddable":true,"href":"https:\/\/www.industriekultur-krefeld.org\/index.php\/wp-json\/wp\/v2\/comments?post=5250"}],"version-history":[{"count":27,"href":"https:\/\/www.industriekultur-krefeld.org\/index.php\/wp-json\/wp\/v2\/pages\/5250\/revisions"}],"predecessor-version":[{"id":6168,"href":"https:\/\/www.industriekultur-krefeld.org\/index.php\/wp-json\/wp\/v2\/pages\/5250\/revisions\/6168"}],"wp:featuredmedia":[{"embeddable":true,"href":"https:\/\/www.industriekultur-krefeld.org\/index.php\/wp-json\/wp\/v2\/media\/5258"}],"wp:attachment":[{"href":"https:\/\/www.industriekultur-krefeld.org\/index.php\/wp-json\/wp\/v2\/media?parent=5250"}],"wp:term":[{"taxonomy":"category","embeddable":true,"href":"https:\/\/www.industriekultur-krefeld.org\/index.php\/wp-json\/wp\/v2\/categories?post=5250"},{"taxonomy":"post_tag","embeddable":true,"href":"https:\/\/www.industriekultur-krefeld.org\/index.php\/wp-json\/wp\/v2\/tags?post=5250"}],"curies":[{"name":"wp","href":"https:\/\/api.w.org\/{rel}","templated":true}]}}