{"id":570,"date":"2021-01-07T13:08:12","date_gmt":"2021-01-07T12:08:12","guid":{"rendered":"https:\/\/www.industriekultur-krefeld.org\/?page_id=570"},"modified":"2021-03-06T19:10:25","modified_gmt":"2021-03-06T18:10:25","slug":"seidenweberei-krahnen-gobbers","status":"publish","type":"page","link":"https:\/\/www.industriekultur-krefeld.org\/index.php\/seidenweberei-krahnen-gobbers\/","title":{"rendered":"Seidenweberei Krahnen &#038; Gobbers"},"content":{"rendered":"\n<p>Aus der Mitte des 19. Jahrhunderts stammt die Seidenweberei Krahnen &amp; Gobbers. Schon 1866 soll das junge Unternehmen die ersten <a href=\"https:\/\/www.industriekultur-krefeld.org\/index.php\/seide\/\" data-type=\"page\" data-id=\"155\">mechanischen Webst\u00fchle<\/a> in Krefeld aufgestellt haben, 1893 waren die enorme Zahl von 500 Webst\u00fchlen erreicht. F\u00fcr das expandierende Unternehmen entstand 1899 ein gro\u00dfer Fabrikkomplex. <\/p>\n\n\n\n<p>Sehenswert ist der erhaltene Kopfbau samt verzierter Backstein-Toreinfahrt.<\/p>\n\n\n\n<!--more-->\n\n\n<div class=\"leaflet-map WPLeafletMap\" style=\"height:400px; width:100%;\"><\/div><script>\nwindow.WPLeafletMapPlugin = window.WPLeafletMapPlugin || [];\nwindow.WPLeafletMapPlugin.push(function WPLeafletMapShortcode() {\/*<script>*\/\nvar baseUrl = atob('aHR0cHM6Ly97c30udGlsZS5vcGVuc3RyZWV0bWFwLm9yZy97en0ve3h9L3t5fS5wbmc=');\nvar base = (!baseUrl && window.MQ) ?\n    window.MQ.mapLayer() : L.tileLayer(baseUrl,\n        L.Util.extend({}, {\n            detectRetina: 1,\n        },\n        {\"subdomains\":\"abc\",\"noWrap\":false,\"maxZoom\":20}        )\n    );\n    var options = L.Util.extend({}, {\n        layers: [base],\n        attributionControl: false\n    },\n    {\"tap\":false,\"zoomControl\":true,\"scrollWheelZoom\":false,\"doubleClickZoom\":true,\"fitBounds\":false,\"minZoom\":1,\"maxZoom\":20,\"maxBounds\":null,\"attribution\":\"<a href=\\\"http:\\\/\\\/leafletjs.com\\\" title=\\\"Eine Javascript-Bibliothek f\\u00fcr interaktive Karten\\\">Leaflet<\\\/a>; \\u00a9 <a href=\\\"http:\\\/\\\/www.openstreetmap.org\\\/copyright\\\">OpenStreetMap<\\\/a> Mitwirkende\"},\n    {});\nwindow.WPLeafletMapPlugin.createMap(options).setView([51.3331205,6.5623343],12);window.WPLeafletMapPlugin.createScale({});});<\/script>\n<script>\nwindow.WPLeafletMapPlugin = window.WPLeafletMapPlugin || [];\nwindow.WPLeafletMapPlugin.push(function WPLeafletMarkerShortcode() {\/*<script>*\/\nvar map = window.WPLeafletMapPlugin.getCurrentMap();\nvar group = window.WPLeafletMapPlugin.getCurrentGroup();\nvar marker_options = window.WPLeafletMapPlugin.getIconOptions({\"title\":\"Seidenweberei Krahnen &#38;amp; Gobbers\",\"alt\":\"Seidenweberei Krahnen &amp; Gobbers\",\"zIndexOffset\":1000,\"iconUrl\":\"https:\\\/\\\/www.industriekultur-krefeld.org\\\/wp-content\\\/uploads\\\/icon-selected.png\",\"shadowUrl\":\"https:\\\/\\\/unpkg.com\\\/leaflet@1.7.1\\\/dist\\\/images\\\/marker-shadow.png\",\"iconAnchor\":\"20,20\"});\nvar marker = L.marker(\n    [51.321962,6.566802],\n    marker_options\n);\nvar is_image = map.is_image_map;\nif (marker_options.draggable) {\n    marker.on('dragend', function () {\n        var latlng = this.getLatLng();\n        var lat = latlng.lat;\n        var lng = latlng.lng;\n        if (is_image) {\n            console.log('leaflet-marker y=' + lat + ' x=' + lng);\n        } else {\n            console.log('leaflet-marker lat=' + lat + ' lng=' + lng);\n        }\n    });\n}\nmarker.addTo( group );\nmarker.bindPopup(window.WPLeafletMapPlugin.unescape('&lt;a href=\\&quot;https:\/\/www.industriekultur-krefeld.org\/index.php\/seidenweberei-krahnen-gobbers\/\\&quot;&gt;Seidenweberei Krahnen &amp;amp; Gobbers&lt;\/a&gt;')).openPopup();window.WPLeafletMapPlugin.markers.push( marker );\n        });<\/script>\n<script>\nwindow.WPLeafletMapPlugin = window.WPLeafletMapPlugin || [];\nwindow.WPLeafletMapPlugin.push(function WPLeafletjsonShortcode() {\/*<script>*\/\nvar src = 'https:\/\/www.industriekultur-krefeld.org\/geojson.php';\nvar default_style = {};\nvar rewrite_keys = {\n    stroke : 'color',\n    'stroke-width' : 'weight',\n    'stroke-opacity' : 'opacity',\n    fill : 'fillColor',\n    'fill-opacity' : 'fillOpacity',\n};\n\/\/ htmlspecialchars converts & to \"&amp;\"; maybe unnecessarily, and maybe 3x\nvar ampersandRegex = \/&(?:amp;){1,3}\/g\nvar layer = L.ajaxGeoJson(src.replace(ampersandRegex, '&'), {\n    type: 'json',\n    style : layerStyle,\n    onEachFeature : onEachFeature,\n    pointToLayer: pointToLayer\n});\nvar fitbounds = 0;\nvar circleMarker = 0;\nvar popup_text = window.WPLeafletMapPlugin.unescape(\"&lt;br&gt;&lt;p&gt;&lt;a href=&quot;https:\/\/www.industriekultur-krefeld.org\/index.php\/{name}&quot;&gt;{title}&lt;br \/&gt;&lt;button&gt;&lt;i class=&quot;material-icons&quot;&gt;account_balance&lt;\/i&gt;Ansehen&lt;\/button&gt;&lt;\/a&gt;&lt;a href=&quot;http:\/\/maps.google.com\/maps?q={lat},{lng}&amp;amp;navigate=yes&quot;&gt;&lt;button&gt;&lt;i class=&quot;material-icons&quot;&gt;explore&lt;\/i&gt;Navigation starten&lt;\/button&gt;&lt;\/a&gt;&lt;\/p&gt;&lt;br&gt;&lt;p&gt;\");\nvar popup_property = \"\";\nvar table_view = 0;\nvar group = window.WPLeafletMapPlugin.getCurrentGroup();\nvar markerOptions = window.WPLeafletMapPlugin.getIconOptions({});\nlayer.addTo( group );\nwindow.WPLeafletMapPlugin.geojsons.push( layer );\nif (fitbounds) {\n    layer.on('ready', function () {\n        this.map.fitBounds( this.getBounds() );\n    });\n}\nfunction layerStyle (feature) {\n    var props = feature.properties || {};\n    var style = {};\n    function camelFun (_, first_letter) {\n        return first_letter.toUpperCase();\n    };\n    for (var key in props) {\n        if (key.match('-')) {\n            var camelcase = key.replace(\/-(\\w)\/, camelFun);\n            style[ camelcase ] = props[ key ];\n        }\n        \/\/ rewrite style keys from geojson.io\n        if (rewrite_keys[ key ]) {\n            style[ rewrite_keys[ key ] ] = props[ key ];\n        }\n    }\n    return L.Util.extend(style, default_style);\n}\nfunction onEachFeature (feature, layer) {\n    var props = feature.properties || {};\n    var text;\n    if (table_view) {\n        text = window.WPLeafletMapPlugin.propsToTable(props);\n    } else {\n        text = popup_property\n            ? props[ popup_property ]\n            : window.WPLeafletMapPlugin.template(\n                popup_text, \n                feature.properties\n            );\n    }\n    if (text) {\n        layer.bindPopup( text );\n    }\n}\n    function pointToLayer (feature, latlng) {\n    if (circleMarker) {\n        return L.circleMarker(latlng);\n    }\n    return L.marker(latlng, markerOptions);\n}});<\/script>\n<script>\nwindow.WPLeafletMapPlugin = window.WPLeafletMapPlugin || [];\nwindow.WPLeafletMapPlugin.push(function WPLeafletScaleShortcode() {window.WPLeafletMapPlugin.createScale({\"imperial\":false,\"position\":\"topright\"});});<\/script><\/p>\n\n\n\n<figure class=\"wp-block-image size-large\"><a href=\"https:\/\/www.industriekultur-krefeld.org\/wp-content\/uploads\/krahnen_gobbers.jpg\"><img loading=\"lazy\" decoding=\"async\" width=\"1024\" height=\"644\" src=\"https:\/\/www.industriekultur-krefeld.org\/wp-content\/uploads\/krahnen_gobbers-1024x644.jpg\" alt=\"\" class=\"wp-image-573\" srcset=\"https:\/\/www.industriekultur-krefeld.org\/wp-content\/uploads\/krahnen_gobbers-1024x644.jpg 1024w, https:\/\/www.industriekultur-krefeld.org\/wp-content\/uploads\/krahnen_gobbers-300x189.jpg 300w, https:\/\/www.industriekultur-krefeld.org\/wp-content\/uploads\/krahnen_gobbers-768x483.jpg 768w, https:\/\/www.industriekultur-krefeld.org\/wp-content\/uploads\/krahnen_gobbers.jpg 1200w\" sizes=\"auto, (max-width: 767px) 89vw, (max-width: 1000px) 54vw, (max-width: 1071px) 543px, 580px\" \/><\/a><figcaption>Krahnen &amp; Kobers, Foto: Praktische Sozialpolitik aus allen St\u00e4nden vom Throne bis zur Werkst\u00e4tte, J. H. Sch\u00fctz, Verlag: Paul Neubner, C\u00f6ln a. Rhein 1906-1907<\/figcaption><\/figure>\n\n\n\n<h2 class=\"has-vivid-red-color has-text-color wp-block-heading\">Geschichte und Hintergrund<\/h2>\n\n\n\n<div class=\"wp-block-group\"><div class=\"wp-block-group__inner-container is-layout-flow wp-block-group-is-layout-flow\">\n<div class=\"wp-block-columns is-layout-flex wp-container-core-columns-is-layout-9d6595d7 wp-block-columns-is-layout-flex\">\n<div class=\"wp-block-column is-layout-flow wp-block-column-is-layout-flow\">\n<p>Der von dem Essener Architekten Karl Hagemann entworfene Fabrikkomplex realisierten Rudolf Krahne und Dr. jur. Josef Gobbers. Ihr neuer Fabrikbau ist in seiner Gesamtheit einer historischen Vogelschauzeichnung \u00fcberliefert. <\/p>\n<\/div>\n\n\n\n<div class=\"wp-block-column is-layout-flow wp-block-column-is-layout-flow\">\n<p>Krahnen und Gobbers geh\u00f6rte zu den gro\u00dfen Textilunternehmen in Krefeld  (zum Vergleich: in Krefeld gab 1902 fast 10.600 mechanische Webst\u00fchle und weiterhin ca. 6.000 Handwebst\u00fchle).<\/p>\n<\/div>\n<\/div>\n<\/div><\/div>\n\n\n\n<figure class=\"wp-block-image size-large\"><a href=\"https:\/\/www.industriekultur-krefeld.org\/wp-content\/uploads\/krahnen_gobbers_toreinfahrt.jpg\"><img loading=\"lazy\" decoding=\"async\" width=\"1024\" height=\"575\" src=\"https:\/\/www.industriekultur-krefeld.org\/wp-content\/uploads\/krahnen_gobbers_toreinfahrt-1024x575.jpg\" alt=\"\" class=\"wp-image-576\" srcset=\"https:\/\/www.industriekultur-krefeld.org\/wp-content\/uploads\/krahnen_gobbers_toreinfahrt-1024x575.jpg 1024w, https:\/\/www.industriekultur-krefeld.org\/wp-content\/uploads\/krahnen_gobbers_toreinfahrt-300x169.jpg 300w, https:\/\/www.industriekultur-krefeld.org\/wp-content\/uploads\/krahnen_gobbers_toreinfahrt-768x431.jpg 768w, https:\/\/www.industriekultur-krefeld.org\/wp-content\/uploads\/krahnen_gobbers_toreinfahrt.jpg 1200w\" sizes=\"auto, (max-width: 767px) 89vw, (max-width: 1000px) 54vw, (max-width: 1071px) 543px, 580px\" \/><\/a><figcaption>Toreinfahrt, Krahnen &amp; Kobers, Foto: \u00a9 Christoph Becker<\/figcaption><\/figure>\n\n\n\n<p>Das bis heute produzierende Unternehmen galt in den 1950er-Jahren als \u00e4lteste Kranzbandweberei Deutschlands, die als einzige Firma am Niederrhein noch eine Fertigungstiefe von der Rohware bis zur fertigen Grabschleife besa\u00df. <\/p>\n\n\n\n<p>1975 verlie\u00df das Unternehmen den Standort an der Krahnenstra\u00dfe und ist im Laufe der Jahre am ehemaligen <a href=\"https:\/\/www.industriekultur-krefeld.org\/index.php\/verseidag\/\" data-type=\"page\" data-id=\"153\">Produktionsstandort der Verseidag<\/a> heimisch geworden.<\/p>\n\n\n\n<h2 class=\"has-vivid-red-color has-text-color wp-block-heading\">Erhalt<\/h2>\n\n\n\n<figure class=\"wp-block-image size-large\"><img loading=\"lazy\" decoding=\"async\" width=\"1024\" height=\"564\" src=\"https:\/\/www.industriekultur-krefeld.org\/wp-content\/uploads\/image-44-1024x564.png\" alt=\"\" class=\"wp-image-1737\" srcset=\"https:\/\/www.industriekultur-krefeld.org\/wp-content\/uploads\/image-44-1024x564.png 1024w, https:\/\/www.industriekultur-krefeld.org\/wp-content\/uploads\/image-44-300x165.png 300w, https:\/\/www.industriekultur-krefeld.org\/wp-content\/uploads\/image-44-768x423.png 768w, https:\/\/www.industriekultur-krefeld.org\/wp-content\/uploads\/image-44-1536x847.png 1536w, https:\/\/www.industriekultur-krefeld.org\/wp-content\/uploads\/image-44.png 1800w\" sizes=\"auto, (max-width: 767px) 89vw, (max-width: 1000px) 54vw, (max-width: 1071px) 543px, 580px\" \/><figcaption><em>Fassade, Krahnen &amp; Kobers, Foto: \u00a9 Christoph Becker<\/em><\/figcaption><\/figure>\n\n\n\n<p>1978 wichen die Shedhallen und die Bebauung entlang der Melanchthonstra\u00dfe einer Wohnbebauung, auch der imposante Kopfbau diente nun dem Wohnen. Das Projekt der Wohnst\u00e4tte Krefeld Gemeinn\u00fctzige Wohnungs-Aktiengesellschaft war einer der ersten Umbauten von Industriegeb\u00e4uden zu Wohnraum in NRW.<\/p>\n\n\n\n<h2 class=\"has-vivid-red-color has-text-color wp-block-heading\">Mehr lesen:<br><\/h2>\n\n\n\n<div class=\"wp-block-media-text alignwide is-stacked-on-mobile is-image-fill\"><figure class=\"wp-block-media-text__media\" style=\"background-image:url(https:\/\/www.industriekultur-krefeld.org\/wp-content\/uploads\/Button-RI-on-2.png);background-position:50% 50%\"><a href=\"http:\/\/www.rheinische-industriekultur.com\"><img loading=\"lazy\" decoding=\"async\" width=\"340\" height=\"275\" src=\"https:\/\/www.industriekultur-krefeld.org\/wp-content\/uploads\/Button-RI-on-2.png\" alt=\"\" class=\"wp-image-291 size-full\" srcset=\"https:\/\/www.industriekultur-krefeld.org\/wp-content\/uploads\/Button-RI-on-2.png 340w, https:\/\/www.industriekultur-krefeld.org\/wp-content\/uploads\/Button-RI-on-2-300x243.png 300w\" sizes=\"auto, (max-width: 340px) 100vw, 340px\" \/><\/a><\/figure><div class=\"wp-block-media-text__content\">\n<p class=\"has-normal-font-size\"><a href=\"https:\/\/www.rheinische-industriekultur.com\/seiten\/objekte\/orte\/krefeld\/objekte\/Krahnen_Gobbers.html\">Krahnen &amp; Kobers <\/a><\/p>\n\n\n\n<p><a href=\"https:\/\/www.rheinische-industriekultur.com\/seiten\/objekte\/orte\/krefeld\/objekte\/mottau_leendertz.html\">Samtweberei Mottau &amp; Leendertz<\/a><\/p>\n\n\n\n<p><a href=\"https:\/\/www.industriekultur-krefeld.org\/index.php\/verseidag\/\" data-type=\"page\" data-id=\"153\">Verseidag<\/a><\/p>\n<\/div><\/div>\n\n\n\n<p><\/p>\n","protected":false},"excerpt":{"rendered":"<p>Aus der Mitte des 19. Jahrhunderts stammt die Seidenweberei Krahnen &amp; Gobbers. Schon 1866 soll das junge Unternehmen die ersten mechanischen Webst\u00fchle in Krefeld aufgestellt haben, 1893 waren die enorme Zahl von 500 Webst\u00fchlen erreicht. F\u00fcr das expandierende Unternehmen entstand 1899 ein gro\u00dfer Fabrikkomplex. Sehenswert ist der erhaltene Kopfbau samt verzierter Backstein-Toreinfahrt.<\/p>\n","protected":false},"author":1,"featured_media":578,"parent":0,"menu_order":41,"comment_status":"open","ping_status":"closed","template":"","meta":{"footnotes":""},"categories":[7],"tags":[44],"class_list":["post-570","page","type-page","status-publish","has-post-thumbnail","hentry","category-krefeld-suedlich-der-bahnlinien","tag-textil"],"_links":{"self":[{"href":"https:\/\/www.industriekultur-krefeld.org\/index.php\/wp-json\/wp\/v2\/pages\/570","targetHints":{"allow":["GET"]}}],"collection":[{"href":"https:\/\/www.industriekultur-krefeld.org\/index.php\/wp-json\/wp\/v2\/pages"}],"about":[{"href":"https:\/\/www.industriekultur-krefeld.org\/index.php\/wp-json\/wp\/v2\/types\/page"}],"author":[{"embeddable":true,"href":"https:\/\/www.industriekultur-krefeld.org\/index.php\/wp-json\/wp\/v2\/users\/1"}],"replies":[{"embeddable":true,"href":"https:\/\/www.industriekultur-krefeld.org\/index.php\/wp-json\/wp\/v2\/comments?post=570"}],"version-history":[{"count":7,"href":"https:\/\/www.industriekultur-krefeld.org\/index.php\/wp-json\/wp\/v2\/pages\/570\/revisions"}],"predecessor-version":[{"id":4650,"href":"https:\/\/www.industriekultur-krefeld.org\/index.php\/wp-json\/wp\/v2\/pages\/570\/revisions\/4650"}],"wp:featuredmedia":[{"embeddable":true,"href":"https:\/\/www.industriekultur-krefeld.org\/index.php\/wp-json\/wp\/v2\/media\/578"}],"wp:attachment":[{"href":"https:\/\/www.industriekultur-krefeld.org\/index.php\/wp-json\/wp\/v2\/media?parent=570"}],"wp:term":[{"taxonomy":"category","embeddable":true,"href":"https:\/\/www.industriekultur-krefeld.org\/index.php\/wp-json\/wp\/v2\/categories?post=570"},{"taxonomy":"post_tag","embeddable":true,"href":"https:\/\/www.industriekultur-krefeld.org\/index.php\/wp-json\/wp\/v2\/tags?post=570"}],"curies":[{"name":"wp","href":"https:\/\/api.w.org\/{rel}","templated":true}]}}