{"id":689,"date":"2021-01-08T18:07:01","date_gmt":"2021-01-08T17:07:01","guid":{"rendered":"https:\/\/www.industriekultur-krefeld.org\/?page_id=689"},"modified":"2025-04-22T09:42:12","modified_gmt":"2025-04-22T07:42:12","slug":"siedlung-ritterstrasse","status":"publish","type":"page","link":"https:\/\/www.industriekultur-krefeld.org\/index.php\/siedlung-ritterstrasse\/","title":{"rendered":"Siedlung Ritterfeld"},"content":{"rendered":"\n<p>Nach dem Ersten Weltkrieg galt es in Krefeld die Wohnungsnot zu lindern. 1921 wurde f\u00fcr die Stadtverwaltung der Plan zum Bau von etwa 300 Wohnungen von Architekt Franz Lorscheidt ausgearbeitet. Im zweite Bauabschnitt wurden spiegelbildlich angeordnete Mehrfamilienh\u00e4user von Erich B\u00f6ttger geplant. <\/p>\n\n\n\n<p>Sehenswert sind die Backsteintore an der Ritter- und der Siemensstra\u00dfe durch die Wege zum kleinen Platz im Zentrum der Siedlung f\u00fchren, aber auch der zweite Teil der Siedlung mit reich verzierten Mehrfamilienh\u00e4usern der Moderne.<\/p>\n\n\n\n<!--more-->\n\n\n<div class=\"leaflet-map WPLeafletMap\" style=\"height:400px; width:100%;\"><\/div><script>\nwindow.WPLeafletMapPlugin = window.WPLeafletMapPlugin || [];\nwindow.WPLeafletMapPlugin.push(function WPLeafletMapShortcode() {\/*<script>*\/\nvar baseUrl = atob('aHR0cHM6Ly97c30udGlsZS5vcGVuc3RyZWV0bWFwLm9yZy97en0ve3h9L3t5fS5wbmc=');\nvar base = (!baseUrl && window.MQ) ?\n    window.MQ.mapLayer() : L.tileLayer(baseUrl,\n        L.Util.extend({}, {\n            detectRetina: 1,\n        },\n        {\"subdomains\":\"abc\",\"noWrap\":false,\"maxZoom\":20}        )\n    );\n    var options = L.Util.extend({}, {\n        layers: [base],\n        attributionControl: false\n    },\n    {\"tap\":false,\"zoomControl\":true,\"scrollWheelZoom\":false,\"doubleClickZoom\":true,\"fitBounds\":false,\"minZoom\":1,\"maxZoom\":20,\"maxBounds\":null,\"attribution\":\"<a href=\\\"http:\\\/\\\/leafletjs.com\\\" title=\\\"Eine Javascript-Bibliothek f\\u00fcr interaktive Karten\\\">Leaflet<\\\/a>; \\u00a9 <a href=\\\"http:\\\/\\\/www.openstreetmap.org\\\/copyright\\\">OpenStreetMap<\\\/a> Mitwirkende\"},\n    {});\nwindow.WPLeafletMapPlugin.createMap(options).setView([51.3331205,6.5623343],13);window.WPLeafletMapPlugin.createScale({});});<\/script>\n<script>\nwindow.WPLeafletMapPlugin = window.WPLeafletMapPlugin || [];\nwindow.WPLeafletMapPlugin.push(function WPLeafletMarkerShortcode() {\/*<script>*\/\nvar map = window.WPLeafletMapPlugin.getCurrentMap();\nvar group = window.WPLeafletMapPlugin.getCurrentGroup();\nvar marker_options = window.WPLeafletMapPlugin.getIconOptions({\"title\":\"Siedlung Ritterfeld\",\"zIndexOffset\":1000,\"iconUrl\":\"https:\\\/\\\/www.industriekultur-krefeld.org\\\/wp-content\\\/uploads\\\/icon-selected.png\",\"shadowUrl\":\"https:\\\/\\\/unpkg.com\\\/leaflet@1.7.1\\\/dist\\\/images\\\/marker-shadow.png\",\"iconAnchor\":\"20,20\"});\nvar marker = L.marker(\n    [51.324939,6.577736],\n    marker_options\n);\nvar is_image = map.is_image_map;\nif (marker_options.draggable) {\n    marker.on('dragend', function () {\n        var latlng = this.getLatLng();\n        var lat = latlng.lat;\n        var lng = latlng.lng;\n        if (is_image) {\n            console.log('leaflet-marker y=' + lat + ' x=' + lng);\n        } else {\n            console.log('leaflet-marker lat=' + lat + ' lng=' + lng);\n        }\n    });\n}\nmarker.addTo( group );\nmarker.bindPopup(window.WPLeafletMapPlugin.unescape('&lt;a href=\\&quot;https:\/\/www.industriekultur-krefeld.org\/index.php\/siedlung-ritterstrasse\\&quot;&gt; Siedlung Ritterfeld &lt;\/a&gt;')).openPopup();window.WPLeafletMapPlugin.markers.push( marker );\n        });<\/script>\n<script>\nwindow.WPLeafletMapPlugin = window.WPLeafletMapPlugin || [];\nwindow.WPLeafletMapPlugin.push(function WPLeafletjsonShortcode() {\/*<script>*\/\nvar src = 'https:\/\/www.industriekultur-krefeld.org\/geojson.php';\nvar default_style = {};\nvar rewrite_keys = {\n    stroke : 'color',\n    'stroke-width' : 'weight',\n    'stroke-opacity' : 'opacity',\n    fill : 'fillColor',\n    'fill-opacity' : 'fillOpacity',\n};\n\/\/ htmlspecialchars converts & to \"&amp;\"; maybe unnecessarily, and maybe 3x\nvar ampersandRegex = \/&(?:amp;){1,3}\/g\nvar layer = L.ajaxGeoJson(src.replace(ampersandRegex, '&'), {\n    type: 'json',\n    style : layerStyle,\n    onEachFeature : onEachFeature,\n    pointToLayer: pointToLayer\n});\nvar fitbounds = 0;\nvar circleMarker = 0;\nvar popup_text = window.WPLeafletMapPlugin.unescape(\"&lt;br&gt;&lt;p&gt;&lt;a href=&quot;https:\/\/www.industriekultur-krefeld.org\/index.php\/{name}&quot;&gt;{title}&lt;br \/&gt;&lt;button&gt;&lt;i class=&quot;material-icons&quot;&gt;account_balance&lt;\/i&gt;Ansehen&lt;\/button&gt;&lt;\/a&gt;&lt;a href=&quot;http:\/\/maps.google.com\/maps?q={lat},{lng}&amp;amp;navigate=yes&quot;&gt;&lt;button&gt;&lt;i class=&quot;material-icons&quot;&gt;explore&lt;\/i&gt;Navigation starten&lt;\/button&gt;&lt;\/a&gt;&lt;\/p&gt;&lt;br&gt;&lt;p&gt;\");\nvar popup_property = \"\";\nvar table_view = 0;\nvar group = window.WPLeafletMapPlugin.getCurrentGroup();\nvar markerOptions = window.WPLeafletMapPlugin.getIconOptions({});\nlayer.addTo( group );\nwindow.WPLeafletMapPlugin.geojsons.push( layer );\nif (fitbounds) {\n    layer.on('ready', function () {\n        this.map.fitBounds( this.getBounds() );\n    });\n}\nfunction layerStyle (feature) {\n    var props = feature.properties || {};\n    var style = {};\n    function camelFun (_, first_letter) {\n        return first_letter.toUpperCase();\n    };\n    for (var key in props) {\n        if (key.match('-')) {\n            var camelcase = key.replace(\/-(\\w)\/, camelFun);\n            style[ camelcase ] = props[ key ];\n        }\n        \/\/ rewrite style keys from geojson.io\n        if (rewrite_keys[ key ]) {\n            style[ rewrite_keys[ key ] ] = props[ key ];\n        }\n    }\n    return L.Util.extend(style, default_style);\n}\nfunction onEachFeature (feature, layer) {\n    var props = feature.properties || {};\n    var text;\n    if (table_view) {\n        text = window.WPLeafletMapPlugin.propsToTable(props);\n    } else {\n        text = popup_property\n            ? props[ popup_property ]\n            : window.WPLeafletMapPlugin.template(\n                popup_text, \n                feature.properties\n            );\n    }\n    if (text) {\n        layer.bindPopup( text );\n    }\n}\n    function pointToLayer (feature, latlng) {\n    if (circleMarker) {\n        return L.circleMarker(latlng);\n    }\n    return L.marker(latlng, markerOptions);\n}});<\/script>\n<script>\nwindow.WPLeafletMapPlugin = window.WPLeafletMapPlugin || [];\nwindow.WPLeafletMapPlugin.push(function WPLeafletScaleShortcode() {window.WPLeafletMapPlugin.createScale({\"imperial\":false,\"position\":\"topright\"});});<\/script><\/p>\n\n\n\n<h2 class=\"wp-block-heading has-vivid-red-color has-text-color\">Geschichte und Hintergrund<\/h2>\n\n\n\n<div class=\"wp-block-columns is-layout-flex wp-container-core-columns-is-layout-9d6595d7 wp-block-columns-is-layout-flex\">\n<div class=\"wp-block-column is-layout-flow wp-block-column-is-layout-flow\">\n<figure class=\"wp-block-image size-large\"><a href=\"https:\/\/www.industriekultur-krefeld.org\/wp-content\/uploads\/image-124.png\"><img loading=\"lazy\" decoding=\"async\" width=\"1024\" height=\"453\" src=\"https:\/\/www.industriekultur-krefeld.org\/wp-content\/uploads\/image-124-1024x453.png\" alt=\"\" class=\"wp-image-4116\" srcset=\"https:\/\/www.industriekultur-krefeld.org\/wp-content\/uploads\/image-124-1024x453.png 1024w, https:\/\/www.industriekultur-krefeld.org\/wp-content\/uploads\/image-124-300x133.png 300w, https:\/\/www.industriekultur-krefeld.org\/wp-content\/uploads\/image-124-768x340.png 768w, https:\/\/www.industriekultur-krefeld.org\/wp-content\/uploads\/image-124-1536x679.png 1536w, https:\/\/www.industriekultur-krefeld.org\/wp-content\/uploads\/image-124-2048x906.png 2048w\" sizes=\"auto, (max-width: 767px) 89vw, (max-width: 1000px) 54vw, (max-width: 1071px) 543px, 580px\" \/><\/a><figcaption class=\"wp-element-caption\">Siedlung an der Ritterstra\u00dfe, Quelle: St\u00e4dtebauatlas Crefeld 1922<\/figcaption><\/figure>\n\n\n\n<p>Durch die <a type=\"page\" id=\"543\" href=\"https:\/\/www.industriekultur-krefeld.org\/index.php\/hoeherlegung-der-eisenbahn\/\">H\u00f6herlegung der Bahnlinien<\/a>, samt Entstehung einer <a type=\"page\" id=\"543\" href=\"https:\/\/www.industriekultur-krefeld.org\/index.php\/hoeherlegung-der-eisenbahn\/\">Br\u00fcckenlandschaft um den Hauptbahnhof<\/a>, war der Bereich s\u00fcdlich als neues Entwicklungsgebiet er\u00f6ffnet worden. <\/p>\n\n\n\n<p>Es hatten sich hier bereits 1899 die <a href=\"https:\/\/www.industriekultur-krefeld.org\/index.php\/seidenweberei-krahnen-gobbers\/\" data-type=\"page\" data-id=\"570\">Seidenweberei Krahnen &amp; Gobbers<\/a> angesiedelt, 1906 die <a href=\"https:\/\/www.industriekultur-krefeld.org\/index.php\/c\/\" data-type=\"page\" data-id=\"585\">Tapeten- und Wachstuchfabrik Heeder &amp; Co.<\/a>, 1908 die <a href=\"https:\/\/www.industriekultur-krefeld.org\/index.php\/brotfabrik-produktiv-genossenschaft-niederrhein\/\" data-type=\"page\" data-id=\"665\">Brotfabrik der Produktivgenossenschaft Niederrhein<\/a>. <\/p>\n\n\n<div class=\"wp-block-image\">\n<figure class=\"alignright size-thumbnail\"><a href=\"https:\/\/www.industriekultur-krefeld.org\/wp-content\/uploads\/image.png\"><img loading=\"lazy\" decoding=\"async\" width=\"150\" height=\"150\" src=\"https:\/\/www.industriekultur-krefeld.org\/wp-content\/uploads\/image-150x150.png\" alt=\"\" class=\"wp-image-693\" srcset=\"https:\/\/www.industriekultur-krefeld.org\/wp-content\/uploads\/image-150x150.png 150w, https:\/\/www.industriekultur-krefeld.org\/wp-content\/uploads\/image-100x100.png 100w\" sizes=\"auto, (max-width: 150px) 100vw, 150px\" \/><\/a><figcaption class=\"wp-element-caption\">Planungen 1901, Kartenausschnitt: Landesarchiv NRW, Abt. Rheinland, Karte R RW 0324<\/figcaption><\/figure>\n<\/div>\n\n\n<p>Schon 1901 tauchen in Pl\u00e4nen die neuen Eisenbahn-Unterf\u00fchrungen auf, im folgenden Karten-Ausschnitt ist die Verl\u00e4ngerung der Kronprinzenstra\u00dfe (heute Philadelphiastra\u00dfe) zu erkennen und daran anschlie\u00dfend ein dreieckiger Platz in rot gestrichelt gezeichnet. <\/p>\n\n\n\n<p>Dies sollte der heutige Voltaplatz gegen\u00fcber der Siedlung sein. Von einem Wohngebiet im Ritterfeld ist 1901 aber noch nichts zu erkennen, siehe Karte.<\/p>\n<\/div>\n<\/div>\n\n\n\n<h2 class=\"wp-block-heading has-vivid-red-color has-text-color\">Bauabschnitte<\/h2>\n\n\n\n<figure class=\"wp-block-image size-large\"><a href=\"https:\/\/www.industriekultur-krefeld.org\/wp-content\/uploads\/ritterstrasse-scaled.jpg\"><img decoding=\"async\" src=\"https:\/\/www.industriekultur-krefeld.org\/wp-content\/uploads\/ritterstrasse-1024x546.jpg\" alt=\"\" class=\"wp-image-690\"\/><\/a><figcaption class=\"wp-element-caption\">Siedlung Ritterfeld, <strong>erster Bauabschnitt<\/strong>, <br>Kartenausschnitt: Landesarchiv NRW, Abt. Rheinland, Karte R RW 5840<\/figcaption><\/figure>\n\n\n\n<p>Im ersten Bauabschnitt der Siedlung Ritterfeld entstanden 95 Wohnungen in 62 H\u00e4usern. &#8220;An jedes Haus schlie\u00dft sich ein Hausgarten an, der 200 bis 900, in den meisten F\u00e4llen 400 Quadratmeter gro\u00df ist&#8221;, so lautete es in einer verlockenden Zeitungsanzeige. <\/p>\n\n\n\n<p>Im April 1922 bot die Stadt die entstandenen 90 Ein- und Mehrfamilienh\u00e4user zum Kauf an. <\/p>\n\n\n\n<figure class=\"wp-block-gallery has-nested-images columns-default is-cropped wp-block-gallery-2 is-layout-flex wp-block-gallery-is-layout-flex\">\n<figure class=\"wp-block-image size-large\"><a href=\"https:\/\/www.industriekultur-krefeld.org\/wp-content\/uploads\/special2-scaled.jpg\"><img loading=\"lazy\" decoding=\"async\" width=\"1024\" height=\"687\" data-id=\"935\" src=\"https:\/\/www.industriekultur-krefeld.org\/wp-content\/uploads\/special2-scaled-1024x687.jpg\" alt=\"\" class=\"wp-image-935\" srcset=\"https:\/\/www.industriekultur-krefeld.org\/wp-content\/uploads\/special2-scaled-1024x687.jpg 1024w, https:\/\/www.industriekultur-krefeld.org\/wp-content\/uploads\/special2-scaled-300x201.jpg 300w, https:\/\/www.industriekultur-krefeld.org\/wp-content\/uploads\/special2-scaled-768x515.jpg 768w, https:\/\/www.industriekultur-krefeld.org\/wp-content\/uploads\/special2-scaled-1536x1031.jpg 1536w, https:\/\/www.industriekultur-krefeld.org\/wp-content\/uploads\/special2-scaled.jpg 1800w\" sizes=\"auto, (max-width: 767px) 89vw, (max-width: 1000px) 54vw, (max-width: 1071px) 543px, 580px\" \/><\/a><\/figure>\n\n\n\n<figure class=\"wp-block-image size-large\"><a href=\"https:\/\/www.industriekultur-krefeld.org\/wp-content\/uploads\/IMG_7468-scaled.jpeg\"><img loading=\"lazy\" decoding=\"async\" width=\"1024\" height=\"768\" data-id=\"945\" src=\"https:\/\/www.industriekultur-krefeld.org\/wp-content\/uploads\/IMG_7468-scaled-1024x768.jpeg\" alt=\"\" class=\"wp-image-945\" srcset=\"https:\/\/www.industriekultur-krefeld.org\/wp-content\/uploads\/IMG_7468-scaled-1024x768.jpeg 1024w, https:\/\/www.industriekultur-krefeld.org\/wp-content\/uploads\/IMG_7468-scaled-300x225.jpeg 300w, https:\/\/www.industriekultur-krefeld.org\/wp-content\/uploads\/IMG_7468-scaled-768x576.jpeg 768w, https:\/\/www.industriekultur-krefeld.org\/wp-content\/uploads\/IMG_7468-scaled-1536x1152.jpeg 1536w, https:\/\/www.industriekultur-krefeld.org\/wp-content\/uploads\/IMG_7468-scaled.jpeg 1800w\" sizes=\"auto, (max-width: 767px) 89vw, (max-width: 1000px) 54vw, (max-width: 1071px) 543px, 580px\" \/><\/a><\/figure>\n\n\n\n<figure class=\"wp-block-image size-large\"><a href=\"https:\/\/www.industriekultur-krefeld.org\/wp-content\/uploads\/IMG_7461-scaled.jpeg\"><img loading=\"lazy\" decoding=\"async\" width=\"1024\" height=\"768\" data-id=\"944\" src=\"https:\/\/www.industriekultur-krefeld.org\/wp-content\/uploads\/IMG_7461-scaled-1024x768.jpeg\" alt=\"\" class=\"wp-image-944\" srcset=\"https:\/\/www.industriekultur-krefeld.org\/wp-content\/uploads\/IMG_7461-scaled-1024x768.jpeg 1024w, https:\/\/www.industriekultur-krefeld.org\/wp-content\/uploads\/IMG_7461-scaled-300x225.jpeg 300w, https:\/\/www.industriekultur-krefeld.org\/wp-content\/uploads\/IMG_7461-scaled-768x576.jpeg 768w, https:\/\/www.industriekultur-krefeld.org\/wp-content\/uploads\/IMG_7461-scaled-1536x1152.jpeg 1536w, https:\/\/www.industriekultur-krefeld.org\/wp-content\/uploads\/IMG_7461-scaled.jpeg 1800w\" sizes=\"auto, (max-width: 767px) 89vw, (max-width: 1000px) 54vw, (max-width: 1071px) 543px, 580px\" \/><\/a><\/figure>\n\n\n\n<figure class=\"wp-block-image size-large\"><a href=\"https:\/\/www.industriekultur-krefeld.org\/wp-content\/uploads\/IMG_7460-scaled.jpeg\"><img loading=\"lazy\" decoding=\"async\" width=\"1024\" height=\"768\" data-id=\"943\" src=\"https:\/\/www.industriekultur-krefeld.org\/wp-content\/uploads\/IMG_7460-scaled-1024x768.jpeg\" alt=\"\" class=\"wp-image-943\" srcset=\"https:\/\/www.industriekultur-krefeld.org\/wp-content\/uploads\/IMG_7460-scaled-1024x768.jpeg 1024w, https:\/\/www.industriekultur-krefeld.org\/wp-content\/uploads\/IMG_7460-scaled-300x225.jpeg 300w, https:\/\/www.industriekultur-krefeld.org\/wp-content\/uploads\/IMG_7460-scaled-768x576.jpeg 768w, https:\/\/www.industriekultur-krefeld.org\/wp-content\/uploads\/IMG_7460-scaled-1536x1152.jpeg 1536w, https:\/\/www.industriekultur-krefeld.org\/wp-content\/uploads\/IMG_7460-scaled.jpeg 1800w\" sizes=\"auto, (max-width: 767px) 89vw, (max-width: 1000px) 54vw, (max-width: 1071px) 543px, 580px\" \/><\/a><\/figure>\n\n\n\n<figure class=\"wp-block-image size-large\"><a href=\"https:\/\/www.industriekultur-krefeld.org\/wp-content\/uploads\/IMG_7449-1-scaled.jpeg\"><img loading=\"lazy\" decoding=\"async\" width=\"1024\" height=\"768\" data-id=\"942\" src=\"https:\/\/www.industriekultur-krefeld.org\/wp-content\/uploads\/IMG_7449-1-scaled-1024x768.jpeg\" alt=\"\" class=\"wp-image-942\" srcset=\"https:\/\/www.industriekultur-krefeld.org\/wp-content\/uploads\/IMG_7449-1-scaled-1024x768.jpeg 1024w, https:\/\/www.industriekultur-krefeld.org\/wp-content\/uploads\/IMG_7449-1-scaled-300x225.jpeg 300w, https:\/\/www.industriekultur-krefeld.org\/wp-content\/uploads\/IMG_7449-1-scaled-768x576.jpeg 768w, https:\/\/www.industriekultur-krefeld.org\/wp-content\/uploads\/IMG_7449-1-scaled-1536x1152.jpeg 1536w, https:\/\/www.industriekultur-krefeld.org\/wp-content\/uploads\/IMG_7449-1-scaled.jpeg 1800w\" sizes=\"auto, (max-width: 767px) 89vw, (max-width: 1000px) 54vw, (max-width: 1071px) 543px, 580px\" \/><\/a><\/figure>\n\n\n\n<figure class=\"wp-block-image size-large\"><a href=\"https:\/\/www.industriekultur-krefeld.org\/wp-content\/uploads\/IMG_7442-scaled.jpeg\"><img loading=\"lazy\" decoding=\"async\" width=\"1024\" height=\"768\" data-id=\"941\" src=\"https:\/\/www.industriekultur-krefeld.org\/wp-content\/uploads\/IMG_7442-scaled-1024x768.jpeg\" alt=\"\" class=\"wp-image-941\" srcset=\"https:\/\/www.industriekultur-krefeld.org\/wp-content\/uploads\/IMG_7442-scaled-1024x768.jpeg 1024w, https:\/\/www.industriekultur-krefeld.org\/wp-content\/uploads\/IMG_7442-scaled-300x225.jpeg 300w, https:\/\/www.industriekultur-krefeld.org\/wp-content\/uploads\/IMG_7442-scaled-768x576.jpeg 768w, https:\/\/www.industriekultur-krefeld.org\/wp-content\/uploads\/IMG_7442-scaled-1536x1152.jpeg 1536w, https:\/\/www.industriekultur-krefeld.org\/wp-content\/uploads\/IMG_7442-scaled.jpeg 1800w\" sizes=\"auto, (max-width: 767px) 89vw, (max-width: 1000px) 54vw, (max-width: 1071px) 543px, 580px\" \/><\/a><\/figure>\n\n\n\n<figure class=\"wp-block-image size-large\"><a href=\"https:\/\/www.industriekultur-krefeld.org\/wp-content\/uploads\/IMG_7441-scaled.jpeg\"><img loading=\"lazy\" decoding=\"async\" width=\"1024\" height=\"768\" data-id=\"940\" src=\"https:\/\/www.industriekultur-krefeld.org\/wp-content\/uploads\/IMG_7441-scaled-1024x768.jpeg\" alt=\"\" class=\"wp-image-940\" srcset=\"https:\/\/www.industriekultur-krefeld.org\/wp-content\/uploads\/IMG_7441-scaled-1024x768.jpeg 1024w, https:\/\/www.industriekultur-krefeld.org\/wp-content\/uploads\/IMG_7441-scaled-300x225.jpeg 300w, https:\/\/www.industriekultur-krefeld.org\/wp-content\/uploads\/IMG_7441-scaled-768x576.jpeg 768w, https:\/\/www.industriekultur-krefeld.org\/wp-content\/uploads\/IMG_7441-scaled-1536x1152.jpeg 1536w, https:\/\/www.industriekultur-krefeld.org\/wp-content\/uploads\/IMG_7441-scaled.jpeg 1800w\" sizes=\"auto, (max-width: 767px) 89vw, (max-width: 1000px) 54vw, (max-width: 1071px) 543px, 580px\" \/><\/a><\/figure>\n\n\n\n<figure class=\"wp-block-image size-large\"><a href=\"https:\/\/www.industriekultur-krefeld.org\/wp-content\/uploads\/IMG_7439-scaled.jpeg\"><img loading=\"lazy\" decoding=\"async\" width=\"1024\" height=\"768\" data-id=\"938\" src=\"https:\/\/www.industriekultur-krefeld.org\/wp-content\/uploads\/IMG_7439-scaled-1024x768.jpeg\" alt=\"\" class=\"wp-image-938\" srcset=\"https:\/\/www.industriekultur-krefeld.org\/wp-content\/uploads\/IMG_7439-scaled-1024x768.jpeg 1024w, https:\/\/www.industriekultur-krefeld.org\/wp-content\/uploads\/IMG_7439-scaled-300x225.jpeg 300w, https:\/\/www.industriekultur-krefeld.org\/wp-content\/uploads\/IMG_7439-scaled-768x576.jpeg 768w, https:\/\/www.industriekultur-krefeld.org\/wp-content\/uploads\/IMG_7439-scaled-1536x1152.jpeg 1536w, https:\/\/www.industriekultur-krefeld.org\/wp-content\/uploads\/IMG_7439-scaled.jpeg 1800w\" sizes=\"auto, (max-width: 767px) 89vw, (max-width: 1000px) 54vw, (max-width: 1071px) 543px, 580px\" \/><\/a><\/figure>\n\n\n\n<figure class=\"wp-block-image size-large\"><a href=\"https:\/\/www.industriekultur-krefeld.org\/wp-content\/uploads\/IMG_7438-scaled.jpeg\"><img loading=\"lazy\" decoding=\"async\" width=\"1024\" height=\"768\" data-id=\"937\" src=\"https:\/\/www.industriekultur-krefeld.org\/wp-content\/uploads\/IMG_7438-scaled-1024x768.jpeg\" alt=\"\" class=\"wp-image-937\" srcset=\"https:\/\/www.industriekultur-krefeld.org\/wp-content\/uploads\/IMG_7438-scaled-1024x768.jpeg 1024w, https:\/\/www.industriekultur-krefeld.org\/wp-content\/uploads\/IMG_7438-scaled-300x225.jpeg 300w, https:\/\/www.industriekultur-krefeld.org\/wp-content\/uploads\/IMG_7438-scaled-768x576.jpeg 768w, https:\/\/www.industriekultur-krefeld.org\/wp-content\/uploads\/IMG_7438-scaled-1536x1152.jpeg 1536w, https:\/\/www.industriekultur-krefeld.org\/wp-content\/uploads\/IMG_7438-scaled.jpeg 1800w\" sizes=\"auto, (max-width: 767px) 89vw, (max-width: 1000px) 54vw, (max-width: 1071px) 543px, 580px\" \/><\/a><\/figure>\n\n\n\n<figure class=\"wp-block-image size-large\"><a href=\"https:\/\/www.industriekultur-krefeld.org\/wp-content\/uploads\/IMG_7425-scaled.jpg\"><img loading=\"lazy\" decoding=\"async\" width=\"1024\" height=\"768\" data-id=\"988\" src=\"https:\/\/www.industriekultur-krefeld.org\/wp-content\/uploads\/IMG_7425-scaled-1024x768.jpg\" alt=\"\" class=\"wp-image-988\" srcset=\"https:\/\/www.industriekultur-krefeld.org\/wp-content\/uploads\/IMG_7425-scaled-1024x768.jpg 1024w, https:\/\/www.industriekultur-krefeld.org\/wp-content\/uploads\/IMG_7425-scaled-300x225.jpg 300w, https:\/\/www.industriekultur-krefeld.org\/wp-content\/uploads\/IMG_7425-scaled-768x576.jpg 768w, https:\/\/www.industriekultur-krefeld.org\/wp-content\/uploads\/IMG_7425-scaled-1536x1152.jpg 1536w, https:\/\/www.industriekultur-krefeld.org\/wp-content\/uploads\/IMG_7425-scaled.jpg 1800w\" sizes=\"auto, (max-width: 767px) 89vw, (max-width: 1000px) 54vw, (max-width: 1071px) 543px, 580px\" \/><\/a><\/figure>\n<\/figure>\n\n\n\n<h2 class=\"wp-block-heading has-vivid-red-color has-text-color\">Zweiter Bauabschnitt<\/h2>\n\n\n\n<p>Im zweiten Bauabschnitt, dem s\u00fcdlichen Abschnitt der Nernstra\u00dfe, stehen sich Mehrfamilienh\u00e4user gegen\u00fcber. Die Eing\u00e4nge und Loggien zeigen kunstvolle expressionistische Ziegelmuster. Der Architekt war, laut einer angebrachten Plakette, <strong>Erich B\u00f6ttger<\/strong>.<\/p>\n\n\n\n<figure class=\"wp-block-gallery has-nested-images columns-default is-cropped wp-block-gallery-3 is-layout-flex wp-block-gallery-is-layout-flex\">\n<figure class=\"wp-block-image size-large\"><a href=\"https:\/\/www.industriekultur-krefeld.org\/wp-content\/uploads\/IMG_7411-scaled.jpg\"><img loading=\"lazy\" decoding=\"async\" width=\"1024\" height=\"455\" data-id=\"928\" src=\"https:\/\/www.industriekultur-krefeld.org\/wp-content\/uploads\/IMG_7411-scaled-1024x455.jpg\" alt=\"\" class=\"wp-image-928\" srcset=\"https:\/\/www.industriekultur-krefeld.org\/wp-content\/uploads\/IMG_7411-scaled-1024x455.jpg 1024w, https:\/\/www.industriekultur-krefeld.org\/wp-content\/uploads\/IMG_7411-scaled-300x133.jpg 300w, https:\/\/www.industriekultur-krefeld.org\/wp-content\/uploads\/IMG_7411-scaled-768x341.jpg 768w, https:\/\/www.industriekultur-krefeld.org\/wp-content\/uploads\/IMG_7411-scaled-1536x683.jpg 1536w, https:\/\/www.industriekultur-krefeld.org\/wp-content\/uploads\/IMG_7411-scaled-2048x910.jpg 2048w\" sizes=\"auto, (max-width: 767px) 89vw, (max-width: 1000px) 54vw, (max-width: 1071px) 543px, 580px\" \/><\/a><\/figure>\n\n\n\n<figure class=\"wp-block-image size-large\"><a href=\"https:\/\/www.industriekultur-krefeld.org\/wp-content\/uploads\/IMG_7408-scaled.jpg\"><img loading=\"lazy\" decoding=\"async\" width=\"1024\" height=\"763\" data-id=\"927\" src=\"https:\/\/www.industriekultur-krefeld.org\/wp-content\/uploads\/IMG_7408-scaled-1024x763.jpg\" alt=\"\" class=\"wp-image-927\" srcset=\"https:\/\/www.industriekultur-krefeld.org\/wp-content\/uploads\/IMG_7408-scaled-1024x763.jpg 1024w, https:\/\/www.industriekultur-krefeld.org\/wp-content\/uploads\/IMG_7408-scaled-300x224.jpg 300w, https:\/\/www.industriekultur-krefeld.org\/wp-content\/uploads\/IMG_7408-scaled-768x573.jpg 768w, https:\/\/www.industriekultur-krefeld.org\/wp-content\/uploads\/IMG_7408-scaled-1536x1145.jpg 1536w, https:\/\/www.industriekultur-krefeld.org\/wp-content\/uploads\/IMG_7408-scaled.jpg 1800w\" sizes=\"auto, (max-width: 767px) 89vw, (max-width: 1000px) 54vw, (max-width: 1071px) 543px, 580px\" \/><\/a><\/figure>\n\n\n\n<figure class=\"wp-block-image size-large\"><a href=\"https:\/\/www.industriekultur-krefeld.org\/wp-content\/uploads\/IMG_7409-scaled.jpeg\"><img loading=\"lazy\" decoding=\"async\" width=\"1024\" height=\"768\" data-id=\"951\" src=\"https:\/\/www.industriekultur-krefeld.org\/wp-content\/uploads\/IMG_7409-scaled-1024x768.jpeg\" alt=\"\" class=\"wp-image-951\" srcset=\"https:\/\/www.industriekultur-krefeld.org\/wp-content\/uploads\/IMG_7409-scaled-1024x768.jpeg 1024w, https:\/\/www.industriekultur-krefeld.org\/wp-content\/uploads\/IMG_7409-scaled-300x225.jpeg 300w, https:\/\/www.industriekultur-krefeld.org\/wp-content\/uploads\/IMG_7409-scaled-768x576.jpeg 768w, https:\/\/www.industriekultur-krefeld.org\/wp-content\/uploads\/IMG_7409-scaled-1536x1152.jpeg 1536w, https:\/\/www.industriekultur-krefeld.org\/wp-content\/uploads\/IMG_7409-scaled.jpeg 1800w\" sizes=\"auto, (max-width: 767px) 89vw, (max-width: 1000px) 54vw, (max-width: 1071px) 543px, 580px\" \/><\/a><\/figure>\n\n\n\n<figure class=\"wp-block-image size-large\"><a href=\"https:\/\/www.industriekultur-krefeld.org\/wp-content\/uploads\/IMG_0001-scaled.jpg\"><img loading=\"lazy\" decoding=\"async\" width=\"1017\" height=\"1024\" data-id=\"934\" src=\"https:\/\/www.industriekultur-krefeld.org\/wp-content\/uploads\/IMG_0001-scaled-1017x1024.jpg\" alt=\"\" class=\"wp-image-934\" srcset=\"https:\/\/www.industriekultur-krefeld.org\/wp-content\/uploads\/IMG_0001-scaled-1017x1024.jpg 1017w, https:\/\/www.industriekultur-krefeld.org\/wp-content\/uploads\/IMG_0001-scaled-298x300.jpg 298w, https:\/\/www.industriekultur-krefeld.org\/wp-content\/uploads\/IMG_0001-scaled-150x150.jpg 150w, https:\/\/www.industriekultur-krefeld.org\/wp-content\/uploads\/IMG_0001-scaled-768x773.jpg 768w, https:\/\/www.industriekultur-krefeld.org\/wp-content\/uploads\/IMG_0001-scaled-1526x1536.jpg 1526w, https:\/\/www.industriekultur-krefeld.org\/wp-content\/uploads\/IMG_0001-scaled-100x100.jpg 100w, https:\/\/www.industriekultur-krefeld.org\/wp-content\/uploads\/IMG_0001-scaled.jpg 1800w\" sizes=\"auto, (max-width: 767px) 89vw, (max-width: 1000px) 54vw, (max-width: 1071px) 543px, 580px\" \/><\/a><\/figure>\n<\/figure>\n\n\n\n<p>\u00dcber den Eing\u00e4ngen sind Figuren angebracht. Skulpturen in der Nernststra\u00dfe sind offenbar von Karl Stickelbrocks (1901-1981) *siehe Kommentare<\/p>\n\n\n\n<figure class=\"wp-block-gallery has-nested-images columns-2 is-cropped wp-block-gallery-4 is-layout-flex wp-block-gallery-is-layout-flex\">\n<figure class=\"wp-block-image size-large\"><a href=\"https:\/\/www.industriekultur-krefeld.org\/wp-content\/uploads\/IMG_7414-scaled.jpeg\"><img loading=\"lazy\" decoding=\"async\" width=\"768\" height=\"1024\" data-id=\"954\" src=\"https:\/\/www.industriekultur-krefeld.org\/wp-content\/uploads\/IMG_7414-scaled-768x1024.jpeg\" alt=\"\" class=\"wp-image-954\" srcset=\"https:\/\/www.industriekultur-krefeld.org\/wp-content\/uploads\/IMG_7414-scaled-768x1024.jpeg 768w, https:\/\/www.industriekultur-krefeld.org\/wp-content\/uploads\/IMG_7414-scaled-225x300.jpeg 225w, https:\/\/www.industriekultur-krefeld.org\/wp-content\/uploads\/IMG_7414-scaled-1152x1536.jpeg 1152w, https:\/\/www.industriekultur-krefeld.org\/wp-content\/uploads\/IMG_7414-scaled-1536x2048.jpeg 1536w, https:\/\/www.industriekultur-krefeld.org\/wp-content\/uploads\/IMG_7414-scaled.jpeg 1800w\" sizes=\"auto, (max-width: 767px) 89vw, (max-width: 1000px) 54vw, (max-width: 1071px) 543px, 580px\" \/><\/a><\/figure>\n\n\n\n<figure class=\"wp-block-image size-large\"><a href=\"https:\/\/www.industriekultur-krefeld.org\/wp-content\/uploads\/IMG_7413-scaled.jpeg\"><img loading=\"lazy\" decoding=\"async\" width=\"768\" height=\"1024\" data-id=\"953\" src=\"https:\/\/www.industriekultur-krefeld.org\/wp-content\/uploads\/IMG_7413-scaled-768x1024.jpeg\" alt=\"\" class=\"wp-image-953\" srcset=\"https:\/\/www.industriekultur-krefeld.org\/wp-content\/uploads\/IMG_7413-scaled-768x1024.jpeg 768w, https:\/\/www.industriekultur-krefeld.org\/wp-content\/uploads\/IMG_7413-scaled-225x300.jpeg 225w, https:\/\/www.industriekultur-krefeld.org\/wp-content\/uploads\/IMG_7413-scaled-1152x1536.jpeg 1152w, https:\/\/www.industriekultur-krefeld.org\/wp-content\/uploads\/IMG_7413-scaled-1536x2048.jpeg 1536w, https:\/\/www.industriekultur-krefeld.org\/wp-content\/uploads\/IMG_7413-scaled.jpeg 1800w\" sizes=\"auto, (max-width: 767px) 89vw, (max-width: 1000px) 54vw, (max-width: 1071px) 543px, 580px\" \/><\/a><\/figure>\n\n\n\n<figure class=\"wp-block-image size-large\"><a href=\"https:\/\/www.industriekultur-krefeld.org\/wp-content\/uploads\/IMG_7407-scaled.jpeg\"><img loading=\"lazy\" decoding=\"async\" width=\"768\" height=\"1024\" data-id=\"950\" src=\"https:\/\/www.industriekultur-krefeld.org\/wp-content\/uploads\/IMG_7407-scaled-768x1024.jpeg\" alt=\"\" class=\"wp-image-950\" srcset=\"https:\/\/www.industriekultur-krefeld.org\/wp-content\/uploads\/IMG_7407-scaled-768x1024.jpeg 768w, https:\/\/www.industriekultur-krefeld.org\/wp-content\/uploads\/IMG_7407-scaled-225x300.jpeg 225w, https:\/\/www.industriekultur-krefeld.org\/wp-content\/uploads\/IMG_7407-scaled-1152x1536.jpeg 1152w, https:\/\/www.industriekultur-krefeld.org\/wp-content\/uploads\/IMG_7407-scaled-1536x2048.jpeg 1536w, https:\/\/www.industriekultur-krefeld.org\/wp-content\/uploads\/IMG_7407-scaled.jpeg 1800w\" sizes=\"auto, (max-width: 767px) 89vw, (max-width: 1000px) 54vw, (max-width: 1071px) 543px, 580px\" \/><\/a><\/figure>\n\n\n\n<figure class=\"wp-block-image size-large\"><a href=\"https:\/\/www.industriekultur-krefeld.org\/wp-content\/uploads\/IMG_7406-scaled.jpeg\"><img loading=\"lazy\" decoding=\"async\" width=\"768\" height=\"1024\" data-id=\"949\" src=\"https:\/\/www.industriekultur-krefeld.org\/wp-content\/uploads\/IMG_7406-scaled-768x1024.jpeg\" alt=\"\" class=\"wp-image-949\" srcset=\"https:\/\/www.industriekultur-krefeld.org\/wp-content\/uploads\/IMG_7406-scaled-768x1024.jpeg 768w, https:\/\/www.industriekultur-krefeld.org\/wp-content\/uploads\/IMG_7406-scaled-225x300.jpeg 225w, https:\/\/www.industriekultur-krefeld.org\/wp-content\/uploads\/IMG_7406-scaled-1152x1536.jpeg 1152w, https:\/\/www.industriekultur-krefeld.org\/wp-content\/uploads\/IMG_7406-scaled-1536x2048.jpeg 1536w, https:\/\/www.industriekultur-krefeld.org\/wp-content\/uploads\/IMG_7406-scaled.jpeg 1800w\" sizes=\"auto, (max-width: 767px) 89vw, (max-width: 1000px) 54vw, (max-width: 1071px) 543px, 580px\" \/><\/a><\/figure>\n<\/figure>\n\n\n\n<h2 class=\"wp-block-heading has-vivid-red-color has-text-color\">Erhalt<\/h2>\n\n\n\n<p>insbesondere der \u00e4ltere Teil der Siedlung zeigt sich als Muster der schwierigen Entwicklung, die eine denkmalwerte Siedlung ohne ein Bezugssystem als Reglement erleben kann: <\/p>\n\n\n\n<figure class=\"wp-block-gallery has-nested-images columns-6 is-cropped wp-block-gallery-5 is-layout-flex wp-block-gallery-is-layout-flex\">\n<figure class=\"wp-block-image size-large\"><a href=\"https:\/\/www.industriekultur-krefeld.org\/wp-content\/uploads\/IMG_7484.jpeg\"><img loading=\"lazy\" decoding=\"async\" width=\"640\" height=\"480\" data-id=\"888\" src=\"https:\/\/www.industriekultur-krefeld.org\/wp-content\/uploads\/IMG_7484.jpeg\" alt=\"\" class=\"wp-image-888\" srcset=\"https:\/\/www.industriekultur-krefeld.org\/wp-content\/uploads\/IMG_7484.jpeg 640w, https:\/\/www.industriekultur-krefeld.org\/wp-content\/uploads\/IMG_7484-300x225.jpeg 300w\" sizes=\"auto, (max-width: 640px) 100vw, 640px\" \/><\/a><\/figure>\n\n\n\n<figure class=\"wp-block-image size-large\"><a href=\"https:\/\/www.industriekultur-krefeld.org\/wp-content\/uploads\/IMG_7483.jpeg\"><img loading=\"lazy\" decoding=\"async\" width=\"640\" height=\"480\" data-id=\"889\" src=\"https:\/\/www.industriekultur-krefeld.org\/wp-content\/uploads\/IMG_7483.jpeg\" alt=\"\" class=\"wp-image-889\" srcset=\"https:\/\/www.industriekultur-krefeld.org\/wp-content\/uploads\/IMG_7483.jpeg 640w, https:\/\/www.industriekultur-krefeld.org\/wp-content\/uploads\/IMG_7483-300x225.jpeg 300w\" sizes=\"auto, (max-width: 640px) 100vw, 640px\" \/><\/a><\/figure>\n\n\n\n<figure class=\"wp-block-image size-large\"><a href=\"https:\/\/www.industriekultur-krefeld.org\/wp-content\/uploads\/IMG_7482.jpeg\"><img loading=\"lazy\" decoding=\"async\" width=\"640\" height=\"480\" data-id=\"890\" src=\"https:\/\/www.industriekultur-krefeld.org\/wp-content\/uploads\/IMG_7482.jpeg\" alt=\"\" class=\"wp-image-890\" srcset=\"https:\/\/www.industriekultur-krefeld.org\/wp-content\/uploads\/IMG_7482.jpeg 640w, https:\/\/www.industriekultur-krefeld.org\/wp-content\/uploads\/IMG_7482-300x225.jpeg 300w\" sizes=\"auto, (max-width: 640px) 100vw, 640px\" \/><\/a><\/figure>\n\n\n\n<figure class=\"wp-block-image size-large\"><a href=\"https:\/\/www.industriekultur-krefeld.org\/wp-content\/uploads\/IMG_7481.jpeg\"><img loading=\"lazy\" decoding=\"async\" width=\"640\" height=\"480\" data-id=\"891\" src=\"https:\/\/www.industriekultur-krefeld.org\/wp-content\/uploads\/IMG_7481.jpeg\" alt=\"\" class=\"wp-image-891\" srcset=\"https:\/\/www.industriekultur-krefeld.org\/wp-content\/uploads\/IMG_7481.jpeg 640w, https:\/\/www.industriekultur-krefeld.org\/wp-content\/uploads\/IMG_7481-300x225.jpeg 300w\" sizes=\"auto, (max-width: 640px) 100vw, 640px\" \/><\/a><\/figure>\n\n\n\n<figure class=\"wp-block-image size-large\"><a href=\"https:\/\/www.industriekultur-krefeld.org\/wp-content\/uploads\/IMG_7480.jpeg\"><img loading=\"lazy\" decoding=\"async\" width=\"640\" height=\"480\" data-id=\"892\" src=\"https:\/\/www.industriekultur-krefeld.org\/wp-content\/uploads\/IMG_7480.jpeg\" alt=\"\" class=\"wp-image-892\" srcset=\"https:\/\/www.industriekultur-krefeld.org\/wp-content\/uploads\/IMG_7480.jpeg 640w, https:\/\/www.industriekultur-krefeld.org\/wp-content\/uploads\/IMG_7480-300x225.jpeg 300w\" sizes=\"auto, (max-width: 640px) 100vw, 640px\" \/><\/a><\/figure>\n\n\n\n<figure class=\"wp-block-image size-large\"><a href=\"https:\/\/www.industriekultur-krefeld.org\/wp-content\/uploads\/IMG_7479.jpeg\"><img loading=\"lazy\" decoding=\"async\" width=\"640\" height=\"480\" data-id=\"893\" src=\"https:\/\/www.industriekultur-krefeld.org\/wp-content\/uploads\/IMG_7479.jpeg\" alt=\"\" class=\"wp-image-893\" srcset=\"https:\/\/www.industriekultur-krefeld.org\/wp-content\/uploads\/IMG_7479.jpeg 640w, https:\/\/www.industriekultur-krefeld.org\/wp-content\/uploads\/IMG_7479-300x225.jpeg 300w\" sizes=\"auto, (max-width: 640px) 100vw, 640px\" \/><\/a><\/figure>\n\n\n\n<figure class=\"wp-block-image size-large\"><a href=\"https:\/\/www.industriekultur-krefeld.org\/wp-content\/uploads\/IMG_7478.jpeg\"><img loading=\"lazy\" decoding=\"async\" width=\"640\" height=\"480\" data-id=\"894\" src=\"https:\/\/www.industriekultur-krefeld.org\/wp-content\/uploads\/IMG_7478.jpeg\" alt=\"\" class=\"wp-image-894\" srcset=\"https:\/\/www.industriekultur-krefeld.org\/wp-content\/uploads\/IMG_7478.jpeg 640w, https:\/\/www.industriekultur-krefeld.org\/wp-content\/uploads\/IMG_7478-300x225.jpeg 300w\" sizes=\"auto, (max-width: 640px) 100vw, 640px\" \/><\/a><\/figure>\n\n\n\n<figure class=\"wp-block-image size-large\"><a href=\"https:\/\/www.industriekultur-krefeld.org\/wp-content\/uploads\/IMG_7477.jpeg\"><img loading=\"lazy\" decoding=\"async\" width=\"640\" height=\"480\" data-id=\"895\" src=\"https:\/\/www.industriekultur-krefeld.org\/wp-content\/uploads\/IMG_7477.jpeg\" alt=\"\" class=\"wp-image-895\" srcset=\"https:\/\/www.industriekultur-krefeld.org\/wp-content\/uploads\/IMG_7477.jpeg 640w, https:\/\/www.industriekultur-krefeld.org\/wp-content\/uploads\/IMG_7477-300x225.jpeg 300w\" sizes=\"auto, (max-width: 640px) 100vw, 640px\" \/><\/a><\/figure>\n\n\n\n<figure class=\"wp-block-image size-large\"><a href=\"https:\/\/www.industriekultur-krefeld.org\/wp-content\/uploads\/IMG_7476.jpeg\"><img loading=\"lazy\" decoding=\"async\" width=\"640\" height=\"480\" data-id=\"896\" src=\"https:\/\/www.industriekultur-krefeld.org\/wp-content\/uploads\/IMG_7476.jpeg\" alt=\"\" class=\"wp-image-896\" srcset=\"https:\/\/www.industriekultur-krefeld.org\/wp-content\/uploads\/IMG_7476.jpeg 640w, https:\/\/www.industriekultur-krefeld.org\/wp-content\/uploads\/IMG_7476-300x225.jpeg 300w\" sizes=\"auto, (max-width: 640px) 100vw, 640px\" \/><\/a><\/figure>\n\n\n\n<figure class=\"wp-block-image size-large\"><a href=\"https:\/\/www.industriekultur-krefeld.org\/wp-content\/uploads\/IMG_7475.jpeg\"><img loading=\"lazy\" decoding=\"async\" width=\"640\" height=\"480\" data-id=\"897\" src=\"https:\/\/www.industriekultur-krefeld.org\/wp-content\/uploads\/IMG_7475.jpeg\" alt=\"\" class=\"wp-image-897\" srcset=\"https:\/\/www.industriekultur-krefeld.org\/wp-content\/uploads\/IMG_7475.jpeg 640w, https:\/\/www.industriekultur-krefeld.org\/wp-content\/uploads\/IMG_7475-300x225.jpeg 300w\" sizes=\"auto, (max-width: 640px) 100vw, 640px\" \/><\/a><\/figure>\n\n\n\n<figure class=\"wp-block-image size-large\"><a href=\"https:\/\/www.industriekultur-krefeld.org\/wp-content\/uploads\/IMG_7474.jpeg\"><img loading=\"lazy\" decoding=\"async\" width=\"640\" height=\"480\" data-id=\"898\" src=\"https:\/\/www.industriekultur-krefeld.org\/wp-content\/uploads\/IMG_7474.jpeg\" alt=\"\" class=\"wp-image-898\" srcset=\"https:\/\/www.industriekultur-krefeld.org\/wp-content\/uploads\/IMG_7474.jpeg 640w, https:\/\/www.industriekultur-krefeld.org\/wp-content\/uploads\/IMG_7474-300x225.jpeg 300w\" sizes=\"auto, (max-width: 640px) 100vw, 640px\" \/><\/a><\/figure>\n\n\n\n<figure class=\"wp-block-image size-large\"><a href=\"https:\/\/www.industriekultur-krefeld.org\/wp-content\/uploads\/IMG_7473.jpeg\"><img loading=\"lazy\" decoding=\"async\" width=\"640\" height=\"480\" data-id=\"899\" src=\"https:\/\/www.industriekultur-krefeld.org\/wp-content\/uploads\/IMG_7473.jpeg\" alt=\"\" class=\"wp-image-899\" srcset=\"https:\/\/www.industriekultur-krefeld.org\/wp-content\/uploads\/IMG_7473.jpeg 640w, https:\/\/www.industriekultur-krefeld.org\/wp-content\/uploads\/IMG_7473-300x225.jpeg 300w\" sizes=\"auto, (max-width: 640px) 100vw, 640px\" \/><\/a><\/figure>\n\n\n\n<figure class=\"wp-block-image size-large\"><a href=\"https:\/\/www.industriekultur-krefeld.org\/wp-content\/uploads\/IMG_7472.jpeg\"><img loading=\"lazy\" decoding=\"async\" width=\"640\" height=\"480\" data-id=\"900\" src=\"https:\/\/www.industriekultur-krefeld.org\/wp-content\/uploads\/IMG_7472.jpeg\" alt=\"\" class=\"wp-image-900\" srcset=\"https:\/\/www.industriekultur-krefeld.org\/wp-content\/uploads\/IMG_7472.jpeg 640w, https:\/\/www.industriekultur-krefeld.org\/wp-content\/uploads\/IMG_7472-300x225.jpeg 300w\" sizes=\"auto, (max-width: 640px) 100vw, 640px\" \/><\/a><\/figure>\n\n\n\n<figure class=\"wp-block-image size-large\"><a href=\"https:\/\/www.industriekultur-krefeld.org\/wp-content\/uploads\/IMG_7469.jpeg\"><img loading=\"lazy\" decoding=\"async\" width=\"640\" height=\"480\" data-id=\"901\" src=\"https:\/\/www.industriekultur-krefeld.org\/wp-content\/uploads\/IMG_7469.jpeg\" alt=\"\" class=\"wp-image-901\" srcset=\"https:\/\/www.industriekultur-krefeld.org\/wp-content\/uploads\/IMG_7469.jpeg 640w, https:\/\/www.industriekultur-krefeld.org\/wp-content\/uploads\/IMG_7469-300x225.jpeg 300w\" sizes=\"auto, (max-width: 640px) 100vw, 640px\" \/><\/a><\/figure>\n\n\n\n<figure class=\"wp-block-image size-large\"><a href=\"https:\/\/www.industriekultur-krefeld.org\/wp-content\/uploads\/IMG_7467.jpeg\"><img loading=\"lazy\" decoding=\"async\" width=\"640\" height=\"480\" data-id=\"902\" src=\"https:\/\/www.industriekultur-krefeld.org\/wp-content\/uploads\/IMG_7467.jpeg\" alt=\"\" class=\"wp-image-902\" srcset=\"https:\/\/www.industriekultur-krefeld.org\/wp-content\/uploads\/IMG_7467.jpeg 640w, https:\/\/www.industriekultur-krefeld.org\/wp-content\/uploads\/IMG_7467-300x225.jpeg 300w\" sizes=\"auto, (max-width: 640px) 100vw, 640px\" \/><\/a><\/figure>\n\n\n\n<figure class=\"wp-block-image size-large\"><a href=\"https:\/\/www.industriekultur-krefeld.org\/wp-content\/uploads\/IMG_7466.jpeg\"><img loading=\"lazy\" decoding=\"async\" width=\"640\" height=\"480\" data-id=\"903\" src=\"https:\/\/www.industriekultur-krefeld.org\/wp-content\/uploads\/IMG_7466.jpeg\" alt=\"\" class=\"wp-image-903\" srcset=\"https:\/\/www.industriekultur-krefeld.org\/wp-content\/uploads\/IMG_7466.jpeg 640w, https:\/\/www.industriekultur-krefeld.org\/wp-content\/uploads\/IMG_7466-300x225.jpeg 300w\" sizes=\"auto, (max-width: 640px) 100vw, 640px\" \/><\/a><\/figure>\n\n\n\n<figure class=\"wp-block-image size-large\"><a href=\"https:\/\/www.industriekultur-krefeld.org\/wp-content\/uploads\/IMG_7465.jpeg\"><img loading=\"lazy\" decoding=\"async\" width=\"640\" height=\"480\" data-id=\"904\" src=\"https:\/\/www.industriekultur-krefeld.org\/wp-content\/uploads\/IMG_7465.jpeg\" alt=\"\" class=\"wp-image-904\" srcset=\"https:\/\/www.industriekultur-krefeld.org\/wp-content\/uploads\/IMG_7465.jpeg 640w, https:\/\/www.industriekultur-krefeld.org\/wp-content\/uploads\/IMG_7465-300x225.jpeg 300w\" sizes=\"auto, (max-width: 640px) 100vw, 640px\" \/><\/a><\/figure>\n\n\n\n<figure class=\"wp-block-image size-large\"><a href=\"https:\/\/www.industriekultur-krefeld.org\/wp-content\/uploads\/IMG_7464.jpeg\"><img loading=\"lazy\" decoding=\"async\" width=\"640\" height=\"480\" data-id=\"905\" src=\"https:\/\/www.industriekultur-krefeld.org\/wp-content\/uploads\/IMG_7464.jpeg\" alt=\"\" class=\"wp-image-905\" srcset=\"https:\/\/www.industriekultur-krefeld.org\/wp-content\/uploads\/IMG_7464.jpeg 640w, https:\/\/www.industriekultur-krefeld.org\/wp-content\/uploads\/IMG_7464-300x225.jpeg 300w\" sizes=\"auto, (max-width: 640px) 100vw, 640px\" \/><\/a><\/figure>\n\n\n\n<figure class=\"wp-block-image size-large\"><a href=\"https:\/\/www.industriekultur-krefeld.org\/wp-content\/uploads\/IMG_7457.jpeg\"><img loading=\"lazy\" decoding=\"async\" width=\"640\" height=\"480\" data-id=\"906\" src=\"https:\/\/www.industriekultur-krefeld.org\/wp-content\/uploads\/IMG_7457.jpeg\" alt=\"\" class=\"wp-image-906\" srcset=\"https:\/\/www.industriekultur-krefeld.org\/wp-content\/uploads\/IMG_7457.jpeg 640w, https:\/\/www.industriekultur-krefeld.org\/wp-content\/uploads\/IMG_7457-300x225.jpeg 300w\" sizes=\"auto, (max-width: 640px) 100vw, 640px\" \/><\/a><\/figure>\n\n\n\n<figure class=\"wp-block-image size-large\"><a href=\"https:\/\/www.industriekultur-krefeld.org\/wp-content\/uploads\/IMG_7451.jpeg\"><img loading=\"lazy\" decoding=\"async\" width=\"640\" height=\"480\" data-id=\"907\" src=\"https:\/\/www.industriekultur-krefeld.org\/wp-content\/uploads\/IMG_7451.jpeg\" alt=\"\" class=\"wp-image-907\" srcset=\"https:\/\/www.industriekultur-krefeld.org\/wp-content\/uploads\/IMG_7451.jpeg 640w, https:\/\/www.industriekultur-krefeld.org\/wp-content\/uploads\/IMG_7451-300x225.jpeg 300w\" sizes=\"auto, (max-width: 640px) 100vw, 640px\" \/><\/a><\/figure>\n\n\n\n<figure class=\"wp-block-image size-large\"><a href=\"https:\/\/www.industriekultur-krefeld.org\/wp-content\/uploads\/IMG_7448.jpeg\"><img loading=\"lazy\" decoding=\"async\" width=\"640\" height=\"480\" data-id=\"908\" src=\"https:\/\/www.industriekultur-krefeld.org\/wp-content\/uploads\/IMG_7448.jpeg\" alt=\"\" class=\"wp-image-908\" srcset=\"https:\/\/www.industriekultur-krefeld.org\/wp-content\/uploads\/IMG_7448.jpeg 640w, https:\/\/www.industriekultur-krefeld.org\/wp-content\/uploads\/IMG_7448-300x225.jpeg 300w\" sizes=\"auto, (max-width: 640px) 100vw, 640px\" \/><\/a><\/figure>\n\n\n\n<figure class=\"wp-block-image size-large\"><a href=\"https:\/\/www.industriekultur-krefeld.org\/wp-content\/uploads\/IMG_7447.jpeg\"><img loading=\"lazy\" decoding=\"async\" width=\"640\" height=\"480\" data-id=\"909\" src=\"https:\/\/www.industriekultur-krefeld.org\/wp-content\/uploads\/IMG_7447.jpeg\" alt=\"\" class=\"wp-image-909\" srcset=\"https:\/\/www.industriekultur-krefeld.org\/wp-content\/uploads\/IMG_7447.jpeg 640w, https:\/\/www.industriekultur-krefeld.org\/wp-content\/uploads\/IMG_7447-300x225.jpeg 300w\" sizes=\"auto, (max-width: 640px) 100vw, 640px\" \/><\/a><\/figure>\n\n\n\n<figure class=\"wp-block-image size-large\"><a href=\"https:\/\/www.industriekultur-krefeld.org\/wp-content\/uploads\/IMG_7436.jpeg\"><img loading=\"lazy\" decoding=\"async\" width=\"640\" height=\"480\" data-id=\"910\" src=\"https:\/\/www.industriekultur-krefeld.org\/wp-content\/uploads\/IMG_7436.jpeg\" alt=\"\" class=\"wp-image-910\" srcset=\"https:\/\/www.industriekultur-krefeld.org\/wp-content\/uploads\/IMG_7436.jpeg 640w, https:\/\/www.industriekultur-krefeld.org\/wp-content\/uploads\/IMG_7436-300x225.jpeg 300w\" sizes=\"auto, (max-width: 640px) 100vw, 640px\" \/><\/a><\/figure>\n\n\n\n<figure class=\"wp-block-image size-large\"><a href=\"https:\/\/www.industriekultur-krefeld.org\/wp-content\/uploads\/IMG_7435.jpeg\"><img loading=\"lazy\" decoding=\"async\" width=\"640\" height=\"480\" data-id=\"911\" src=\"https:\/\/www.industriekultur-krefeld.org\/wp-content\/uploads\/IMG_7435.jpeg\" alt=\"\" class=\"wp-image-911\" srcset=\"https:\/\/www.industriekultur-krefeld.org\/wp-content\/uploads\/IMG_7435.jpeg 640w, https:\/\/www.industriekultur-krefeld.org\/wp-content\/uploads\/IMG_7435-300x225.jpeg 300w\" sizes=\"auto, (max-width: 640px) 100vw, 640px\" \/><\/a><\/figure>\n\n\n\n<figure class=\"wp-block-image size-large\"><a href=\"https:\/\/www.industriekultur-krefeld.org\/wp-content\/uploads\/IMG_7434.jpeg\"><img loading=\"lazy\" decoding=\"async\" width=\"640\" height=\"480\" data-id=\"912\" src=\"https:\/\/www.industriekultur-krefeld.org\/wp-content\/uploads\/IMG_7434.jpeg\" alt=\"\" class=\"wp-image-912\" srcset=\"https:\/\/www.industriekultur-krefeld.org\/wp-content\/uploads\/IMG_7434.jpeg 640w, https:\/\/www.industriekultur-krefeld.org\/wp-content\/uploads\/IMG_7434-300x225.jpeg 300w\" sizes=\"auto, (max-width: 640px) 100vw, 640px\" \/><\/a><\/figure>\n\n\n\n<figure class=\"wp-block-image size-large\"><a href=\"https:\/\/www.industriekultur-krefeld.org\/wp-content\/uploads\/IMG_7433.jpeg\"><img loading=\"lazy\" decoding=\"async\" width=\"640\" height=\"480\" data-id=\"913\" src=\"https:\/\/www.industriekultur-krefeld.org\/wp-content\/uploads\/IMG_7433.jpeg\" alt=\"\" class=\"wp-image-913\" srcset=\"https:\/\/www.industriekultur-krefeld.org\/wp-content\/uploads\/IMG_7433.jpeg 640w, https:\/\/www.industriekultur-krefeld.org\/wp-content\/uploads\/IMG_7433-300x225.jpeg 300w\" sizes=\"auto, (max-width: 640px) 100vw, 640px\" \/><\/a><\/figure>\n\n\n\n<figure class=\"wp-block-image size-large\"><a href=\"https:\/\/www.industriekultur-krefeld.org\/wp-content\/uploads\/IMG_7432.jpeg\"><img loading=\"lazy\" decoding=\"async\" width=\"640\" height=\"480\" data-id=\"914\" src=\"https:\/\/www.industriekultur-krefeld.org\/wp-content\/uploads\/IMG_7432.jpeg\" alt=\"\" class=\"wp-image-914\" srcset=\"https:\/\/www.industriekultur-krefeld.org\/wp-content\/uploads\/IMG_7432.jpeg 640w, https:\/\/www.industriekultur-krefeld.org\/wp-content\/uploads\/IMG_7432-300x225.jpeg 300w\" sizes=\"auto, (max-width: 640px) 100vw, 640px\" \/><\/a><\/figure>\n\n\n\n<figure class=\"wp-block-image size-large\"><a href=\"https:\/\/www.industriekultur-krefeld.org\/wp-content\/uploads\/IMG_7431.jpeg\"><img loading=\"lazy\" decoding=\"async\" width=\"640\" height=\"480\" data-id=\"915\" src=\"https:\/\/www.industriekultur-krefeld.org\/wp-content\/uploads\/IMG_7431.jpeg\" alt=\"\" class=\"wp-image-915\" srcset=\"https:\/\/www.industriekultur-krefeld.org\/wp-content\/uploads\/IMG_7431.jpeg 640w, https:\/\/www.industriekultur-krefeld.org\/wp-content\/uploads\/IMG_7431-300x225.jpeg 300w\" sizes=\"auto, (max-width: 640px) 100vw, 640px\" \/><\/a><\/figure>\n\n\n\n<figure class=\"wp-block-image size-large\"><a href=\"https:\/\/www.industriekultur-krefeld.org\/wp-content\/uploads\/IMG_7430.jpeg\"><img loading=\"lazy\" decoding=\"async\" width=\"640\" height=\"480\" data-id=\"916\" src=\"https:\/\/www.industriekultur-krefeld.org\/wp-content\/uploads\/IMG_7430.jpeg\" alt=\"\" class=\"wp-image-916\" srcset=\"https:\/\/www.industriekultur-krefeld.org\/wp-content\/uploads\/IMG_7430.jpeg 640w, https:\/\/www.industriekultur-krefeld.org\/wp-content\/uploads\/IMG_7430-300x225.jpeg 300w\" sizes=\"auto, (max-width: 640px) 100vw, 640px\" \/><\/a><\/figure>\n\n\n\n<figure class=\"wp-block-image size-large\"><a href=\"https:\/\/www.industriekultur-krefeld.org\/wp-content\/uploads\/IMG_7427.jpeg\"><img loading=\"lazy\" decoding=\"async\" width=\"640\" height=\"480\" data-id=\"917\" src=\"https:\/\/www.industriekultur-krefeld.org\/wp-content\/uploads\/IMG_7427.jpeg\" alt=\"\" class=\"wp-image-917\" srcset=\"https:\/\/www.industriekultur-krefeld.org\/wp-content\/uploads\/IMG_7427.jpeg 640w, https:\/\/www.industriekultur-krefeld.org\/wp-content\/uploads\/IMG_7427-300x225.jpeg 300w\" sizes=\"auto, (max-width: 640px) 100vw, 640px\" \/><\/a><\/figure>\n\n\n\n<figure class=\"wp-block-image size-large\"><a href=\"https:\/\/www.industriekultur-krefeld.org\/wp-content\/uploads\/IMG_7426.jpeg\"><img loading=\"lazy\" decoding=\"async\" width=\"640\" height=\"480\" data-id=\"918\" src=\"https:\/\/www.industriekultur-krefeld.org\/wp-content\/uploads\/IMG_7426.jpeg\" alt=\"\" class=\"wp-image-918\" srcset=\"https:\/\/www.industriekultur-krefeld.org\/wp-content\/uploads\/IMG_7426.jpeg 640w, https:\/\/www.industriekultur-krefeld.org\/wp-content\/uploads\/IMG_7426-300x225.jpeg 300w\" sizes=\"auto, (max-width: 640px) 100vw, 640px\" \/><\/a><\/figure>\n\n\n\n<figure class=\"wp-block-image size-large\"><a href=\"https:\/\/www.industriekultur-krefeld.org\/wp-content\/uploads\/IMG_7424.jpeg\"><img loading=\"lazy\" decoding=\"async\" width=\"640\" height=\"480\" data-id=\"919\" src=\"https:\/\/www.industriekultur-krefeld.org\/wp-content\/uploads\/IMG_7424.jpeg\" alt=\"\" class=\"wp-image-919\" srcset=\"https:\/\/www.industriekultur-krefeld.org\/wp-content\/uploads\/IMG_7424.jpeg 640w, https:\/\/www.industriekultur-krefeld.org\/wp-content\/uploads\/IMG_7424-300x225.jpeg 300w\" sizes=\"auto, (max-width: 640px) 100vw, 640px\" \/><\/a><\/figure>\n\n\n\n<figure class=\"wp-block-image size-large\"><a href=\"https:\/\/www.industriekultur-krefeld.org\/wp-content\/uploads\/IMG_7423.jpeg\"><img loading=\"lazy\" decoding=\"async\" width=\"640\" height=\"480\" data-id=\"920\" src=\"https:\/\/www.industriekultur-krefeld.org\/wp-content\/uploads\/IMG_7423.jpeg\" alt=\"\" class=\"wp-image-920\" srcset=\"https:\/\/www.industriekultur-krefeld.org\/wp-content\/uploads\/IMG_7423.jpeg 640w, https:\/\/www.industriekultur-krefeld.org\/wp-content\/uploads\/IMG_7423-300x225.jpeg 300w\" sizes=\"auto, (max-width: 640px) 100vw, 640px\" \/><\/a><\/figure>\n\n\n\n<figure class=\"wp-block-image size-large\"><a href=\"https:\/\/www.industriekultur-krefeld.org\/wp-content\/uploads\/IMG_7422.jpeg\"><img loading=\"lazy\" decoding=\"async\" width=\"640\" height=\"480\" data-id=\"921\" src=\"https:\/\/www.industriekultur-krefeld.org\/wp-content\/uploads\/IMG_7422.jpeg\" alt=\"\" class=\"wp-image-921\" srcset=\"https:\/\/www.industriekultur-krefeld.org\/wp-content\/uploads\/IMG_7422.jpeg 640w, https:\/\/www.industriekultur-krefeld.org\/wp-content\/uploads\/IMG_7422-300x225.jpeg 300w\" sizes=\"auto, (max-width: 640px) 100vw, 640px\" \/><\/a><\/figure>\n\n\n\n<figure class=\"wp-block-image size-large\"><a href=\"https:\/\/www.industriekultur-krefeld.org\/wp-content\/uploads\/IMG_7421.jpeg\"><img loading=\"lazy\" decoding=\"async\" width=\"640\" height=\"480\" data-id=\"922\" src=\"https:\/\/www.industriekultur-krefeld.org\/wp-content\/uploads\/IMG_7421.jpeg\" alt=\"\" class=\"wp-image-922\" srcset=\"https:\/\/www.industriekultur-krefeld.org\/wp-content\/uploads\/IMG_7421.jpeg 640w, https:\/\/www.industriekultur-krefeld.org\/wp-content\/uploads\/IMG_7421-300x225.jpeg 300w\" sizes=\"auto, (max-width: 640px) 100vw, 640px\" \/><\/a><\/figure>\n\n\n\n<figure class=\"wp-block-image size-large\"><a href=\"https:\/\/www.industriekultur-krefeld.org\/wp-content\/uploads\/IMG_7420.jpeg\"><img loading=\"lazy\" decoding=\"async\" width=\"640\" height=\"480\" data-id=\"923\" src=\"https:\/\/www.industriekultur-krefeld.org\/wp-content\/uploads\/IMG_7420.jpeg\" alt=\"\" class=\"wp-image-923\" srcset=\"https:\/\/www.industriekultur-krefeld.org\/wp-content\/uploads\/IMG_7420.jpeg 640w, https:\/\/www.industriekultur-krefeld.org\/wp-content\/uploads\/IMG_7420-300x225.jpeg 300w\" sizes=\"auto, (max-width: 640px) 100vw, 640px\" \/><\/a><\/figure>\n<\/figure>\n\n\n\n<h2 class=\"wp-block-heading has-vivid-red-color has-text-color\">Mehr lesen<\/h2>\n\n\n\n<div class=\"wp-block-columns is-layout-flex wp-container-core-columns-is-layout-9d6595d7 wp-block-columns-is-layout-flex\">\n<div class=\"wp-block-column is-vertically-aligned-top is-layout-flow wp-block-column-is-layout-flow\">\n<figure class=\"wp-block-image size-large\"><a href=\"https:\/\/www.industriekultur-krefeld.org\"><img loading=\"lazy\" decoding=\"async\" width=\"685\" height=\"425\" src=\"https:\/\/www.industriekultur-krefeld.org\/wp-content\/uploads\/Logo_IK-KREFELD_2020.png\" alt=\"\" class=\"wp-image-549\" srcset=\"https:\/\/www.industriekultur-krefeld.org\/wp-content\/uploads\/Logo_IK-KREFELD_2020.png 685w, https:\/\/www.industriekultur-krefeld.org\/wp-content\/uploads\/Logo_IK-KREFELD_2020-300x186.png 300w\" sizes=\"auto, (max-width: 685px) 100vw, 685px\" \/><\/a><\/figure>\n<\/div>\n\n\n\n<div class=\"wp-block-column is-layout-flow wp-block-column-is-layout-flow\">\n<p><a href=\"https:\/\/www.industriekultur-krefeld.org\/index.php\/hoeherlegung-der-eisenbahn\/\" data-type=\"page\" data-id=\"543\">H\u00f6herlegung der Bahnlinien<\/a><\/p>\n\n\n\n<p><a href=\"https:\/\/www.industriekultur-krefeld.org\/index.php\/brotfabrik-produktiv-genossenschaft-niederrhein\/\" data-type=\"page\" data-id=\"665\">Brotfabrik der Produktiv-Genossenschaft Niederrhein<\/a><\/p>\n\n\n\n<p><a href=\"https:\/\/www.industriekultur-krefeld.org\/index.php\/schlagwort\/siedlungen\/\">Siedlungen in Krefeld<\/a><\/p>\n<\/div>\n<\/div>\n\n\n\n<h2 class=\"wp-block-heading has-vivid-red-color has-text-color\"><br><\/h2>\n\n\n\n<div class=\"wp-block-media-text alignwide is-vertically-aligned-top\"><figure class=\"wp-block-media-text__media\"><a href=\"http:\/\/www.rheinische-industriekultur.com\"><img loading=\"lazy\" decoding=\"async\" width=\"340\" height=\"275\" src=\"https:\/\/www.industriekultur-krefeld.org\/wp-content\/uploads\/Button-RI-on-2.png\" alt=\"\" class=\"wp-image-291 size-full\" srcset=\"https:\/\/www.industriekultur-krefeld.org\/wp-content\/uploads\/Button-RI-on-2.png 340w, https:\/\/www.industriekultur-krefeld.org\/wp-content\/uploads\/Button-RI-on-2-300x243.png 300w\" sizes=\"auto, (max-width: 340px) 100vw, 340px\" \/><\/a><\/figure><div class=\"wp-block-media-text__content\">\n<p><a href=\"https:\/\/www.rheinische-industriekultur.com\/seiten\/objekte\/orte\/krefeld\/objekte\/siedlung_ritterfeld.html\">Siedlung Ritterfeld<\/a><br>von Stephan Strau\u00df<\/p>\n\n\n\n<p><a href=\"https:\/\/www.rheinische-industriekultur.com\/seiten\/objekte\/orte\/krefeld\/objekte\/brueckenlandschaft_hauptbahnhof.html\">H\u00f6herlegung der Eisenbahnlinien, Br\u00fcckenlandschaft Hauptbahnhof<\/a><br>von Christoph Becker<\/p>\n\n\n\n<p><a href=\"https:\/\/www.rheinische-industriekultur.com\/seiten\/objekte\/orte\/krefeld\/objekte\/brotfabrik.html\">Brotfabrik der Produktivgenossenschaft Niederrhein<\/a><br>von Sabine Lepsky<\/p>\n\n\n\n<p class=\"has-normal-font-size\"><a href=\"https:\/\/www.rheinische-industriekultur.com\/seiten\/objekte\/orte\/krefeld\/objekte\/fabrik_heeder.html\">Heeder &amp; Co<\/a> <br>von Stephan Strau\u00df<\/p>\n\n\n\n<p class=\"has-normal-font-size\"><a href=\"https:\/\/www.rheinische-industriekultur.com\/seiten\/objekte\/orte\/krefeld\/objekte\/Krahnen_Gobbers.html\">Krahnen &amp; Kobers<\/a> <br>von Stephan Strau\u00df<\/p>\n<\/div><\/div>\n\n\n\n<p><\/p>\n","protected":false},"excerpt":{"rendered":"<p>Nach dem Ersten Weltkrieg galt es in Krefeld die Wohnungsnot zu lindern. 1921 wurde f\u00fcr die Stadtverwaltung der Plan zum Bau von etwa 300 Wohnungen von Architekt Franz Lorscheidt ausgearbeitet. Im zweite Bauabschnitt wurden spiegelbildlich angeordnete Mehrfamilienh\u00e4user von Erich B\u00f6ttger geplant. Sehenswert sind die Backsteintore an der Ritter- und der Siemensstra\u00dfe durch die Wege zum &hellip; <\/p>\n<p class=\"link-more\"><a href=\"https:\/\/www.industriekultur-krefeld.org\/index.php\/siedlung-ritterstrasse\/\" class=\"more-link\"><span class=\"screen-reader-text\">\u201eSiedlung Ritterfeld\u201c <\/span>weiterlesen<\/a><\/p>\n","protected":false},"author":1,"featured_media":4873,"parent":0,"menu_order":38,"comment_status":"open","ping_status":"closed","template":"","meta":{"footnotes":""},"categories":[7],"tags":[45,46,37],"class_list":["post-689","page","type-page","status-publish","has-post-thumbnail","hentry","category-krefeld-suedlich-der-bahnlinien","tag-siedlungen","tag-moderne","tag-gefaehrdet"],"_links":{"self":[{"href":"https:\/\/www.industriekultur-krefeld.org\/index.php\/wp-json\/wp\/v2\/pages\/689","targetHints":{"allow":["GET"]}}],"collection":[{"href":"https:\/\/www.industriekultur-krefeld.org\/index.php\/wp-json\/wp\/v2\/pages"}],"about":[{"href":"https:\/\/www.industriekultur-krefeld.org\/index.php\/wp-json\/wp\/v2\/types\/page"}],"author":[{"embeddable":true,"href":"https:\/\/www.industriekultur-krefeld.org\/index.php\/wp-json\/wp\/v2\/users\/1"}],"replies":[{"embeddable":true,"href":"https:\/\/www.industriekultur-krefeld.org\/index.php\/wp-json\/wp\/v2\/comments?post=689"}],"version-history":[{"count":42,"href":"https:\/\/www.industriekultur-krefeld.org\/index.php\/wp-json\/wp\/v2\/pages\/689\/revisions"}],"predecessor-version":[{"id":6928,"href":"https:\/\/www.industriekultur-krefeld.org\/index.php\/wp-json\/wp\/v2\/pages\/689\/revisions\/6928"}],"wp:featuredmedia":[{"embeddable":true,"href":"https:\/\/www.industriekultur-krefeld.org\/index.php\/wp-json\/wp\/v2\/media\/4873"}],"wp:attachment":[{"href":"https:\/\/www.industriekultur-krefeld.org\/index.php\/wp-json\/wp\/v2\/media?parent=689"}],"wp:term":[{"taxonomy":"category","embeddable":true,"href":"https:\/\/www.industriekultur-krefeld.org\/index.php\/wp-json\/wp\/v2\/categories?post=689"},{"taxonomy":"post_tag","embeddable":true,"href":"https:\/\/www.industriekultur-krefeld.org\/index.php\/wp-json\/wp\/v2\/tags?post=689"}],"curies":[{"name":"wp","href":"https:\/\/api.w.org\/{rel}","templated":true}]}}